{"version":"1.0","provider_name":"Mariazell in the Vienna Woods","provider_url":"https:\/\/www.mariazell-wienerwald.at\/en","author_name":"Thomas Aigner","author_url":"https:\/\/www.mariazell-wienerwald.at\/en\/author\/thomas-aigner\/","title":"Kamingespr\u00e4ch (ORF N\u00d6 - Radio-Ausstrahlung) - Mariazell im Wienerwald","type":"rich","width":600,"height":338,"html":"<blockquote class=\"wp-embedded-content\" data-secret=\"vUVRNyrfF8\"><a href=\"https:\/\/www.mariazell-wienerwald.at\/en\/veranstaltungen\/kamingespraech-orf-noe-radio-ausstrahlung\/\">Kamingespr\u00e4ch (ORF N\u00d6 &#8211; Radio-Ausstrahlung)<\/a><\/blockquote><iframe sandbox=\"allow-scripts\" security=\"restricted\" src=\"https:\/\/www.mariazell-wienerwald.at\/en\/veranstaltungen\/kamingespraech-orf-noe-radio-ausstrahlung\/embed\/#?secret=vUVRNyrfF8\" width=\"600\" height=\"338\" title=\"&#8220;Kamingespr\u00e4ch (ORF N\u00d6 &#8211; Radio-Ausstrahlung)&#8221; &#8212; Mariazell im Wienerwald\" data-secret=\"vUVRNyrfF8\" frameborder=\"0\" marginwidth=\"0\" marginheight=\"0\" scrolling=\"no\" class=\"wp-embedded-content\"><\/iframe><script type=\"text\/javascript\">\n\/* <![CDATA[ *\/\n\/*! This file is auto-generated *\/\n!function(d,l){\"use strict\";l.querySelector&&d.addEventListener&&\"undefined\"!=typeof URL&&(d.wp=d.wp||{},d.wp.receiveEmbedMessage||(d.wp.receiveEmbedMessage=function(e){var t=e.data;if((t||t.secret||t.message||t.value)&&!\/[^a-zA-Z0-9]\/.test(t.secret)){for(var s,r,n,a=l.querySelectorAll('iframe[data-secret=\"'+t.secret+'\"]'),o=l.querySelectorAll('blockquote[data-secret=\"'+t.secret+'\"]'),c=new RegExp(\"^https?:$\",\"i\"),i=0;i<o.length;i++)o[i].style.display=\"none\";for(i=0;i<a.length;i++)s=a[i],e.source===s.contentWindow&&(s.removeAttribute(\"style\"),\"height\"===t.message?(1e3<(r=parseInt(t.value,10))?r=1e3:~~r<200&&(r=200),s.height=r):\"link\"===t.message&&(r=new URL(s.getAttribute(\"src\")),n=new URL(t.value),c.test(n.protocol))&&n.host===r.host&&l.activeElement===s&&(d.top.location.href=t.value))}},d.addEventListener(\"message\",d.wp.receiveEmbedMessage,!1),l.addEventListener(\"DOMContentLoaded\",function(){for(var e,t,s=l.querySelectorAll(\"iframe.wp-embedded-content\"),r=0;r<s.length;r++)(t=(e=s[r]).getAttribute(\"data-secret\"))||(t=Math.random().toString(36).substring(2,12),e.src+=\"#?secret=\"+t,e.setAttribute(\"data-secret\",t)),e.contentWindow.postMessage({message:\"ready\",secret:t},\"*\")},!1)))}(window,document);\n\/* ]]> *\/\n<\/script>","thumbnail_url":"https:\/\/www.mariazell-wienerwald.at\/wp-content\/uploads\/2023\/02\/22AMI_KRNOe_06_Kamingespraeche_Screen_1920x1080px6.jpg","thumbnail_width":1920,"thumbnail_height":1080,"description":"Das dritte Gespr\u00e4ch des Jahres aus der Reihe \u201eKamingespr\u00e4che \u2013 Themen, die bewegen\u201c der Kultur.Region.Nieder\u00f6sterreich bringt Thomas Aigner, Kristina Sprenger und Matthias Schorn zusammen. Sie sprechen am 8. M\u00e4rz im Kulturbahnhof Altenmarkt-Thenneberg \u00fcber \u201eZukunft Region \u2013 Wie Weltb\u00fcrger ihre Heimat gestalten\u201c. Moderiert wird in bew\u00e4hrter Weise von Michael Battisti vom ORF Nieder\u00f6sterreich. &nbsp; Drei Pers\u00f6nlichkeiten, [&hellip;]"}