{"id":2631,"date":"2020-05-02T12:20:20","date_gmt":"2020-05-02T10:20:20","guid":{"rendered":"https:\/\/www.mariazell-wienerwald.at\/?post_type=ajde_events&#038;p=2631"},"modified":"2020-10-05T14:35:34","modified_gmt":"2020-10-05T12:35:34","slug":"buchpraesentation-hoffen-auf-die-ewigkeit-gruendung-und-entfaltung-des-benediktinerklosters-klein-mariazell-im-12-und-13-jh","status":"publish","type":"ajde_events","link":"https:\/\/www.mariazell-wienerwald.at\/en\/veranstaltungen\/buchpraesentation-hoffen-auf-die-ewigkeit-gruendung-und-entfaltung-des-benediktinerklosters-klein-mariazell-im-12-und-13-jh\/","title":{"rendered":"Buchpr\u00e4sentation &#8222;Hoffen auf die Ewigkeit &#8211; Gr\u00fcndung und Entfaltung des Benediktinerklosters (Klein-) Mariazell im 12. und 13. Jh.&#8220;"},"content":{"rendered":"<p>&nbsp;<\/p>\n<h4><a href=\"https:\/\/youtu.be\/Q7-D623N7bg\" target=\"_blank\" rel=\"noopener noreferrer\">VIDEO-AUFZEICHNUNG<\/a><\/h4>\n<h1><b><i>In der Hoffnung auf die Ewigkeit \u2026<\/i><\/b><\/h1>\n<p><i>\u00a0<\/i><b><i>\u2026 stifteten um 1120 zwei Adelige das Kloster der Cella S. Marie im s\u00fcdlichen Wienerwald <\/i><\/b>(abgewandeltes Zitat aus der Stiftungsurkunde, angeblich 1136).<\/p>\n<p>Insgesamt 19 Expertinnen und Experten aus unterschiedlichen Wissenschaftsdisziplinen machen sich auf eine Spurensuche nach Gr\u00fcndung und Entfaltung eines der \u00e4ltesten Benediktinerkl\u00f6ster Nieder\u00f6sterreichs<\/p>\n<p>In historischen Dokumenten, die sie teilweise als F\u00e4lschungen entlarven, in musikalischen Pergamentfragmenten, in Handschriftensammlungen verschiedener Bibliotheken, in arch\u00e4ologischen Grabungen oder noch vorhandenen Baulichkeiten; ja sogar die Analyse noch gebr\u00e4uchlicher Flur- und Patroziniennamen sowie Siedlungsformen l\u00e4sst sie vordringen in f\u00fcr uns heute ferne Zeiten.<\/p>\n<p>So entsteht ein an neuen Erkenntnissen reiches Bild einer Epoche, die f\u00fcr die Werdung des Landes ganz entscheidend war und bei der das Kloster (Klein-) Mariazell ein gewaltiges W\u00f6rtchen mitzureden hatte. Als geistliches Zentrum und Motor der Kolonisierung pr\u00e4gte es von da an die Entwicklung der Region (Gemeinden Altenmarkt und Kaumberg) \u00fcber Jahrhunderte n\u00e4mlich ganz entscheidend.<\/p>\n<p style=\"padding-left: 80px;\"><b>\u00bb F\u00e4lschungen, Fragmente und neue Erkenntnisse <\/b><\/p>\n<p style=\"padding-left: 80px;\"><b>\u00bb Ein geistliches Zentrum und Motor der Kolonisierung <\/b><\/p>\n<p style=\"padding-left: 80px;\"><b>\u00bb Entstehung der Siedlungen und Bauernh\u00f6fe in der Region<\/b><\/p>\n<p style=\"padding-left: 80px;\"><b>\u00bb Was steckt hinter Legenden und Mythen? <\/b><\/p>\n<p style=\"padding-left: 80px;\"><b>\u00bb War Leopold III. wirklich der Gr\u00fcnder von (Klein-) Mariazell?<\/b><\/p>\n<p>&#8212;&#8212;&#8212;&#8212;&#8212;&#8212;&#8212;&#8212;&#8212;&#8212;&#8212;&#8212;&#8212;&#8212;&#8212;&#8212;&#8212;&#8212;&#8212;&#8212;&#8212;&#8212;&#8212;&#8212;&#8212;&#8212;&#8212;&#8212;&#8212;-<\/p>\n<p>ISBN 978-3-99024-862-1, 21 x 21 cm, 504 Seiten, gebunden<\/p>\n<p><b>\u00a0<\/b><b>GRATIS<\/b><b> im Fall eines <a href=\"https:\/\/www.mariazell-wienerwald.at\/en\/unterstuetzen-sie-uns\/\" target=\"_blank\" rel=\"noopener noreferrer\">Beitritts zum Verein Mariazell im Wienerwald<\/a><\/b><\/p>\n<p>(ab \u20ac 30,00 im Jahr) oder <b>\u20ac 39,90 <\/b>im Einzelverkauf<\/p>\n<p>Bestellung unter <b>0660 \/ 762 16 57<\/b> oder <a href=\"https:\/\/www.mariazell-wienerwald.at\/en\/klosterladen\/produkte-neu\/bucher\/hoffen-auf-die-ewigkeit\/\" target=\"_blank\" rel=\"noopener noreferrer\"><strong>in unserem Webshop.<\/strong><\/a><\/p>\n<p><a href=\"https:\/\/www.mariazell-wienerwald.at\/wp-content\/uploads\/2020\/05\/update_einladung-KRAL-hoffen-auf-die-ewigkeit-2020.pdf\" target=\"_blank\" rel=\"noopener noreferrer\"><strong>Download Einladung<\/strong><\/a><\/p>\n<p><a href=\"https:\/\/www.mariazell-wienerwald.at\/wp-content\/uploads\/2020\/05\/update_einladung-KRAL-hoffen-auf-die-ewigkeit-2020.pdf\"><img fetchpriority=\"high\" decoding=\"async\" class=\"alignnone wp-image-3438 size-large\" src=\"https:\/\/www.mariazell-wienerwald.at\/wp-content\/uploads\/2020\/05\/Einladung_innen-1024x720.jpg\" alt=\"\" width=\"1024\" height=\"720\" srcset=\"https:\/\/www.mariazell-wienerwald.at\/wp-content\/uploads\/2020\/05\/Einladung_innen-1024x720.jpg 1024w, https:\/\/www.mariazell-wienerwald.at\/wp-content\/uploads\/2020\/05\/Einladung_innen-300x211.jpg 300w, https:\/\/www.mariazell-wienerwald.at\/wp-content\/uploads\/2020\/05\/Einladung_innen-768x540.jpg 768w, https:\/\/www.mariazell-wienerwald.at\/wp-content\/uploads\/2020\/05\/Einladung_innen-1536x1080.jpg 1536w, https:\/\/www.mariazell-wienerwald.at\/wp-content\/uploads\/2020\/05\/Einladung_innen-2048x1440.jpg 2048w, https:\/\/www.mariazell-wienerwald.at\/wp-content\/uploads\/2020\/05\/Einladung_innen-600x422.jpg 600w\" sizes=\"(max-width: 1024px) 100vw, 1024px\" \/><\/a><\/p>","protected":false},"author":3,"featured_media":3439,"menu_order":0,"comment_status":"open","ping_status":"closed","template":"","meta":{"_acf_changed":false},"tags":[],"event_type":[20,19,33,27,22,30,23],"event_type_2":[],"class_list":["post-2631","ajde_events","type-ajde_events","status-publish","has-post-thumbnail","hentry","event_location-basilika-klein-mariazell","event_type-kirchenfuehrung","event_type-kulturhistorische-wanderungen","event_type-kulturstammtische","event_type-museen-und-themenwege","event_type-musik-theater","event_type-versammlung","event_type-waldpaedagogik"],"acf":[],"yoast_head":"<!-- This site is optimized with the Yoast SEO plugin v23.1 - https:\/\/yoast.com\/wordpress\/plugins\/seo\/ -->\n<title>Buchpr\u00e4sentation &quot;Hoffen auf die Ewigkeit - Gr\u00fcndung und Entfaltung des Benediktinerklosters (Klein-) Mariazell im 12. und 13. Jh.&quot; - Mariazell im Wienerwald<\/title>\n<meta name=\"robots\" content=\"index, follow, max-snippet:-1, max-image-preview:large, max-video-preview:-1\" \/>\n<link rel=\"canonical\" href=\"https:\/\/www.mariazell-wienerwald.at\/en\/veranstaltungen\/buchpraesentation-hoffen-auf-die-ewigkeit-gruendung-und-entfaltung-des-benediktinerklosters-klein-mariazell-im-12-und-13-jh\/\" \/>\n<meta property=\"og:locale\" content=\"en_US\" \/>\n<meta property=\"og:type\" content=\"article\" \/>\n<meta property=\"og:title\" content=\"Buchpr\u00e4sentation &quot;Hoffen auf die Ewigkeit - Gr\u00fcndung und Entfaltung des Benediktinerklosters (Klein-) Mariazell im 12. und 13. Jh.&quot; - Mariazell im Wienerwald\" \/>\n<meta property=\"og:description\" content=\"&nbsp; VIDEO-AUFZEICHNUNG In der Hoffnung auf die Ewigkeit \u2026 \u00a0\u2026 stifteten um 1120 zwei Adelige das Kloster der Cella S. Marie im s\u00fcdlichen Wienerwald (abgewandeltes Zitat aus der Stiftungsurkunde, angeblich 1136). Insgesamt 19 Expertinnen und Experten aus unterschiedlichen Wissenschaftsdisziplinen machen sich auf eine Spurensuche nach Gr\u00fcndung und Entfaltung eines der \u00e4ltesten Benediktinerkl\u00f6ster Nieder\u00f6sterreichs In historischen [&hellip;]\" \/>\n<meta property=\"og:url\" content=\"https:\/\/www.mariazell-wienerwald.at\/en\/veranstaltungen\/buchpraesentation-hoffen-auf-die-ewigkeit-gruendung-und-entfaltung-des-benediktinerklosters-klein-mariazell-im-12-und-13-jh\/\" \/>\n<meta property=\"og:site_name\" content=\"Mariazell im Wienerwald\" \/>\n<meta property=\"article:modified_time\" content=\"2020-10-05T12:35:34+00:00\" \/>\n<meta property=\"og:image\" content=\"https:\/\/www.mariazell-wienerwald.at\/wp-content\/uploads\/2020\/05\/Einladung_vorne.jpg\" \/>\n\t<meta property=\"og:image:width\" content=\"2152\" \/>\n\t<meta property=\"og:image:height\" content=\"1526\" \/>\n\t<meta property=\"og:image:type\" content=\"image\/jpeg\" \/>\n<meta name=\"twitter:card\" content=\"summary_large_image\" \/>\n<meta name=\"twitter:label1\" content=\"Est. reading time\" \/>\n\t<meta name=\"twitter:data1\" content=\"1 minute\" \/>\n<script type=\"application\/ld+json\" class=\"yoast-schema-graph\">{\"@context\":\"https:\/\/schema.org\",\"@graph\":[{\"@type\":\"WebPage\",\"@id\":\"https:\/\/www.mariazell-wienerwald.at\/veranstaltungen\/buchpraesentation-hoffen-auf-die-ewigkeit-gruendung-und-entfaltung-des-benediktinerklosters-klein-mariazell-im-12-und-13-jh\/\",\"url\":\"https:\/\/www.mariazell-wienerwald.at\/veranstaltungen\/buchpraesentation-hoffen-auf-die-ewigkeit-gruendung-und-entfaltung-des-benediktinerklosters-klein-mariazell-im-12-und-13-jh\/\",\"name\":\"Buchpr\u00e4sentation \\\"Hoffen auf die Ewigkeit - Gr\u00fcndung und Entfaltung des Benediktinerklosters (Klein-) Mariazell im 12. und 13. Jh.\\\" - Mariazell im Wienerwald\",\"isPartOf\":{\"@id\":\"https:\/\/www.mariazell-wienerwald.at\/#website\"},\"primaryImageOfPage\":{\"@id\":\"https:\/\/www.mariazell-wienerwald.at\/veranstaltungen\/buchpraesentation-hoffen-auf-die-ewigkeit-gruendung-und-entfaltung-des-benediktinerklosters-klein-mariazell-im-12-und-13-jh\/#primaryimage\"},\"image\":{\"@id\":\"https:\/\/www.mariazell-wienerwald.at\/veranstaltungen\/buchpraesentation-hoffen-auf-die-ewigkeit-gruendung-und-entfaltung-des-benediktinerklosters-klein-mariazell-im-12-und-13-jh\/#primaryimage\"},\"thumbnailUrl\":\"https:\/\/www.mariazell-wienerwald.at\/wp-content\/uploads\/2020\/05\/Einladung_vorne.jpg\",\"datePublished\":\"2020-05-02T10:20:20+00:00\",\"dateModified\":\"2020-10-05T12:35:34+00:00\",\"breadcrumb\":{\"@id\":\"https:\/\/www.mariazell-wienerwald.at\/veranstaltungen\/buchpraesentation-hoffen-auf-die-ewigkeit-gruendung-und-entfaltung-des-benediktinerklosters-klein-mariazell-im-12-und-13-jh\/#breadcrumb\"},\"inLanguage\":\"en-US\",\"potentialAction\":[{\"@type\":\"ReadAction\",\"target\":[\"https:\/\/www.mariazell-wienerwald.at\/veranstaltungen\/buchpraesentation-hoffen-auf-die-ewigkeit-gruendung-und-entfaltung-des-benediktinerklosters-klein-mariazell-im-12-und-13-jh\/\"]}]},{\"@type\":\"ImageObject\",\"inLanguage\":\"en-US\",\"@id\":\"https:\/\/www.mariazell-wienerwald.at\/veranstaltungen\/buchpraesentation-hoffen-auf-die-ewigkeit-gruendung-und-entfaltung-des-benediktinerklosters-klein-mariazell-im-12-und-13-jh\/#primaryimage\",\"url\":\"https:\/\/www.mariazell-wienerwald.at\/wp-content\/uploads\/2020\/05\/Einladung_vorne.jpg\",\"contentUrl\":\"https:\/\/www.mariazell-wienerwald.at\/wp-content\/uploads\/2020\/05\/Einladung_vorne.jpg\",\"width\":2152,\"height\":1526},{\"@type\":\"BreadcrumbList\",\"@id\":\"https:\/\/www.mariazell-wienerwald.at\/veranstaltungen\/buchpraesentation-hoffen-auf-die-ewigkeit-gruendung-und-entfaltung-des-benediktinerklosters-klein-mariazell-im-12-und-13-jh\/#breadcrumb\",\"itemListElement\":[{\"@type\":\"ListItem\",\"position\":1,\"name\":\"Startseite\",\"item\":\"https:\/\/www.mariazell-wienerwald.at\/\"},{\"@type\":\"ListItem\",\"position\":2,\"name\":\"Events\",\"item\":\"http:\/\/www.mariazell-wienerwald.at\/en\/veranstaltungen\/\"},{\"@type\":\"ListItem\",\"position\":3,\"name\":\"Buchpr\u00e4sentation &#8222;Hoffen auf die Ewigkeit &#8211; Gr\u00fcndung und Entfaltung des Benediktinerklosters (Klein-) Mariazell im 12. und 13. Jh.&#8220;\"}]},{\"@type\":\"WebSite\",\"@id\":\"https:\/\/www.mariazell-wienerwald.at\/#website\",\"url\":\"https:\/\/www.mariazell-wienerwald.at\/\",\"name\":\"Mariazell im Wienerwald\",\"description\":\"\",\"potentialAction\":[{\"@type\":\"SearchAction\",\"target\":{\"@type\":\"EntryPoint\",\"urlTemplate\":\"https:\/\/www.mariazell-wienerwald.at\/?s={search_term_string}\"},\"query-input\":\"required name=search_term_string\"}],\"inLanguage\":\"en-US\"}]}<\/script>\n<!-- \/ Yoast SEO plugin. -->","yoast_head_json":{"title":"Buchpr\u00e4sentation \"Hoffen auf die Ewigkeit - Gr\u00fcndung und Entfaltung des Benediktinerklosters (Klein-) Mariazell im 12. und 13. Jh.\" - Mariazell im Wienerwald","robots":{"index":"index","follow":"follow","max-snippet":"max-snippet:-1","max-image-preview":"max-image-preview:large","max-video-preview":"max-video-preview:-1"},"canonical":"https:\/\/www.mariazell-wienerwald.at\/en\/veranstaltungen\/buchpraesentation-hoffen-auf-die-ewigkeit-gruendung-und-entfaltung-des-benediktinerklosters-klein-mariazell-im-12-und-13-jh\/","og_locale":"en_US","og_type":"article","og_title":"Buchpr\u00e4sentation \"Hoffen auf die Ewigkeit - Gr\u00fcndung und Entfaltung des Benediktinerklosters (Klein-) Mariazell im 12. und 13. Jh.\" - Mariazell im Wienerwald","og_description":"&nbsp; VIDEO-AUFZEICHNUNG In der Hoffnung auf die Ewigkeit \u2026 \u00a0\u2026 stifteten um 1120 zwei Adelige das Kloster der Cella S. Marie im s\u00fcdlichen Wienerwald (abgewandeltes Zitat aus der Stiftungsurkunde, angeblich 1136). Insgesamt 19 Expertinnen und Experten aus unterschiedlichen Wissenschaftsdisziplinen machen sich auf eine Spurensuche nach Gr\u00fcndung und Entfaltung eines der \u00e4ltesten Benediktinerkl\u00f6ster Nieder\u00f6sterreichs In historischen [&hellip;]","og_url":"https:\/\/www.mariazell-wienerwald.at\/en\/veranstaltungen\/buchpraesentation-hoffen-auf-die-ewigkeit-gruendung-und-entfaltung-des-benediktinerklosters-klein-mariazell-im-12-und-13-jh\/","og_site_name":"Mariazell im Wienerwald","article_modified_time":"2020-10-05T12:35:34+00:00","og_image":[{"width":2152,"height":1526,"url":"https:\/\/www.mariazell-wienerwald.at\/wp-content\/uploads\/2020\/05\/Einladung_vorne.jpg","type":"image\/jpeg"}],"twitter_card":"summary_large_image","twitter_misc":{"Est. reading time":"1 minute"},"schema":{"@context":"https:\/\/schema.org","@graph":[{"@type":"WebPage","@id":"https:\/\/www.mariazell-wienerwald.at\/veranstaltungen\/buchpraesentation-hoffen-auf-die-ewigkeit-gruendung-und-entfaltung-des-benediktinerklosters-klein-mariazell-im-12-und-13-jh\/","url":"https:\/\/www.mariazell-wienerwald.at\/veranstaltungen\/buchpraesentation-hoffen-auf-die-ewigkeit-gruendung-und-entfaltung-des-benediktinerklosters-klein-mariazell-im-12-und-13-jh\/","name":"Buchpr\u00e4sentation \"Hoffen auf die Ewigkeit - Gr\u00fcndung und Entfaltung des Benediktinerklosters (Klein-) Mariazell im 12. und 13. Jh.\" - Mariazell im Wienerwald","isPartOf":{"@id":"https:\/\/www.mariazell-wienerwald.at\/#website"},"primaryImageOfPage":{"@id":"https:\/\/www.mariazell-wienerwald.at\/veranstaltungen\/buchpraesentation-hoffen-auf-die-ewigkeit-gruendung-und-entfaltung-des-benediktinerklosters-klein-mariazell-im-12-und-13-jh\/#primaryimage"},"image":{"@id":"https:\/\/www.mariazell-wienerwald.at\/veranstaltungen\/buchpraesentation-hoffen-auf-die-ewigkeit-gruendung-und-entfaltung-des-benediktinerklosters-klein-mariazell-im-12-und-13-jh\/#primaryimage"},"thumbnailUrl":"https:\/\/www.mariazell-wienerwald.at\/wp-content\/uploads\/2020\/05\/Einladung_vorne.jpg","datePublished":"2020-05-02T10:20:20+00:00","dateModified":"2020-10-05T12:35:34+00:00","breadcrumb":{"@id":"https:\/\/www.mariazell-wienerwald.at\/veranstaltungen\/buchpraesentation-hoffen-auf-die-ewigkeit-gruendung-und-entfaltung-des-benediktinerklosters-klein-mariazell-im-12-und-13-jh\/#breadcrumb"},"inLanguage":"en-US","potentialAction":[{"@type":"ReadAction","target":["https:\/\/www.mariazell-wienerwald.at\/veranstaltungen\/buchpraesentation-hoffen-auf-die-ewigkeit-gruendung-und-entfaltung-des-benediktinerklosters-klein-mariazell-im-12-und-13-jh\/"]}]},{"@type":"ImageObject","inLanguage":"en-US","@id":"https:\/\/www.mariazell-wienerwald.at\/veranstaltungen\/buchpraesentation-hoffen-auf-die-ewigkeit-gruendung-und-entfaltung-des-benediktinerklosters-klein-mariazell-im-12-und-13-jh\/#primaryimage","url":"https:\/\/www.mariazell-wienerwald.at\/wp-content\/uploads\/2020\/05\/Einladung_vorne.jpg","contentUrl":"https:\/\/www.mariazell-wienerwald.at\/wp-content\/uploads\/2020\/05\/Einladung_vorne.jpg","width":2152,"height":1526},{"@type":"BreadcrumbList","@id":"https:\/\/www.mariazell-wienerwald.at\/veranstaltungen\/buchpraesentation-hoffen-auf-die-ewigkeit-gruendung-und-entfaltung-des-benediktinerklosters-klein-mariazell-im-12-und-13-jh\/#breadcrumb","itemListElement":[{"@type":"ListItem","position":1,"name":"Startseite","item":"https:\/\/www.mariazell-wienerwald.at\/"},{"@type":"ListItem","position":2,"name":"Events","item":"http:\/\/www.mariazell-wienerwald.at\/en\/veranstaltungen\/"},{"@type":"ListItem","position":3,"name":"Buchpr\u00e4sentation &#8222;Hoffen auf die Ewigkeit &#8211; Gr\u00fcndung und Entfaltung des Benediktinerklosters (Klein-) Mariazell im 12. und 13. Jh.&#8220;"}]},{"@type":"WebSite","@id":"https:\/\/www.mariazell-wienerwald.at\/#website","url":"https:\/\/www.mariazell-wienerwald.at\/","name":"Mariazell im Wienerwald","description":"","potentialAction":[{"@type":"SearchAction","target":{"@type":"EntryPoint","urlTemplate":"https:\/\/www.mariazell-wienerwald.at\/?s={search_term_string}"},"query-input":"required name=search_term_string"}],"inLanguage":"en-US"}]}},"_links":{"self":[{"href":"https:\/\/www.mariazell-wienerwald.at\/en\/wp-json\/wp\/v2\/ajde_events\/2631"}],"collection":[{"href":"https:\/\/www.mariazell-wienerwald.at\/en\/wp-json\/wp\/v2\/ajde_events"}],"about":[{"href":"https:\/\/www.mariazell-wienerwald.at\/en\/wp-json\/wp\/v2\/types\/ajde_events"}],"author":[{"embeddable":true,"href":"https:\/\/www.mariazell-wienerwald.at\/en\/wp-json\/wp\/v2\/users\/3"}],"replies":[{"embeddable":true,"href":"https:\/\/www.mariazell-wienerwald.at\/en\/wp-json\/wp\/v2\/comments?post=2631"}],"wp:featuredmedia":[{"embeddable":true,"href":"https:\/\/www.mariazell-wienerwald.at\/en\/wp-json\/wp\/v2\/media\/3439"}],"wp:attachment":[{"href":"https:\/\/www.mariazell-wienerwald.at\/en\/wp-json\/wp\/v2\/media?parent=2631"}],"wp:term":[{"taxonomy":"post_tag","embeddable":true,"href":"https:\/\/www.mariazell-wienerwald.at\/en\/wp-json\/wp\/v2\/tags?post=2631"},{"taxonomy":"event_type","embeddable":true,"href":"https:\/\/www.mariazell-wienerwald.at\/en\/wp-json\/wp\/v2\/event_type?post=2631"},{"taxonomy":"event_type_2","embeddable":true,"href":"https:\/\/www.mariazell-wienerwald.at\/en\/wp-json\/wp\/v2\/event_type_2?post=2631"}],"curies":[{"name":"wp","href":"https:\/\/api.w.org\/{rel}","templated":true}]}}