{"id":3839,"date":"2020-11-29T16:55:43","date_gmt":"2020-11-29T15:55:43","guid":{"rendered":"https:\/\/www.mariazell-wienerwald.at\/?post_type=ajde_events&#038;p=3839"},"modified":"2020-12-03T19:43:24","modified_gmt":"2020-12-03T18:43:24","slug":"talk-show-brunner","status":"publish","type":"ajde_events","link":"https:\/\/www.mariazell-wienerwald.at\/en\/veranstaltungen\/talk-show-brunner\/","title":{"rendered":"Ein Land entsteht!"},"content":{"rendered":"<h3><img fetchpriority=\"high\" decoding=\"async\" class=\"size-medium wp-image-3834 alignleft\" src=\"https:\/\/www.mariazell-wienerwald.at\/wp-content\/uploads\/2020\/11\/csm_Brunner_Karl_2ab6491dc1-225x300.jpg\" alt=\"\" width=\"225\" height=\"300\" srcset=\"https:\/\/www.mariazell-wienerwald.at\/wp-content\/uploads\/2020\/11\/csm_Brunner_Karl_2ab6491dc1-225x300.jpg 225w, https:\/\/www.mariazell-wienerwald.at\/wp-content\/uploads\/2020\/11\/csm_Brunner_Karl_2ab6491dc1-768x1025.jpg 768w, https:\/\/www.mariazell-wienerwald.at\/wp-content\/uploads\/2020\/11\/csm_Brunner_Karl_2ab6491dc1-9x12.jpg 9w, https:\/\/www.mariazell-wienerwald.at\/wp-content\/uploads\/2020\/11\/csm_Brunner_Karl_2ab6491dc1-600x800.jpg 600w, https:\/\/www.mariazell-wienerwald.at\/wp-content\/uploads\/2020\/11\/csm_Brunner_Karl_2ab6491dc1.jpg 847w\" sizes=\"(max-width: 225px) 100vw, 225px\" \/><\/h3>\n<h3><strong>Ein Land entsteht!<\/strong><\/h3>\n<h3><strong>Der politische Rahmen der Klostergr\u00fcndung im 11.\/12. Jh., <em>mit Univ.-Prof. Dr. Karl Brunner<\/em><\/strong><\/h3>\n<p><em>Die Babenbergermark wird zum Land, Verkehrswege entstehen, Machtbereiche definieren sich neu, das Land wird mit Siedlungen druchdrungen. Im s\u00fcdlichen Wienerwald lassen sich adelige Geschlechter nieder, die die Kolonisierung vorantreiben und ein Kloster gr\u00fcnden. Welche Rollen spielten die Babenberger dabei? Was hat Leopold III. damit tats\u00e4chlich zu tun? Diese noch viel mehr Fragen werden Thema dieser Talk-Show sein.<\/em><\/p>\n<p>Karl BRUNNER, Univ. Prof. i. R., Dr., war Professor f\u00fcr mittelalterliche Geschichte und Historische Hilfswissenschaften, Direktor des Instituts f\u00fcr Realienkunde des Mittelalters und der fr\u00fchen Neuzeit in Krems und des Instituts f\u00fcr \u00d6sterreichische Geschichtsforschung an der Universit\u00e4t Wien, Leitung mehrerer Landesausstellungen in Ober- und Nieder\u00f6sterreich, neben reichem wissenschaftlichem Werk auch popul\u00e4rwissenschaftliche Publikationen, Forschungsschwerpunkt: Kulturgeschichte.<\/p>\n<p><strong><a href=\"https:\/\/us02web.zoom.us\/wc\/2342479917\/join\" target=\"_blank\" rel=\"noopener noreferrer\">Teilnahmelink<\/a><\/strong>\u00a0(keine Installation von Programmen notwendig, 1. Namen eingeben, Eingaben folgen, 2. Links unten &#8222;Audio&#8220; beitreten, 3. Per Computer an Audio teilnehmen)<\/p>\n<p><strong>oder <a href=\"https:\/\/us02web.zoom.us\/j\/2342479917\/\" target=\"_blank\" rel=\"noopener noreferrer\">Teilnahmelink<\/a><\/strong> (ZOOM installieren)<\/p>\n<h3><\/h3>\n<p>&nbsp;<\/p>\n<h3>Online-Gespr\u00e4chsserie &#8222;Hoffen auf die Ewigkeit&#8220;<\/h3>\n<p>&nbsp;<\/p>\n<h2><a href=\"https:\/\/www.mariazell-wienerwald.at\/en\/klosterladen\/produkte-neu\/bucher\/hoffen-auf-die-ewigkeit\/\"><img decoding=\"async\" class=\"wp-image-3263 alignleft\" src=\"https:\/\/www.mariazell-wienerwald.at\/wp-content\/uploads\/2020\/07\/HoffenaufdieEwigkeit_Titel-296x300.jpg\" alt=\"\" width=\"193\" height=\"195\" srcset=\"https:\/\/www.mariazell-wienerwald.at\/wp-content\/uploads\/2020\/07\/HoffenaufdieEwigkeit_Titel-296x300.jpg 296w, https:\/\/www.mariazell-wienerwald.at\/wp-content\/uploads\/2020\/07\/HoffenaufdieEwigkeit_Titel-1010x1024.jpg 1010w, https:\/\/www.mariazell-wienerwald.at\/wp-content\/uploads\/2020\/07\/HoffenaufdieEwigkeit_Titel-768x779.jpg 768w, https:\/\/www.mariazell-wienerwald.at\/wp-content\/uploads\/2020\/07\/HoffenaufdieEwigkeit_Titel-600x609.jpg 600w, https:\/\/www.mariazell-wienerwald.at\/wp-content\/uploads\/2020\/07\/HoffenaufdieEwigkeit_Titel-100x100.jpg 100w, https:\/\/www.mariazell-wienerwald.at\/wp-content\/uploads\/2020\/07\/HoffenaufdieEwigkeit_Titel.jpg 1189w\" sizes=\"(max-width: 193px) 100vw, 193px\" \/><\/a><\/h2>\n<p>Das im Oktober dieses Jahres erschienene Buch <strong><a href=\"https:\/\/www.mariazell-wienerwald.at\/en\/klosterladen\/produkte-neu\/bucher\/hoffen-auf-die-ewigkeit\/\" target=\"_blank\" rel=\"noopener noreferrer\">&#8222;Hoffen auf die Ewigkeit&#8220;<\/a><\/strong> vereint 28 Beitr\u00e4ge namhafter Forscherinnen und Forscher zu einer der faszinierendsten Epochen in der Geschichte unseres Landes.<\/p>\n<p><em><strong>In den Aufs\u00e4tzen wurden l\u00e4ngst nicht alle offenen Fragen beantwortet, vieles wird auch offen bleiben und weiterhin f\u00fcr Diskussionen sorgen.<br \/>\n<\/strong><\/em><\/p>\n<p>Der Herausgeber des Buches, Dr. Thomas Aigner, blickt mit einzelnen AutorInnen hinter die Kulissen ihrer Arbeit &#8211; <strong>kontroversielle Themen werden angesprochen, offene Fragen diskutiert, spannende neue Einblicke gew\u00e4hrt.<\/strong><\/p>\n<p>In Form von kurzweiligen, unterhaltsamen Talk-Shows von 20 bis 30 Minuten sollen so spannende Diskussionen zwischen ExpertInnen und Herausgeber, im Anschluss aber auch mit interessierten TeilnehmerInnen entstehen k\u00f6nnen &#8211; <strong>Geschichtsforschung ganz hautnah also!<\/strong><\/p>\n<p>Die Gespr\u00e4chsreihe findet von <strong>4. bis 18. Dezember 2020 jeweils freitags von 18.00 bis 19.00 Uhr<\/strong> mit vorerst 3 Talk-Shows online via ZOOM statt.<\/p>\n<p>Eine Fortsetzung ist f\u00fcr J\u00e4nner\/Februar n\u00e4chsten Jahres geplant.<\/p>\n<p><a href=\"https:\/\/www.mariazell-wienerwald.at\/en\/klosterladen\/produkte-neu\/bucher\/hoffen-auf-die-ewigkeit\/\" target=\"_blank\" rel=\"noopener noreferrer\"><strong>N\u00e4heres zum Buch und Bestellung<\/strong><\/a><br \/>\n(gratis im Fall eines Beitritts zum Verein &#8222;Mariazell im Wienerwald&#8220; &#8211; <a href=\"https:\/\/www.mariazell-wienerwald.at\/en\/unterstuetzen-sie-uns\/mitglied\/\" target=\"_blank\" rel=\"noopener noreferrer\"><strong>n\u00e4here Infos<\/strong><\/a>)<\/p>\n<p style=\"text-align: right;\">In Kooperation mit: \u00a0\u00a0 <a href=\"https:\/\/www.icar-us.eu\/icarus4all\/\"><img decoding=\"async\" class=\"alignnone wp-image-3871\" src=\"https:\/\/www.mariazell-wienerwald.at\/wp-content\/uploads\/2020\/11\/ICARUS4all_Logo_CMYK-300x201.jpg\" alt=\"\" width=\"139\" height=\"93\" srcset=\"https:\/\/www.mariazell-wienerwald.at\/wp-content\/uploads\/2020\/11\/ICARUS4all_Logo_CMYK-300x201.jpg 300w, https:\/\/www.mariazell-wienerwald.at\/wp-content\/uploads\/2020\/11\/ICARUS4all_Logo_CMYK-1024x685.jpg 1024w, https:\/\/www.mariazell-wienerwald.at\/wp-content\/uploads\/2020\/11\/ICARUS4all_Logo_CMYK-768x514.jpg 768w, https:\/\/www.mariazell-wienerwald.at\/wp-content\/uploads\/2020\/11\/ICARUS4all_Logo_CMYK-1536x1028.jpg 1536w, https:\/\/www.mariazell-wienerwald.at\/wp-content\/uploads\/2020\/11\/ICARUS4all_Logo_CMYK-2048x1370.jpg 2048w, https:\/\/www.mariazell-wienerwald.at\/wp-content\/uploads\/2020\/11\/ICARUS4all_Logo_CMYK-16x12.jpg 16w, https:\/\/www.mariazell-wienerwald.at\/wp-content\/uploads\/2020\/11\/ICARUS4all_Logo_CMYK-600x401.jpg 600w\" sizes=\"(max-width: 139px) 100vw, 139px\" \/><\/a><\/p>","protected":false},"author":3,"featured_media":-1,"menu_order":0,"comment_status":"open","ping_status":"closed","template":"","meta":{"_acf_changed":false},"tags":[],"event_type":[20,19,33],"event_type_2":[],"class_list":["post-3839","ajde_events","type-ajde_events","status-publish","has-post-thumbnail","hentry","event_type-kirchenfuehrung","event_type-kulturhistorische-wanderungen","event_type-kulturstammtische"],"acf":[],"yoast_head":"<!-- This site is optimized with the Yoast SEO plugin v23.1 - https:\/\/yoast.com\/wordpress\/plugins\/seo\/ -->\n<title>Ein Land entsteht! - Mariazell im Wienerwald<\/title>\n<meta name=\"robots\" content=\"index, follow, max-snippet:-1, max-image-preview:large, max-video-preview:-1\" \/>\n<link rel=\"canonical\" href=\"https:\/\/www.mariazell-wienerwald.at\/en\/veranstaltungen\/talk-show-brunner\/\" \/>\n<meta property=\"og:locale\" content=\"en_US\" \/>\n<meta property=\"og:type\" content=\"article\" \/>\n<meta property=\"og:title\" content=\"Ein Land entsteht! - Mariazell im Wienerwald\" \/>\n<meta property=\"og:description\" content=\"Ein Land entsteht! Der politische Rahmen der Klostergr\u00fcndung im 11.\/12. Jh., mit Univ.-Prof. Dr. Karl Brunner Die Babenbergermark wird zum Land, Verkehrswege entstehen, Machtbereiche definieren sich neu, das Land wird mit Siedlungen druchdrungen. Im s\u00fcdlichen Wienerwald lassen sich adelige Geschlechter nieder, die die Kolonisierung vorantreiben und ein Kloster gr\u00fcnden. Welche Rollen spielten die Babenberger dabei? [&hellip;]\" \/>\n<meta property=\"og:url\" content=\"https:\/\/www.mariazell-wienerwald.at\/en\/veranstaltungen\/talk-show-brunner\/\" \/>\n<meta property=\"og:site_name\" content=\"Mariazell im Wienerwald\" \/>\n<meta property=\"article:modified_time\" content=\"2020-12-03T18:43:24+00:00\" \/>\n<meta name=\"twitter:card\" content=\"summary_large_image\" \/>\n<meta name=\"twitter:label1\" content=\"Est. reading time\" \/>\n\t<meta name=\"twitter:data1\" content=\"2 minutes\" \/>\n<script type=\"application\/ld+json\" class=\"yoast-schema-graph\">{\"@context\":\"https:\/\/schema.org\",\"@graph\":[{\"@type\":\"WebPage\",\"@id\":\"https:\/\/www.mariazell-wienerwald.at\/veranstaltungen\/talk-show-brunner\/\",\"url\":\"https:\/\/www.mariazell-wienerwald.at\/veranstaltungen\/talk-show-brunner\/\",\"name\":\"Ein Land entsteht! - Mariazell im Wienerwald\",\"isPartOf\":{\"@id\":\"https:\/\/www.mariazell-wienerwald.at\/#website\"},\"primaryImageOfPage\":{\"@id\":\"https:\/\/www.mariazell-wienerwald.at\/veranstaltungen\/talk-show-brunner\/#primaryimage\"},\"image\":{\"@id\":\"https:\/\/www.mariazell-wienerwald.at\/veranstaltungen\/talk-show-brunner\/#primaryimage\"},\"thumbnailUrl\":\"https:\/\/www.mariazell-wienerwald.at\/wp-content\/uploads\/2020\/11\/csm_Brunner_Karl_2ab6491dc1-225x300.jpg\",\"datePublished\":\"2020-11-29T15:55:43+00:00\",\"dateModified\":\"2020-12-03T18:43:24+00:00\",\"breadcrumb\":{\"@id\":\"https:\/\/www.mariazell-wienerwald.at\/veranstaltungen\/talk-show-brunner\/#breadcrumb\"},\"inLanguage\":\"en-US\",\"potentialAction\":[{\"@type\":\"ReadAction\",\"target\":[\"https:\/\/www.mariazell-wienerwald.at\/veranstaltungen\/talk-show-brunner\/\"]}]},{\"@type\":\"ImageObject\",\"inLanguage\":\"en-US\",\"@id\":\"https:\/\/www.mariazell-wienerwald.at\/veranstaltungen\/talk-show-brunner\/#primaryimage\",\"url\":\"https:\/\/www.mariazell-wienerwald.at\/wp-content\/uploads\/2020\/11\/csm_Brunner_Karl_2ab6491dc1-225x300.jpg\",\"contentUrl\":\"https:\/\/www.mariazell-wienerwald.at\/wp-content\/uploads\/2020\/11\/csm_Brunner_Karl_2ab6491dc1-225x300.jpg\"},{\"@type\":\"BreadcrumbList\",\"@id\":\"https:\/\/www.mariazell-wienerwald.at\/veranstaltungen\/talk-show-brunner\/#breadcrumb\",\"itemListElement\":[{\"@type\":\"ListItem\",\"position\":1,\"name\":\"Startseite\",\"item\":\"https:\/\/www.mariazell-wienerwald.at\/\"},{\"@type\":\"ListItem\",\"position\":2,\"name\":\"Events\",\"item\":\"http:\/\/www.mariazell-wienerwald.at\/en\/veranstaltungen\/\"},{\"@type\":\"ListItem\",\"position\":3,\"name\":\"Ein Land entsteht!\"}]},{\"@type\":\"WebSite\",\"@id\":\"https:\/\/www.mariazell-wienerwald.at\/#website\",\"url\":\"https:\/\/www.mariazell-wienerwald.at\/\",\"name\":\"Mariazell im Wienerwald\",\"description\":\"\",\"potentialAction\":[{\"@type\":\"SearchAction\",\"target\":{\"@type\":\"EntryPoint\",\"urlTemplate\":\"https:\/\/www.mariazell-wienerwald.at\/?s={search_term_string}\"},\"query-input\":\"required name=search_term_string\"}],\"inLanguage\":\"en-US\"}]}<\/script>\n<!-- \/ Yoast SEO plugin. -->","yoast_head_json":{"title":"Ein Land entsteht! - Mariazell im Wienerwald","robots":{"index":"index","follow":"follow","max-snippet":"max-snippet:-1","max-image-preview":"max-image-preview:large","max-video-preview":"max-video-preview:-1"},"canonical":"https:\/\/www.mariazell-wienerwald.at\/en\/veranstaltungen\/talk-show-brunner\/","og_locale":"en_US","og_type":"article","og_title":"Ein Land entsteht! - Mariazell im Wienerwald","og_description":"Ein Land entsteht! Der politische Rahmen der Klostergr\u00fcndung im 11.\/12. Jh., mit Univ.-Prof. Dr. Karl Brunner Die Babenbergermark wird zum Land, Verkehrswege entstehen, Machtbereiche definieren sich neu, das Land wird mit Siedlungen druchdrungen. Im s\u00fcdlichen Wienerwald lassen sich adelige Geschlechter nieder, die die Kolonisierung vorantreiben und ein Kloster gr\u00fcnden. Welche Rollen spielten die Babenberger dabei? [&hellip;]","og_url":"https:\/\/www.mariazell-wienerwald.at\/en\/veranstaltungen\/talk-show-brunner\/","og_site_name":"Mariazell im Wienerwald","article_modified_time":"2020-12-03T18:43:24+00:00","twitter_card":"summary_large_image","twitter_misc":{"Est. reading time":"2 minutes"},"schema":{"@context":"https:\/\/schema.org","@graph":[{"@type":"WebPage","@id":"https:\/\/www.mariazell-wienerwald.at\/veranstaltungen\/talk-show-brunner\/","url":"https:\/\/www.mariazell-wienerwald.at\/veranstaltungen\/talk-show-brunner\/","name":"Ein Land entsteht! - Mariazell im Wienerwald","isPartOf":{"@id":"https:\/\/www.mariazell-wienerwald.at\/#website"},"primaryImageOfPage":{"@id":"https:\/\/www.mariazell-wienerwald.at\/veranstaltungen\/talk-show-brunner\/#primaryimage"},"image":{"@id":"https:\/\/www.mariazell-wienerwald.at\/veranstaltungen\/talk-show-brunner\/#primaryimage"},"thumbnailUrl":"https:\/\/www.mariazell-wienerwald.at\/wp-content\/uploads\/2020\/11\/csm_Brunner_Karl_2ab6491dc1-225x300.jpg","datePublished":"2020-11-29T15:55:43+00:00","dateModified":"2020-12-03T18:43:24+00:00","breadcrumb":{"@id":"https:\/\/www.mariazell-wienerwald.at\/veranstaltungen\/talk-show-brunner\/#breadcrumb"},"inLanguage":"en-US","potentialAction":[{"@type":"ReadAction","target":["https:\/\/www.mariazell-wienerwald.at\/veranstaltungen\/talk-show-brunner\/"]}]},{"@type":"ImageObject","inLanguage":"en-US","@id":"https:\/\/www.mariazell-wienerwald.at\/veranstaltungen\/talk-show-brunner\/#primaryimage","url":"https:\/\/www.mariazell-wienerwald.at\/wp-content\/uploads\/2020\/11\/csm_Brunner_Karl_2ab6491dc1-225x300.jpg","contentUrl":"https:\/\/www.mariazell-wienerwald.at\/wp-content\/uploads\/2020\/11\/csm_Brunner_Karl_2ab6491dc1-225x300.jpg"},{"@type":"BreadcrumbList","@id":"https:\/\/www.mariazell-wienerwald.at\/veranstaltungen\/talk-show-brunner\/#breadcrumb","itemListElement":[{"@type":"ListItem","position":1,"name":"Startseite","item":"https:\/\/www.mariazell-wienerwald.at\/"},{"@type":"ListItem","position":2,"name":"Events","item":"http:\/\/www.mariazell-wienerwald.at\/en\/veranstaltungen\/"},{"@type":"ListItem","position":3,"name":"Ein Land entsteht!"}]},{"@type":"WebSite","@id":"https:\/\/www.mariazell-wienerwald.at\/#website","url":"https:\/\/www.mariazell-wienerwald.at\/","name":"Mariazell im Wienerwald","description":"","potentialAction":[{"@type":"SearchAction","target":{"@type":"EntryPoint","urlTemplate":"https:\/\/www.mariazell-wienerwald.at\/?s={search_term_string}"},"query-input":"required name=search_term_string"}],"inLanguage":"en-US"}]}},"_links":{"self":[{"href":"https:\/\/www.mariazell-wienerwald.at\/en\/wp-json\/wp\/v2\/ajde_events\/3839"}],"collection":[{"href":"https:\/\/www.mariazell-wienerwald.at\/en\/wp-json\/wp\/v2\/ajde_events"}],"about":[{"href":"https:\/\/www.mariazell-wienerwald.at\/en\/wp-json\/wp\/v2\/types\/ajde_events"}],"author":[{"embeddable":true,"href":"https:\/\/www.mariazell-wienerwald.at\/en\/wp-json\/wp\/v2\/users\/3"}],"replies":[{"embeddable":true,"href":"https:\/\/www.mariazell-wienerwald.at\/en\/wp-json\/wp\/v2\/comments?post=3839"}],"wp:featuredmedia":[{"embeddable":true,"href":"https:\/\/www.mariazell-wienerwald.at\/en\/wp-json\/"}],"wp:attachment":[{"href":"https:\/\/www.mariazell-wienerwald.at\/en\/wp-json\/wp\/v2\/media?parent=3839"}],"wp:term":[{"taxonomy":"post_tag","embeddable":true,"href":"https:\/\/www.mariazell-wienerwald.at\/en\/wp-json\/wp\/v2\/tags?post=3839"},{"taxonomy":"event_type","embeddable":true,"href":"https:\/\/www.mariazell-wienerwald.at\/en\/wp-json\/wp\/v2\/event_type?post=3839"},{"taxonomy":"event_type_2","embeddable":true,"href":"https:\/\/www.mariazell-wienerwald.at\/en\/wp-json\/wp\/v2\/event_type_2?post=3839"}],"curies":[{"name":"wp","href":"https:\/\/api.w.org\/{rel}","templated":true}]}}