{"id":3853,"date":"2020-11-29T17:55:13","date_gmt":"2020-11-29T16:55:13","guid":{"rendered":"https:\/\/www.mariazell-wienerwald.at\/veranstaltungen\/talk-show-schedl\/"},"modified":"2020-12-03T19:42:12","modified_gmt":"2020-12-03T18:42:12","slug":"talk-show-schedl","status":"publish","type":"ajde_events","link":"https:\/\/www.mariazell-wienerwald.at\/en\/veranstaltungen\/talk-show-schedl\/","title":{"rendered":"Wir bauen ein Kloster!"},"content":{"rendered":"<h3><img fetchpriority=\"high\" decoding=\"async\" class=\"wp-image-3836 alignleft\" src=\"https:\/\/www.mariazell-wienerwald.at\/wp-content\/uploads\/2020\/11\/csm_2018_Schedl_Barbara_524d81b621-300x267.jpg\" alt=\"\" width=\"331\" height=\"295\" srcset=\"https:\/\/www.mariazell-wienerwald.at\/wp-content\/uploads\/2020\/11\/csm_2018_Schedl_Barbara_524d81b621-300x267.jpg 300w, https:\/\/www.mariazell-wienerwald.at\/wp-content\/uploads\/2020\/11\/csm_2018_Schedl_Barbara_524d81b621-768x683.jpg 768w, https:\/\/www.mariazell-wienerwald.at\/wp-content\/uploads\/2020\/11\/csm_2018_Schedl_Barbara_524d81b621-13x12.jpg 13w, https:\/\/www.mariazell-wienerwald.at\/wp-content\/uploads\/2020\/11\/csm_2018_Schedl_Barbara_524d81b621-600x533.jpg 600w, https:\/\/www.mariazell-wienerwald.at\/wp-content\/uploads\/2020\/11\/csm_2018_Schedl_Barbara_524d81b621.jpg 847w\" sizes=\"(max-width: 331px) 100vw, 331px\" \/><\/h3>\n<h4>Wir bauen ein Kloster!<\/h4>\n<h4>Anlage, Entstehung und Erbauung der ersten Kirche und Klausurbaulichkeiten im 12. Jh., <em>mit Univ.-Doz. Dr. Barbara Schedl<\/em><\/h4>\n<p><em>Nach dem Entschluss der Gr\u00fcndung eines Klosters im s\u00fcdlichen Wienerwald musste ein Ort gefunden werden, der dem zur\u00fcckgezogenen Leben der M\u00f6nche entsprach. Nachdem dieser festgelegt worden war, musste durch Rodung f\u00fcr den Bau einer Kirche und eines Klosters der Bauplatz vorbereitet werden. Welche Konzepte oder Vorbilder hatte man bei der Errichtung der ersten Geb\u00e4ude? Woher kam das Material f\u00fcr den Bau? Woher die Arbeiter?<\/em><\/p>\n<p><a href=\"https:\/\/de.wikipedia.org\/wiki\/Karl_Brunner_(Historiker)\" target=\"_blank\" rel=\"noopener noreferrer\">Barbara SCHEDL, Mag., Dr., zPMA,<\/a> Privatdozentin am Institut f\u00fcr Kunstgeschichte der Universit\u00e4t Wien, Studium der Kunstgeschichte in der Universit\u00e4t Wien. Zahlreiche nationale und internationale Forschungsprojekte und Publikationen zu kulturwissenschaftlichen Themen mit Schwerpunkt Mittelalter.<\/p>\n<p><strong><a href=\"https:\/\/us02web.zoom.us\/wc\/2342479917\/join\" target=\"_blank\" rel=\"noopener noreferrer\">Teilnahmelink<\/a><\/strong>\u00a0(keine Installation von Programmen notwendig, 1. Namen eingeben, Eingaben folgen, 2. Links unten &#8222;Audio&#8220; beitreten, 3. Per Computer an Audio teilnehmen)<\/p>\n<p><strong>oder <a href=\"https:\/\/us02web.zoom.us\/j\/2342479917\/\" target=\"_blank\" rel=\"noopener noreferrer\">Teilnahmelink<\/a><\/strong> (ZOOM installieren)<\/p>\n<p>&nbsp;<\/p>\n<h3>Online-Gespr\u00e4chsserie &#8222;Hoffen auf die Ewigkeit&#8220;<\/h3>\n<p>&nbsp;<\/p>\n<h2><a href=\"https:\/\/www.mariazell-wienerwald.at\/en\/klosterladen\/produkte-neu\/bucher\/hoffen-auf-die-ewigkeit\/\"><img decoding=\"async\" class=\"wp-image-3263 alignleft\" src=\"https:\/\/www.mariazell-wienerwald.at\/wp-content\/uploads\/2020\/07\/HoffenaufdieEwigkeit_Titel-296x300.jpg\" alt=\"\" width=\"193\" height=\"195\" srcset=\"https:\/\/www.mariazell-wienerwald.at\/wp-content\/uploads\/2020\/07\/HoffenaufdieEwigkeit_Titel-296x300.jpg 296w, https:\/\/www.mariazell-wienerwald.at\/wp-content\/uploads\/2020\/07\/HoffenaufdieEwigkeit_Titel-1010x1024.jpg 1010w, https:\/\/www.mariazell-wienerwald.at\/wp-content\/uploads\/2020\/07\/HoffenaufdieEwigkeit_Titel-768x779.jpg 768w, https:\/\/www.mariazell-wienerwald.at\/wp-content\/uploads\/2020\/07\/HoffenaufdieEwigkeit_Titel-600x609.jpg 600w, https:\/\/www.mariazell-wienerwald.at\/wp-content\/uploads\/2020\/07\/HoffenaufdieEwigkeit_Titel-100x100.jpg 100w, https:\/\/www.mariazell-wienerwald.at\/wp-content\/uploads\/2020\/07\/HoffenaufdieEwigkeit_Titel.jpg 1189w\" sizes=\"(max-width: 193px) 100vw, 193px\" \/><\/a><\/h2>\n<p>Das im Oktober dieses Jahres erschienene Buch <strong><a href=\"https:\/\/www.mariazell-wienerwald.at\/en\/klosterladen\/produkte-neu\/bucher\/hoffen-auf-die-ewigkeit\/\" target=\"_blank\" rel=\"noopener noreferrer\">&#8222;Hoffen auf die Ewigkeit&#8220;<\/a><\/strong> vereint 28 Beitr\u00e4ge namhafter Forscherinnen und Forscher zu einer der faszinierendsten Epochen in der Geschichte unseres Landes.<\/p>\n<p><em><strong>In den Aufs\u00e4tzen wurden l\u00e4ngst nicht alle offenen Fragen beantwortet, einzelne Themen mussten aus Zeitgr\u00fcnden auch unbearbeitet bleiben.<\/strong><\/em><\/p>\n<p>Der Herausgeber des Buches, <a href=\"https:\/\/de.wikipedia.org\/wiki\/Thomas_Aigner_(Historiker)\" target=\"_blank\" rel=\"noopener noreferrer\">Dr. Thomas Aigner<\/a>, blickt mit einzelnen AutorInnen hinter die Kulissen ihrer Arbeit &#8211; <strong>kontroversielle Themen werden angesprochen, offene Fragen diskutiert, spannende neue Einblicke gew\u00e4hrt.<\/strong><\/p>\n<p>In Form von kurzweiligen, unterhaltsamen Talk-Shows von 20 bis 30 Minuten sollen so spannende Diskussionen zwischen ExpertInnen und Herausgeber, im Anschluss aber auch mit interessierten TeilnehmerInnen entstehen k\u00f6nnen &#8211; <strong>Geschichtsforschung ganz hautnah also!<\/strong><\/p>\n<p>Die Gespr\u00e4chsreihe findet von <strong>4. bis 18. Dezember 2020 jeweils freitags von 18.00 bis 19.00 Uhr<\/strong> mit vorerst 3 Talk-Shows online via ZOOM statt. Eine Fortsetzung ist f\u00fcr J\u00e4nner\/Februar n\u00e4chsten Jahres geplant.<\/p>\n<p><a href=\"https:\/\/www.mariazell-wienerwald.at\/en\/klosterladen\/produkte-neu\/bucher\/hoffen-auf-die-ewigkeit\/\" target=\"_blank\" rel=\"noopener noreferrer\"><strong>N\u00e4heres zum Buch und Bestellung<\/strong><\/a><br \/>\n(gratis im Fall eines Beitritts zum Verein &#8222;Mariazell im Wienerwald&#8220; &#8211; <a href=\"https:\/\/www.mariazell-wienerwald.at\/en\/unterstuetzen-sie-uns\/mitglied\/\" target=\"_blank\" rel=\"noopener noreferrer\"><strong>n\u00e4here Infos<\/strong><\/a>)<\/p>\n<p style=\"text-align: right;\">In Kooperation mit: \u00a0\u00a0 <a href=\"https:\/\/www.icar-us.eu\/icarus4all\/\"><img decoding=\"async\" class=\"alignnone wp-image-3871\" src=\"https:\/\/www.mariazell-wienerwald.at\/wp-content\/uploads\/2020\/11\/ICARUS4all_Logo_CMYK-300x201.jpg\" alt=\"\" width=\"139\" height=\"93\" srcset=\"https:\/\/www.mariazell-wienerwald.at\/wp-content\/uploads\/2020\/11\/ICARUS4all_Logo_CMYK-300x201.jpg 300w, https:\/\/www.mariazell-wienerwald.at\/wp-content\/uploads\/2020\/11\/ICARUS4all_Logo_CMYK-1024x685.jpg 1024w, https:\/\/www.mariazell-wienerwald.at\/wp-content\/uploads\/2020\/11\/ICARUS4all_Logo_CMYK-768x514.jpg 768w, https:\/\/www.mariazell-wienerwald.at\/wp-content\/uploads\/2020\/11\/ICARUS4all_Logo_CMYK-1536x1028.jpg 1536w, https:\/\/www.mariazell-wienerwald.at\/wp-content\/uploads\/2020\/11\/ICARUS4all_Logo_CMYK-2048x1370.jpg 2048w, https:\/\/www.mariazell-wienerwald.at\/wp-content\/uploads\/2020\/11\/ICARUS4all_Logo_CMYK-16x12.jpg 16w, https:\/\/www.mariazell-wienerwald.at\/wp-content\/uploads\/2020\/11\/ICARUS4all_Logo_CMYK-600x401.jpg 600w\" sizes=\"(max-width: 139px) 100vw, 139px\" \/><\/a><\/p>","protected":false},"author":3,"featured_media":-1,"menu_order":0,"comment_status":"open","ping_status":"closed","template":"","meta":{"_acf_changed":false},"tags":[],"event_type":[20,19,33],"event_type_2":[],"class_list":["post-3853","ajde_events","type-ajde_events","status-publish","has-post-thumbnail","hentry","event_type-kirchenfuehrung","event_type-kulturhistorische-wanderungen","event_type-kulturstammtische"],"acf":[],"yoast_head":"<!-- This site is optimized with the Yoast SEO plugin v23.1 - https:\/\/yoast.com\/wordpress\/plugins\/seo\/ -->\n<title>Wir bauen ein Kloster! - Mariazell im Wienerwald<\/title>\n<meta name=\"robots\" content=\"index, follow, max-snippet:-1, max-image-preview:large, max-video-preview:-1\" \/>\n<link rel=\"canonical\" href=\"https:\/\/www.mariazell-wienerwald.at\/en\/veranstaltungen\/talk-show-schedl\/\" \/>\n<meta property=\"og:locale\" content=\"en_US\" \/>\n<meta property=\"og:type\" content=\"article\" \/>\n<meta property=\"og:title\" content=\"Wir bauen ein Kloster! - Mariazell im Wienerwald\" \/>\n<meta property=\"og:description\" content=\"Wir bauen ein Kloster! Anlage, Entstehung und Erbauung der ersten Kirche und Klausurbaulichkeiten im 12. Jh., mit Univ.-Doz. Dr. Barbara Schedl Nach dem Entschluss der Gr\u00fcndung eines Klosters im s\u00fcdlichen Wienerwald musste ein Ort gefunden werden, der dem zur\u00fcckgezogenen Leben der M\u00f6nche entsprach. Nachdem dieser festgelegt worden war, musste durch Rodung f\u00fcr den Bau einer [&hellip;]\" \/>\n<meta property=\"og:url\" content=\"https:\/\/www.mariazell-wienerwald.at\/en\/veranstaltungen\/talk-show-schedl\/\" \/>\n<meta property=\"og:site_name\" content=\"Mariazell im Wienerwald\" \/>\n<meta property=\"article:modified_time\" content=\"2020-12-03T18:42:12+00:00\" \/>\n<meta name=\"twitter:card\" content=\"summary_large_image\" \/>\n<meta name=\"twitter:label1\" content=\"Est. reading time\" \/>\n\t<meta name=\"twitter:data1\" content=\"2 minutes\" \/>\n<script type=\"application\/ld+json\" class=\"yoast-schema-graph\">{\"@context\":\"https:\/\/schema.org\",\"@graph\":[{\"@type\":\"WebPage\",\"@id\":\"https:\/\/www.mariazell-wienerwald.at\/veranstaltungen\/talk-show-schedl\/\",\"url\":\"https:\/\/www.mariazell-wienerwald.at\/veranstaltungen\/talk-show-schedl\/\",\"name\":\"Wir bauen ein Kloster! - Mariazell im Wienerwald\",\"isPartOf\":{\"@id\":\"https:\/\/www.mariazell-wienerwald.at\/#website\"},\"primaryImageOfPage\":{\"@id\":\"https:\/\/www.mariazell-wienerwald.at\/veranstaltungen\/talk-show-schedl\/#primaryimage\"},\"image\":{\"@id\":\"https:\/\/www.mariazell-wienerwald.at\/veranstaltungen\/talk-show-schedl\/#primaryimage\"},\"thumbnailUrl\":\"https:\/\/www.mariazell-wienerwald.at\/wp-content\/uploads\/2020\/11\/csm_2018_Schedl_Barbara_524d81b621-300x267.jpg\",\"datePublished\":\"2020-11-29T16:55:13+00:00\",\"dateModified\":\"2020-12-03T18:42:12+00:00\",\"breadcrumb\":{\"@id\":\"https:\/\/www.mariazell-wienerwald.at\/veranstaltungen\/talk-show-schedl\/#breadcrumb\"},\"inLanguage\":\"en-US\",\"potentialAction\":[{\"@type\":\"ReadAction\",\"target\":[\"https:\/\/www.mariazell-wienerwald.at\/veranstaltungen\/talk-show-schedl\/\"]}]},{\"@type\":\"ImageObject\",\"inLanguage\":\"en-US\",\"@id\":\"https:\/\/www.mariazell-wienerwald.at\/veranstaltungen\/talk-show-schedl\/#primaryimage\",\"url\":\"https:\/\/www.mariazell-wienerwald.at\/wp-content\/uploads\/2020\/11\/csm_2018_Schedl_Barbara_524d81b621-300x267.jpg\",\"contentUrl\":\"https:\/\/www.mariazell-wienerwald.at\/wp-content\/uploads\/2020\/11\/csm_2018_Schedl_Barbara_524d81b621-300x267.jpg\"},{\"@type\":\"BreadcrumbList\",\"@id\":\"https:\/\/www.mariazell-wienerwald.at\/veranstaltungen\/talk-show-schedl\/#breadcrumb\",\"itemListElement\":[{\"@type\":\"ListItem\",\"position\":1,\"name\":\"Startseite\",\"item\":\"https:\/\/www.mariazell-wienerwald.at\/\"},{\"@type\":\"ListItem\",\"position\":2,\"name\":\"Events\",\"item\":\"http:\/\/www.mariazell-wienerwald.at\/en\/veranstaltungen\/\"},{\"@type\":\"ListItem\",\"position\":3,\"name\":\"Wir bauen ein Kloster!\"}]},{\"@type\":\"WebSite\",\"@id\":\"https:\/\/www.mariazell-wienerwald.at\/#website\",\"url\":\"https:\/\/www.mariazell-wienerwald.at\/\",\"name\":\"Mariazell im Wienerwald\",\"description\":\"\",\"potentialAction\":[{\"@type\":\"SearchAction\",\"target\":{\"@type\":\"EntryPoint\",\"urlTemplate\":\"https:\/\/www.mariazell-wienerwald.at\/?s={search_term_string}\"},\"query-input\":\"required name=search_term_string\"}],\"inLanguage\":\"en-US\"}]}<\/script>\n<!-- \/ Yoast SEO plugin. -->","yoast_head_json":{"title":"Wir bauen ein Kloster! - Mariazell im Wienerwald","robots":{"index":"index","follow":"follow","max-snippet":"max-snippet:-1","max-image-preview":"max-image-preview:large","max-video-preview":"max-video-preview:-1"},"canonical":"https:\/\/www.mariazell-wienerwald.at\/en\/veranstaltungen\/talk-show-schedl\/","og_locale":"en_US","og_type":"article","og_title":"Wir bauen ein Kloster! - Mariazell im Wienerwald","og_description":"Wir bauen ein Kloster! Anlage, Entstehung und Erbauung der ersten Kirche und Klausurbaulichkeiten im 12. Jh., mit Univ.-Doz. Dr. Barbara Schedl Nach dem Entschluss der Gr\u00fcndung eines Klosters im s\u00fcdlichen Wienerwald musste ein Ort gefunden werden, der dem zur\u00fcckgezogenen Leben der M\u00f6nche entsprach. Nachdem dieser festgelegt worden war, musste durch Rodung f\u00fcr den Bau einer [&hellip;]","og_url":"https:\/\/www.mariazell-wienerwald.at\/en\/veranstaltungen\/talk-show-schedl\/","og_site_name":"Mariazell im Wienerwald","article_modified_time":"2020-12-03T18:42:12+00:00","twitter_card":"summary_large_image","twitter_misc":{"Est. reading time":"2 minutes"},"schema":{"@context":"https:\/\/schema.org","@graph":[{"@type":"WebPage","@id":"https:\/\/www.mariazell-wienerwald.at\/veranstaltungen\/talk-show-schedl\/","url":"https:\/\/www.mariazell-wienerwald.at\/veranstaltungen\/talk-show-schedl\/","name":"Wir bauen ein Kloster! - Mariazell im Wienerwald","isPartOf":{"@id":"https:\/\/www.mariazell-wienerwald.at\/#website"},"primaryImageOfPage":{"@id":"https:\/\/www.mariazell-wienerwald.at\/veranstaltungen\/talk-show-schedl\/#primaryimage"},"image":{"@id":"https:\/\/www.mariazell-wienerwald.at\/veranstaltungen\/talk-show-schedl\/#primaryimage"},"thumbnailUrl":"https:\/\/www.mariazell-wienerwald.at\/wp-content\/uploads\/2020\/11\/csm_2018_Schedl_Barbara_524d81b621-300x267.jpg","datePublished":"2020-11-29T16:55:13+00:00","dateModified":"2020-12-03T18:42:12+00:00","breadcrumb":{"@id":"https:\/\/www.mariazell-wienerwald.at\/veranstaltungen\/talk-show-schedl\/#breadcrumb"},"inLanguage":"en-US","potentialAction":[{"@type":"ReadAction","target":["https:\/\/www.mariazell-wienerwald.at\/veranstaltungen\/talk-show-schedl\/"]}]},{"@type":"ImageObject","inLanguage":"en-US","@id":"https:\/\/www.mariazell-wienerwald.at\/veranstaltungen\/talk-show-schedl\/#primaryimage","url":"https:\/\/www.mariazell-wienerwald.at\/wp-content\/uploads\/2020\/11\/csm_2018_Schedl_Barbara_524d81b621-300x267.jpg","contentUrl":"https:\/\/www.mariazell-wienerwald.at\/wp-content\/uploads\/2020\/11\/csm_2018_Schedl_Barbara_524d81b621-300x267.jpg"},{"@type":"BreadcrumbList","@id":"https:\/\/www.mariazell-wienerwald.at\/veranstaltungen\/talk-show-schedl\/#breadcrumb","itemListElement":[{"@type":"ListItem","position":1,"name":"Startseite","item":"https:\/\/www.mariazell-wienerwald.at\/"},{"@type":"ListItem","position":2,"name":"Events","item":"http:\/\/www.mariazell-wienerwald.at\/en\/veranstaltungen\/"},{"@type":"ListItem","position":3,"name":"Wir bauen ein Kloster!"}]},{"@type":"WebSite","@id":"https:\/\/www.mariazell-wienerwald.at\/#website","url":"https:\/\/www.mariazell-wienerwald.at\/","name":"Mariazell im Wienerwald","description":"","potentialAction":[{"@type":"SearchAction","target":{"@type":"EntryPoint","urlTemplate":"https:\/\/www.mariazell-wienerwald.at\/?s={search_term_string}"},"query-input":"required name=search_term_string"}],"inLanguage":"en-US"}]}},"_links":{"self":[{"href":"https:\/\/www.mariazell-wienerwald.at\/en\/wp-json\/wp\/v2\/ajde_events\/3853"}],"collection":[{"href":"https:\/\/www.mariazell-wienerwald.at\/en\/wp-json\/wp\/v2\/ajde_events"}],"about":[{"href":"https:\/\/www.mariazell-wienerwald.at\/en\/wp-json\/wp\/v2\/types\/ajde_events"}],"author":[{"embeddable":true,"href":"https:\/\/www.mariazell-wienerwald.at\/en\/wp-json\/wp\/v2\/users\/3"}],"replies":[{"embeddable":true,"href":"https:\/\/www.mariazell-wienerwald.at\/en\/wp-json\/wp\/v2\/comments?post=3853"}],"wp:featuredmedia":[{"embeddable":true,"href":"https:\/\/www.mariazell-wienerwald.at\/en\/wp-json\/"}],"wp:attachment":[{"href":"https:\/\/www.mariazell-wienerwald.at\/en\/wp-json\/wp\/v2\/media?parent=3853"}],"wp:term":[{"taxonomy":"post_tag","embeddable":true,"href":"https:\/\/www.mariazell-wienerwald.at\/en\/wp-json\/wp\/v2\/tags?post=3853"},{"taxonomy":"event_type","embeddable":true,"href":"https:\/\/www.mariazell-wienerwald.at\/en\/wp-json\/wp\/v2\/event_type?post=3853"},{"taxonomy":"event_type_2","embeddable":true,"href":"https:\/\/www.mariazell-wienerwald.at\/en\/wp-json\/wp\/v2\/event_type_2?post=3853"}],"curies":[{"name":"wp","href":"https:\/\/api.w.org\/{rel}","templated":true}]}}