{"id":4422,"date":"2021-08-07T13:26:50","date_gmt":"2021-08-07T11:26:50","guid":{"rendered":"https:\/\/www.mariazell-wienerwald.at\/?post_type=ajde_events&#038;p=4422"},"modified":"2021-08-09T14:03:08","modified_gmt":"2021-08-09T12:03:08","slug":"patrozinium-mit-dem-kirchenchor-koeniginhof-dvur-kralove-cz","status":"publish","type":"ajde_events","link":"https:\/\/www.mariazell-wienerwald.at\/en\/veranstaltungen\/patrozinium-mit-dem-kirchenchor-koeniginhof-dvur-kralove-cz\/","title":{"rendered":"Patrozinium mit dem Kirchenchor K\u00f6niginhof\/Dv\u016fr Kr\u00e1lov\u00e9 (CZ)"},"content":{"rendered":"<p>Im Rahmen seines Aufenthaltes in der Region Mariazell im Wienerwald gestaltet der <span class=\"-wm-jlqj4b\">Kr\u00e1lov\u00e9dvorsk\u00fd chr\u00e1mov\u00fd sbor \/ Kirchenchor Dv\u016fr Kr\u00e1lov\u00e9 (CZ) <\/span>auch das Patroziniumsfest in der Basilika &#8222;Mari\u00e4 Himmelfahrt&#8220; in der Basilika Klein-Mariazell.<\/p>\n<p>Zur Auff\u00fchrung gelangt:<\/p>\n<p class=\"-wm-msonormal\" style=\"text-align: center;\"><strong><span class=\"-wm-jlqj4b\">Leopold Ko\u017eeluh (1747-1818): Missa sollemnis in C\u00a0<\/span><\/strong><\/p>\n<p style=\"text-align: center;\">Leitung und Orgel: V\u00edt Havl\u00ed\u010dek<\/p>\n<p>Einen besonderen Akzent erf\u00e4hrt diese Messgestaltung durch den Umstand, dass der Kirchenchor aus der Heimatstadt<strong> Johann Wenzel Bergls<\/strong> stammt, dem Sch\u00f6pfer der Fresken in der Basilika Klein-Mariazell.<\/p>\n<p><img fetchpriority=\"high\" decoding=\"async\" class=\"alignnone wp-image-4420\" src=\"https:\/\/www.mariazell-wienerwald.at\/wp-content\/uploads\/2021\/08\/Kralovedvorsky-chramovy-sbor-foto-1024x683.jpg\" alt=\"\" width=\"913\" height=\"609\" srcset=\"https:\/\/www.mariazell-wienerwald.at\/wp-content\/uploads\/2021\/08\/Kralovedvorsky-chramovy-sbor-foto-1024x683.jpg 1024w, https:\/\/www.mariazell-wienerwald.at\/wp-content\/uploads\/2021\/08\/Kralovedvorsky-chramovy-sbor-foto-300x200.jpg 300w, https:\/\/www.mariazell-wienerwald.at\/wp-content\/uploads\/2021\/08\/Kralovedvorsky-chramovy-sbor-foto-768x512.jpg 768w, https:\/\/www.mariazell-wienerwald.at\/wp-content\/uploads\/2021\/08\/Kralovedvorsky-chramovy-sbor-foto-1536x1024.jpg 1536w, https:\/\/www.mariazell-wienerwald.at\/wp-content\/uploads\/2021\/08\/Kralovedvorsky-chramovy-sbor-foto-2048x1365.jpg 2048w, https:\/\/www.mariazell-wienerwald.at\/wp-content\/uploads\/2021\/08\/Kralovedvorsky-chramovy-sbor-foto-16x12.jpg 16w, https:\/\/www.mariazell-wienerwald.at\/wp-content\/uploads\/2021\/08\/Kralovedvorsky-chramovy-sbor-foto-600x400.jpg 600w\" sizes=\"(max-width: 913px) 100vw, 913px\" \/><\/p>\n<p><strong>Der Kirchenchor Dv\u016fr Kr\u00e1lov\u00e9 (Kr\u00e1lov\u00e9dvorsk\u00fd chr\u00e1mov\u00fd sbor<\/strong><strong>) <\/strong>wurde 2006 gegr\u00fcndet. Der Schwerpunkt seines Repertoires beruht vorwiegend in geistlichen Kompositionen verschiedener Epochen, vom Gregorianischen Choral bis hin zu zeitgen\u00f6ssischer Musik. Neben der musikalischen Begleitung feierlicher Messen widmet sich der Chor auch der Konzertt\u00e4tigkeit. Er arbeitet hierbei nicht nur mit dem Kirchenorchester Dv\u016fr Kr\u00e1lov\u00e9, sondern auch mit einzelnen Interpreten zusammen, unter anderem mit den Organisten Pavel Svoboda, Pavel \u010cern\u00fd, V\u00e1clav Uhl\u00ed\u0159 und P\u0159emysl K\u0161ica oder der japanischen Sopranistin Michiyo Keiko. Der Chor trat in der Vergangenheit nicht nur in Tschechien, sondern auch des \u00d6fteren im Ausland auf. Geleitet wird er von V\u00edt Havl\u00ed\u010dek \u2013 Organist, Musiktheoretiker, Chorleiter und P\u00e4dagoge an der Akademie f\u00fcr Musische K\u00fcnste in Prag.<\/p>\n<p>Eine einzigartige Tradition des Chores stellen seine September-Konzerte mit Urauff\u00fchrungen verschiedenster Kompositionen f\u00fchrender zeitgen\u00f6ssischer Komponisten dar, welche allj\u00e4hrlich seit 2009 in Dv\u016fr Kr\u00e1lov\u00e9 nad Labem stattfinden. Im September 2009 f\u00fchrte er zum ersten Mal das Werk \u201eGlocken aus Dv\u016fr Kr\u00e1lov\u00e9\u201c (\u201eZvony z Dvora Kr\u00e1lov\u00e9\u201c) von Otomar Kv\u011bch auf, welcher dieses Werk auf Anfrage seines Chorleiters V\u00edt Havl\u00ed\u010dek komponierte. In den darauffolgenden Jahren wurden w\u00e4hrend der September-Konzerte Werke weiterer tschechischer Komponisten pr\u00e4sentiert \u2013 2010 Lubo\u0161 Sluka (Vidi aquam), 2011 Ilja Hurn\u00edk (Nordisches Schlaflied\/Seversk\u00e1 ukol\u00e9bavka), 2012 prof. Ivana Loudov\u00e1 (Sub tuum praesidium), 2013 prof. Ivan Kurz (Ich bin Deine Hoffnung oder Die Lebensgrundsatz einer kleinen Seele\/Jsem Tvoje nad\u011bje aneb \u017divotn\u00ed z\u00e1sady mal\u00e9 du\u0161e), 2014 Ji\u0159\u00ed Teml (Hymnus zur Madonna von Dv\u016fr Kr\u00e1lov\u00e9\/Hymnus k Madon\u011b Kr\u00e1lov\u00e9dvorsk\u00e9), 2015 Luk\u00e1\u0161 Hurn\u00edk (Litanei zum Hl. Jan dem T\u00e4ufer\/Litanie ke sv. Janu K\u0159titeli), 2016 prof. Juraj Filas (Die Nachtigall aus dem Paradies\/Slav\u00edk z r\u00e1je), 2017 Ji\u0159\u00ed Gemrot (Freue dich und frohlocke, vergangener K\u00f6niginhof\/Raduj se a plesej Dvore d\u00e1vn\u00fd), 2018 Eduard Dou\u0161a (Und das ist das wundersch\u00f6ne Land\/A to je ta kr\u00e1sn\u00e1 zem\u011b), 2019 Ji\u0159\u00ed Bezd\u011bk (Die Statue der liebenden Mutter\/So\u0161ka Matky milostn\u00e9) und 2020 Holmer Becker (Vox clamantis in deserto).<\/p>\n<p>Neben der eigenen Gesangst\u00e4tigkeit handelt es sich beim Kirchenchor Dv\u016fr Kr\u00e1lov\u00e9 um einen eingetragenen Verein, welcher sich an der Organisation von Konzerten und weiteren kulturellen Aktionen beteiligt. Er veranstaltet unter anderem das internationale Musikfestival \u201eMusiksommer Kuks\u201c (Hudebn\u00ed l\u00e9to Kuks) oder ver\u00f6ffentlichte das Buch \u201eOrgeln der Region Dv\u016fr Kr\u00e1lov\u00e9\u201c (Varhany na Kr\u00e1lov\u00e9dvorsku). Die T\u00e4tigkeit des Chores wird finanziell von der Stadt Dv\u016fr Kr\u00e1lov\u00e9 nad Labem unterst\u00fctzt.<\/p>\n<p>Mehr Infos unter <a href=\"http:\/\/www.kchs.cz\">www.kchs.cz<\/a>.<\/p>","protected":false},"author":3,"featured_media":59,"menu_order":0,"comment_status":"open","ping_status":"closed","template":"","meta":{"_acf_changed":false},"tags":[],"event_type":[22],"event_type_2":[],"class_list":["post-4422","ajde_events","type-ajde_events","status-publish","has-post-thumbnail","hentry","event_location-basilika-klein-mariazell","event_type-musik-theater"],"acf":[],"yoast_head":"<!-- This site is optimized with the Yoast SEO plugin v23.1 - https:\/\/yoast.com\/wordpress\/plugins\/seo\/ -->\n<title>Patrozinium mit dem Kirchenchor K\u00f6niginhof\/Dv\u016fr Kr\u00e1lov\u00e9 (CZ) - Mariazell im Wienerwald<\/title>\n<meta name=\"robots\" content=\"index, follow, max-snippet:-1, max-image-preview:large, max-video-preview:-1\" \/>\n<link rel=\"canonical\" href=\"https:\/\/www.mariazell-wienerwald.at\/en\/veranstaltungen\/patrozinium-mit-dem-kirchenchor-koeniginhof-dvur-kralove-cz\/\" \/>\n<meta property=\"og:locale\" content=\"en_US\" \/>\n<meta property=\"og:type\" content=\"article\" \/>\n<meta property=\"og:title\" content=\"Patrozinium mit dem Kirchenchor K\u00f6niginhof\/Dv\u016fr Kr\u00e1lov\u00e9 (CZ) - Mariazell im Wienerwald\" \/>\n<meta property=\"og:description\" content=\"Im Rahmen seines Aufenthaltes in der Region Mariazell im Wienerwald gestaltet der Kr\u00e1lov\u00e9dvorsk\u00fd chr\u00e1mov\u00fd sbor \/ Kirchenchor Dv\u016fr Kr\u00e1lov\u00e9 (CZ) auch das Patroziniumsfest in der Basilika &#8222;Mari\u00e4 Himmelfahrt&#8220; in der Basilika Klein-Mariazell. Zur Auff\u00fchrung gelangt: Leopold Ko\u017eeluh (1747-1818): Missa sollemnis in C\u00a0 Leitung und Orgel: V\u00edt Havl\u00ed\u010dek Einen besonderen Akzent erf\u00e4hrt diese Messgestaltung durch den [&hellip;]\" \/>\n<meta property=\"og:url\" content=\"https:\/\/www.mariazell-wienerwald.at\/en\/veranstaltungen\/patrozinium-mit-dem-kirchenchor-koeniginhof-dvur-kralove-cz\/\" \/>\n<meta property=\"og:site_name\" content=\"Mariazell im Wienerwald\" \/>\n<meta property=\"article:modified_time\" content=\"2021-08-09T12:03:08+00:00\" \/>\n<meta property=\"og:image\" content=\"https:\/\/www.mariazell-wienerwald.at\/wp-content\/uploads\/2020\/02\/HeaderBild02.jpg\" \/>\n\t<meta property=\"og:image:width\" content=\"1920\" \/>\n\t<meta property=\"og:image:height\" content=\"746\" \/>\n\t<meta property=\"og:image:type\" content=\"image\/jpeg\" \/>\n<meta name=\"twitter:card\" content=\"summary_large_image\" \/>\n<meta name=\"twitter:label1\" content=\"Est. reading time\" \/>\n\t<meta name=\"twitter:data1\" content=\"3 minutes\" \/>\n<script type=\"application\/ld+json\" class=\"yoast-schema-graph\">{\"@context\":\"https:\/\/schema.org\",\"@graph\":[{\"@type\":\"WebPage\",\"@id\":\"https:\/\/www.mariazell-wienerwald.at\/veranstaltungen\/patrozinium-mit-dem-kirchenchor-koeniginhof-dvur-kralove-cz\/\",\"url\":\"https:\/\/www.mariazell-wienerwald.at\/veranstaltungen\/patrozinium-mit-dem-kirchenchor-koeniginhof-dvur-kralove-cz\/\",\"name\":\"Patrozinium mit dem Kirchenchor K\u00f6niginhof\/Dv\u016fr Kr\u00e1lov\u00e9 (CZ) - Mariazell im Wienerwald\",\"isPartOf\":{\"@id\":\"https:\/\/www.mariazell-wienerwald.at\/#website\"},\"primaryImageOfPage\":{\"@id\":\"https:\/\/www.mariazell-wienerwald.at\/veranstaltungen\/patrozinium-mit-dem-kirchenchor-koeniginhof-dvur-kralove-cz\/#primaryimage\"},\"image\":{\"@id\":\"https:\/\/www.mariazell-wienerwald.at\/veranstaltungen\/patrozinium-mit-dem-kirchenchor-koeniginhof-dvur-kralove-cz\/#primaryimage\"},\"thumbnailUrl\":\"https:\/\/www.mariazell-wienerwald.at\/wp-content\/uploads\/2020\/02\/HeaderBild02.jpg\",\"datePublished\":\"2021-08-07T11:26:50+00:00\",\"dateModified\":\"2021-08-09T12:03:08+00:00\",\"breadcrumb\":{\"@id\":\"https:\/\/www.mariazell-wienerwald.at\/veranstaltungen\/patrozinium-mit-dem-kirchenchor-koeniginhof-dvur-kralove-cz\/#breadcrumb\"},\"inLanguage\":\"en-US\",\"potentialAction\":[{\"@type\":\"ReadAction\",\"target\":[\"https:\/\/www.mariazell-wienerwald.at\/veranstaltungen\/patrozinium-mit-dem-kirchenchor-koeniginhof-dvur-kralove-cz\/\"]}]},{\"@type\":\"ImageObject\",\"inLanguage\":\"en-US\",\"@id\":\"https:\/\/www.mariazell-wienerwald.at\/veranstaltungen\/patrozinium-mit-dem-kirchenchor-koeniginhof-dvur-kralove-cz\/#primaryimage\",\"url\":\"https:\/\/www.mariazell-wienerwald.at\/wp-content\/uploads\/2020\/02\/HeaderBild02.jpg\",\"contentUrl\":\"https:\/\/www.mariazell-wienerwald.at\/wp-content\/uploads\/2020\/02\/HeaderBild02.jpg\",\"width\":1920,\"height\":746},{\"@type\":\"BreadcrumbList\",\"@id\":\"https:\/\/www.mariazell-wienerwald.at\/veranstaltungen\/patrozinium-mit-dem-kirchenchor-koeniginhof-dvur-kralove-cz\/#breadcrumb\",\"itemListElement\":[{\"@type\":\"ListItem\",\"position\":1,\"name\":\"Startseite\",\"item\":\"https:\/\/www.mariazell-wienerwald.at\/\"},{\"@type\":\"ListItem\",\"position\":2,\"name\":\"Events\",\"item\":\"http:\/\/www.mariazell-wienerwald.at\/en\/veranstaltungen\/\"},{\"@type\":\"ListItem\",\"position\":3,\"name\":\"Patrozinium mit dem Kirchenchor K\u00f6niginhof\/Dv\u016fr Kr\u00e1lov\u00e9 (CZ)\"}]},{\"@type\":\"WebSite\",\"@id\":\"https:\/\/www.mariazell-wienerwald.at\/#website\",\"url\":\"https:\/\/www.mariazell-wienerwald.at\/\",\"name\":\"Mariazell im Wienerwald\",\"description\":\"\",\"potentialAction\":[{\"@type\":\"SearchAction\",\"target\":{\"@type\":\"EntryPoint\",\"urlTemplate\":\"https:\/\/www.mariazell-wienerwald.at\/?s={search_term_string}\"},\"query-input\":\"required name=search_term_string\"}],\"inLanguage\":\"en-US\"}]}<\/script>\n<!-- \/ Yoast SEO plugin. -->","yoast_head_json":{"title":"Patrozinium mit dem Kirchenchor K\u00f6niginhof\/Dv\u016fr Kr\u00e1lov\u00e9 (CZ) - Mariazell im Wienerwald","robots":{"index":"index","follow":"follow","max-snippet":"max-snippet:-1","max-image-preview":"max-image-preview:large","max-video-preview":"max-video-preview:-1"},"canonical":"https:\/\/www.mariazell-wienerwald.at\/en\/veranstaltungen\/patrozinium-mit-dem-kirchenchor-koeniginhof-dvur-kralove-cz\/","og_locale":"en_US","og_type":"article","og_title":"Patrozinium mit dem Kirchenchor K\u00f6niginhof\/Dv\u016fr Kr\u00e1lov\u00e9 (CZ) - Mariazell im Wienerwald","og_description":"Im Rahmen seines Aufenthaltes in der Region Mariazell im Wienerwald gestaltet der Kr\u00e1lov\u00e9dvorsk\u00fd chr\u00e1mov\u00fd sbor \/ Kirchenchor Dv\u016fr Kr\u00e1lov\u00e9 (CZ) auch das Patroziniumsfest in der Basilika &#8222;Mari\u00e4 Himmelfahrt&#8220; in der Basilika Klein-Mariazell. Zur Auff\u00fchrung gelangt: Leopold Ko\u017eeluh (1747-1818): Missa sollemnis in C\u00a0 Leitung und Orgel: V\u00edt Havl\u00ed\u010dek Einen besonderen Akzent erf\u00e4hrt diese Messgestaltung durch den [&hellip;]","og_url":"https:\/\/www.mariazell-wienerwald.at\/en\/veranstaltungen\/patrozinium-mit-dem-kirchenchor-koeniginhof-dvur-kralove-cz\/","og_site_name":"Mariazell im Wienerwald","article_modified_time":"2021-08-09T12:03:08+00:00","og_image":[{"width":1920,"height":746,"url":"https:\/\/www.mariazell-wienerwald.at\/wp-content\/uploads\/2020\/02\/HeaderBild02.jpg","type":"image\/jpeg"}],"twitter_card":"summary_large_image","twitter_misc":{"Est. reading time":"3 minutes"},"schema":{"@context":"https:\/\/schema.org","@graph":[{"@type":"WebPage","@id":"https:\/\/www.mariazell-wienerwald.at\/veranstaltungen\/patrozinium-mit-dem-kirchenchor-koeniginhof-dvur-kralove-cz\/","url":"https:\/\/www.mariazell-wienerwald.at\/veranstaltungen\/patrozinium-mit-dem-kirchenchor-koeniginhof-dvur-kralove-cz\/","name":"Patrozinium mit dem Kirchenchor K\u00f6niginhof\/Dv\u016fr Kr\u00e1lov\u00e9 (CZ) - Mariazell im Wienerwald","isPartOf":{"@id":"https:\/\/www.mariazell-wienerwald.at\/#website"},"primaryImageOfPage":{"@id":"https:\/\/www.mariazell-wienerwald.at\/veranstaltungen\/patrozinium-mit-dem-kirchenchor-koeniginhof-dvur-kralove-cz\/#primaryimage"},"image":{"@id":"https:\/\/www.mariazell-wienerwald.at\/veranstaltungen\/patrozinium-mit-dem-kirchenchor-koeniginhof-dvur-kralove-cz\/#primaryimage"},"thumbnailUrl":"https:\/\/www.mariazell-wienerwald.at\/wp-content\/uploads\/2020\/02\/HeaderBild02.jpg","datePublished":"2021-08-07T11:26:50+00:00","dateModified":"2021-08-09T12:03:08+00:00","breadcrumb":{"@id":"https:\/\/www.mariazell-wienerwald.at\/veranstaltungen\/patrozinium-mit-dem-kirchenchor-koeniginhof-dvur-kralove-cz\/#breadcrumb"},"inLanguage":"en-US","potentialAction":[{"@type":"ReadAction","target":["https:\/\/www.mariazell-wienerwald.at\/veranstaltungen\/patrozinium-mit-dem-kirchenchor-koeniginhof-dvur-kralove-cz\/"]}]},{"@type":"ImageObject","inLanguage":"en-US","@id":"https:\/\/www.mariazell-wienerwald.at\/veranstaltungen\/patrozinium-mit-dem-kirchenchor-koeniginhof-dvur-kralove-cz\/#primaryimage","url":"https:\/\/www.mariazell-wienerwald.at\/wp-content\/uploads\/2020\/02\/HeaderBild02.jpg","contentUrl":"https:\/\/www.mariazell-wienerwald.at\/wp-content\/uploads\/2020\/02\/HeaderBild02.jpg","width":1920,"height":746},{"@type":"BreadcrumbList","@id":"https:\/\/www.mariazell-wienerwald.at\/veranstaltungen\/patrozinium-mit-dem-kirchenchor-koeniginhof-dvur-kralove-cz\/#breadcrumb","itemListElement":[{"@type":"ListItem","position":1,"name":"Startseite","item":"https:\/\/www.mariazell-wienerwald.at\/"},{"@type":"ListItem","position":2,"name":"Events","item":"http:\/\/www.mariazell-wienerwald.at\/en\/veranstaltungen\/"},{"@type":"ListItem","position":3,"name":"Patrozinium mit dem Kirchenchor K\u00f6niginhof\/Dv\u016fr Kr\u00e1lov\u00e9 (CZ)"}]},{"@type":"WebSite","@id":"https:\/\/www.mariazell-wienerwald.at\/#website","url":"https:\/\/www.mariazell-wienerwald.at\/","name":"Mariazell im Wienerwald","description":"","potentialAction":[{"@type":"SearchAction","target":{"@type":"EntryPoint","urlTemplate":"https:\/\/www.mariazell-wienerwald.at\/?s={search_term_string}"},"query-input":"required name=search_term_string"}],"inLanguage":"en-US"}]}},"_links":{"self":[{"href":"https:\/\/www.mariazell-wienerwald.at\/en\/wp-json\/wp\/v2\/ajde_events\/4422"}],"collection":[{"href":"https:\/\/www.mariazell-wienerwald.at\/en\/wp-json\/wp\/v2\/ajde_events"}],"about":[{"href":"https:\/\/www.mariazell-wienerwald.at\/en\/wp-json\/wp\/v2\/types\/ajde_events"}],"author":[{"embeddable":true,"href":"https:\/\/www.mariazell-wienerwald.at\/en\/wp-json\/wp\/v2\/users\/3"}],"replies":[{"embeddable":true,"href":"https:\/\/www.mariazell-wienerwald.at\/en\/wp-json\/wp\/v2\/comments?post=4422"}],"wp:featuredmedia":[{"embeddable":true,"href":"https:\/\/www.mariazell-wienerwald.at\/en\/wp-json\/wp\/v2\/media\/59"}],"wp:attachment":[{"href":"https:\/\/www.mariazell-wienerwald.at\/en\/wp-json\/wp\/v2\/media?parent=4422"}],"wp:term":[{"taxonomy":"post_tag","embeddable":true,"href":"https:\/\/www.mariazell-wienerwald.at\/en\/wp-json\/wp\/v2\/tags?post=4422"},{"taxonomy":"event_type","embeddable":true,"href":"https:\/\/www.mariazell-wienerwald.at\/en\/wp-json\/wp\/v2\/event_type?post=4422"},{"taxonomy":"event_type_2","embeddable":true,"href":"https:\/\/www.mariazell-wienerwald.at\/en\/wp-json\/wp\/v2\/event_type_2?post=4422"}],"curies":[{"name":"wp","href":"https:\/\/api.w.org\/{rel}","templated":true}]}}