{"id":4472,"date":"2021-09-10T11:23:16","date_gmt":"2021-09-10T09:23:16","guid":{"rendered":"https:\/\/www.mariazell-wienerwald.at\/veranstaltungen\/festival-cellensis-kirchenkonzert-mit-carola-krebs-emma-schaffer-und-maria-e-mueller\/"},"modified":"2021-09-10T11:39:53","modified_gmt":"2021-09-10T09:39:53","slug":"festival-cellensis-kirchenkonzert-mit-carola-krebs-emma-schaffer-und-maria-e-mueller","status":"publish","type":"ajde_events","link":"https:\/\/www.mariazell-wienerwald.at\/en\/veranstaltungen\/festival-cellensis-kirchenkonzert-mit-carola-krebs-emma-schaffer-und-maria-e-mueller\/","title":{"rendered":"Festival CELLENSIS: Kirchenkonzert mit Carola Krebs, Emma Schaffer und Maria E. M\u00fcller"},"content":{"rendered":"<p><img fetchpriority=\"high\" decoding=\"async\" class=\"size-full wp-image-4473 alignright\" src=\"https:\/\/www.mariazell-wienerwald.at\/wp-content\/uploads\/2021\/09\/big-ticket-image-610eaf3b66a1b176591278-cropped600-400.jpg\" alt=\"\" width=\"600\" height=\"400\" srcset=\"https:\/\/www.mariazell-wienerwald.at\/wp-content\/uploads\/2021\/09\/big-ticket-image-610eaf3b66a1b176591278-cropped600-400.jpg 600w, https:\/\/www.mariazell-wienerwald.at\/wp-content\/uploads\/2021\/09\/big-ticket-image-610eaf3b66a1b176591278-cropped600-400-300x200.jpg 300w, https:\/\/www.mariazell-wienerwald.at\/wp-content\/uploads\/2021\/09\/big-ticket-image-610eaf3b66a1b176591278-cropped600-400-18x12.jpg 18w\" sizes=\"(max-width: 600px) 100vw, 600px\" \/>Carola Krebs (Violoncello), Emma Schaffer (Klavier), Maria Elisabeth M\u00fcller (Fl\u00f6te)<\/p>\n<div class=\"Re-c-jss947 Re-c-jss948\">\n<p>\u201eDas Cello r\u00fchrt auf tiefer, unergr\u00fcndlicher Ebene an unser Gef\u00fchl\u201c, meinte der Geiger Yehudi Menuhin und es gibt einiges, was die Einzigartigkeit des Instrumentes ausmacht: seine gro\u00dfe lyrische Qualit\u00e4t, sein einzigartiger sanft-dunkler Klang, sicher aber auch die Form und Gr\u00f6\u00dfe des Instruments, das von seinem Spieler quasi mit dem ganzen K\u00f6rper umarmt wird. Carola Krebs, die in Wien, Paris und London studiert hat, versteht es wunderbar, die Vielf\u00e4ltigkeit dieses Instrumentes zu pr\u00e4sentieren und wird dabei von zwei gro\u00dfartigen Kolleginnen unterst\u00fctzt. Lassen Sie sich vom wunderbaren Klang in der kleinen Wallfahrtskirche Altenmarkt verzaubern und genie\u00dfen Sie eine Virtuosin auf dem Violoncello.<\/p>\n<\/div>\n<p><strong><a href=\"https:\/\/www.mariazell-wienerwald.at\/en\/buchbare-angebote\/?re-product-id=187746\" target=\"_blank\" rel=\"noopener\"><em>Erm\u00e4\u00dfigungen bzw. Freikarten<\/em> f\u00fcr Mitglieder des Vereins Mariazell im Wienerwald, <\/a><a href=\"https:\/\/www.mariazell-wienerwald.at\/en\/mitglied\/\">n\u00e4here Infos hier<\/a><\/strong><\/p>\n<p><strong><a href=\"https:\/\/www.mariazell-wienerwald.at\/en\/buchbare-angebote\/?re-product-id=187746\" target=\"_blank\" rel=\"noopener\">Mehr Infos und Tickets<\/a><\/strong><\/p>\n<p>&nbsp;<\/p>","protected":false},"author":3,"featured_media":4473,"menu_order":0,"comment_status":"open","ping_status":"closed","template":"","meta":{"_acf_changed":false},"tags":[],"event_type":[27,22],"event_type_2":[],"class_list":["post-4472","ajde_events","type-ajde_events","status-publish","has-post-thumbnail","hentry","event_location-wallfahrtskirche-altenmarkt","event_type-museen-und-themenwege","event_type-musik-theater"],"acf":[],"yoast_head":"<!-- This site is optimized with the Yoast SEO plugin v23.1 - https:\/\/yoast.com\/wordpress\/plugins\/seo\/ -->\n<title>Festival CELLENSIS: Kirchenkonzert mit Carola Krebs, Emma Schaffer und Maria E. M\u00fcller - Mariazell im Wienerwald<\/title>\n<meta name=\"robots\" content=\"index, follow, max-snippet:-1, max-image-preview:large, max-video-preview:-1\" \/>\n<link rel=\"canonical\" href=\"https:\/\/www.mariazell-wienerwald.at\/en\/veranstaltungen\/festival-cellensis-kirchenkonzert-mit-carola-krebs-emma-schaffer-und-maria-e-mueller\/\" \/>\n<meta property=\"og:locale\" content=\"en_US\" \/>\n<meta property=\"og:type\" content=\"article\" \/>\n<meta property=\"og:title\" content=\"Festival CELLENSIS: Kirchenkonzert mit Carola Krebs, Emma Schaffer und Maria E. M\u00fcller - Mariazell im Wienerwald\" \/>\n<meta property=\"og:description\" content=\"Carola Krebs (Violoncello), Emma Schaffer (Klavier), Maria Elisabeth M\u00fcller (Fl\u00f6te) \u201eDas Cello r\u00fchrt auf tiefer, unergr\u00fcndlicher Ebene an unser Gef\u00fchl\u201c, meinte der Geiger Yehudi Menuhin und es gibt einiges, was die Einzigartigkeit des Instrumentes ausmacht: seine gro\u00dfe lyrische Qualit\u00e4t, sein einzigartiger sanft-dunkler Klang, sicher aber auch die Form und Gr\u00f6\u00dfe des Instruments, das von seinem [&hellip;]\" \/>\n<meta property=\"og:url\" content=\"https:\/\/www.mariazell-wienerwald.at\/en\/veranstaltungen\/festival-cellensis-kirchenkonzert-mit-carola-krebs-emma-schaffer-und-maria-e-mueller\/\" \/>\n<meta property=\"og:site_name\" content=\"Mariazell im Wienerwald\" \/>\n<meta property=\"article:modified_time\" content=\"2021-09-10T09:39:53+00:00\" \/>\n<meta property=\"og:image\" content=\"https:\/\/www.mariazell-wienerwald.at\/wp-content\/uploads\/2021\/09\/big-ticket-image-610eaf3b66a1b176591278-cropped600-400.jpg\" \/>\n\t<meta property=\"og:image:width\" content=\"600\" \/>\n\t<meta property=\"og:image:height\" content=\"400\" \/>\n\t<meta property=\"og:image:type\" content=\"image\/jpeg\" \/>\n<meta name=\"twitter:card\" content=\"summary_large_image\" \/>\n<meta name=\"twitter:label1\" content=\"Est. reading time\" \/>\n\t<meta name=\"twitter:data1\" content=\"1 minute\" \/>\n<script type=\"application\/ld+json\" class=\"yoast-schema-graph\">{\"@context\":\"https:\/\/schema.org\",\"@graph\":[{\"@type\":\"WebPage\",\"@id\":\"https:\/\/www.mariazell-wienerwald.at\/veranstaltungen\/festival-cellensis-kirchenkonzert-mit-carola-krebs-emma-schaffer-und-maria-e-mueller\/\",\"url\":\"https:\/\/www.mariazell-wienerwald.at\/veranstaltungen\/festival-cellensis-kirchenkonzert-mit-carola-krebs-emma-schaffer-und-maria-e-mueller\/\",\"name\":\"Festival CELLENSIS: Kirchenkonzert mit Carola Krebs, Emma Schaffer und Maria E. M\u00fcller - Mariazell im Wienerwald\",\"isPartOf\":{\"@id\":\"https:\/\/www.mariazell-wienerwald.at\/#website\"},\"primaryImageOfPage\":{\"@id\":\"https:\/\/www.mariazell-wienerwald.at\/veranstaltungen\/festival-cellensis-kirchenkonzert-mit-carola-krebs-emma-schaffer-und-maria-e-mueller\/#primaryimage\"},\"image\":{\"@id\":\"https:\/\/www.mariazell-wienerwald.at\/veranstaltungen\/festival-cellensis-kirchenkonzert-mit-carola-krebs-emma-schaffer-und-maria-e-mueller\/#primaryimage\"},\"thumbnailUrl\":\"https:\/\/www.mariazell-wienerwald.at\/wp-content\/uploads\/2021\/09\/big-ticket-image-610eaf3b66a1b176591278-cropped600-400.jpg\",\"datePublished\":\"2021-09-10T09:23:16+00:00\",\"dateModified\":\"2021-09-10T09:39:53+00:00\",\"breadcrumb\":{\"@id\":\"https:\/\/www.mariazell-wienerwald.at\/veranstaltungen\/festival-cellensis-kirchenkonzert-mit-carola-krebs-emma-schaffer-und-maria-e-mueller\/#breadcrumb\"},\"inLanguage\":\"en-US\",\"potentialAction\":[{\"@type\":\"ReadAction\",\"target\":[\"https:\/\/www.mariazell-wienerwald.at\/veranstaltungen\/festival-cellensis-kirchenkonzert-mit-carola-krebs-emma-schaffer-und-maria-e-mueller\/\"]}]},{\"@type\":\"ImageObject\",\"inLanguage\":\"en-US\",\"@id\":\"https:\/\/www.mariazell-wienerwald.at\/veranstaltungen\/festival-cellensis-kirchenkonzert-mit-carola-krebs-emma-schaffer-und-maria-e-mueller\/#primaryimage\",\"url\":\"https:\/\/www.mariazell-wienerwald.at\/wp-content\/uploads\/2021\/09\/big-ticket-image-610eaf3b66a1b176591278-cropped600-400.jpg\",\"contentUrl\":\"https:\/\/www.mariazell-wienerwald.at\/wp-content\/uploads\/2021\/09\/big-ticket-image-610eaf3b66a1b176591278-cropped600-400.jpg\",\"width\":600,\"height\":400},{\"@type\":\"BreadcrumbList\",\"@id\":\"https:\/\/www.mariazell-wienerwald.at\/veranstaltungen\/festival-cellensis-kirchenkonzert-mit-carola-krebs-emma-schaffer-und-maria-e-mueller\/#breadcrumb\",\"itemListElement\":[{\"@type\":\"ListItem\",\"position\":1,\"name\":\"Startseite\",\"item\":\"https:\/\/www.mariazell-wienerwald.at\/\"},{\"@type\":\"ListItem\",\"position\":2,\"name\":\"Events\",\"item\":\"http:\/\/www.mariazell-wienerwald.at\/en\/veranstaltungen\/\"},{\"@type\":\"ListItem\",\"position\":3,\"name\":\"Festival CELLENSIS: Kirchenkonzert mit Carola Krebs, Emma Schaffer und Maria E. M\u00fcller\"}]},{\"@type\":\"WebSite\",\"@id\":\"https:\/\/www.mariazell-wienerwald.at\/#website\",\"url\":\"https:\/\/www.mariazell-wienerwald.at\/\",\"name\":\"Mariazell im Wienerwald\",\"description\":\"\",\"potentialAction\":[{\"@type\":\"SearchAction\",\"target\":{\"@type\":\"EntryPoint\",\"urlTemplate\":\"https:\/\/www.mariazell-wienerwald.at\/?s={search_term_string}\"},\"query-input\":\"required name=search_term_string\"}],\"inLanguage\":\"en-US\"}]}<\/script>\n<!-- \/ Yoast SEO plugin. -->","yoast_head_json":{"title":"Festival CELLENSIS: Kirchenkonzert mit Carola Krebs, Emma Schaffer und Maria E. M\u00fcller - Mariazell im Wienerwald","robots":{"index":"index","follow":"follow","max-snippet":"max-snippet:-1","max-image-preview":"max-image-preview:large","max-video-preview":"max-video-preview:-1"},"canonical":"https:\/\/www.mariazell-wienerwald.at\/en\/veranstaltungen\/festival-cellensis-kirchenkonzert-mit-carola-krebs-emma-schaffer-und-maria-e-mueller\/","og_locale":"en_US","og_type":"article","og_title":"Festival CELLENSIS: Kirchenkonzert mit Carola Krebs, Emma Schaffer und Maria E. M\u00fcller - Mariazell im Wienerwald","og_description":"Carola Krebs (Violoncello), Emma Schaffer (Klavier), Maria Elisabeth M\u00fcller (Fl\u00f6te) \u201eDas Cello r\u00fchrt auf tiefer, unergr\u00fcndlicher Ebene an unser Gef\u00fchl\u201c, meinte der Geiger Yehudi Menuhin und es gibt einiges, was die Einzigartigkeit des Instrumentes ausmacht: seine gro\u00dfe lyrische Qualit\u00e4t, sein einzigartiger sanft-dunkler Klang, sicher aber auch die Form und Gr\u00f6\u00dfe des Instruments, das von seinem [&hellip;]","og_url":"https:\/\/www.mariazell-wienerwald.at\/en\/veranstaltungen\/festival-cellensis-kirchenkonzert-mit-carola-krebs-emma-schaffer-und-maria-e-mueller\/","og_site_name":"Mariazell im Wienerwald","article_modified_time":"2021-09-10T09:39:53+00:00","og_image":[{"width":600,"height":400,"url":"https:\/\/www.mariazell-wienerwald.at\/wp-content\/uploads\/2021\/09\/big-ticket-image-610eaf3b66a1b176591278-cropped600-400.jpg","type":"image\/jpeg"}],"twitter_card":"summary_large_image","twitter_misc":{"Est. reading time":"1 minute"},"schema":{"@context":"https:\/\/schema.org","@graph":[{"@type":"WebPage","@id":"https:\/\/www.mariazell-wienerwald.at\/veranstaltungen\/festival-cellensis-kirchenkonzert-mit-carola-krebs-emma-schaffer-und-maria-e-mueller\/","url":"https:\/\/www.mariazell-wienerwald.at\/veranstaltungen\/festival-cellensis-kirchenkonzert-mit-carola-krebs-emma-schaffer-und-maria-e-mueller\/","name":"Festival CELLENSIS: Kirchenkonzert mit Carola Krebs, Emma Schaffer und Maria E. M\u00fcller - Mariazell im Wienerwald","isPartOf":{"@id":"https:\/\/www.mariazell-wienerwald.at\/#website"},"primaryImageOfPage":{"@id":"https:\/\/www.mariazell-wienerwald.at\/veranstaltungen\/festival-cellensis-kirchenkonzert-mit-carola-krebs-emma-schaffer-und-maria-e-mueller\/#primaryimage"},"image":{"@id":"https:\/\/www.mariazell-wienerwald.at\/veranstaltungen\/festival-cellensis-kirchenkonzert-mit-carola-krebs-emma-schaffer-und-maria-e-mueller\/#primaryimage"},"thumbnailUrl":"https:\/\/www.mariazell-wienerwald.at\/wp-content\/uploads\/2021\/09\/big-ticket-image-610eaf3b66a1b176591278-cropped600-400.jpg","datePublished":"2021-09-10T09:23:16+00:00","dateModified":"2021-09-10T09:39:53+00:00","breadcrumb":{"@id":"https:\/\/www.mariazell-wienerwald.at\/veranstaltungen\/festival-cellensis-kirchenkonzert-mit-carola-krebs-emma-schaffer-und-maria-e-mueller\/#breadcrumb"},"inLanguage":"en-US","potentialAction":[{"@type":"ReadAction","target":["https:\/\/www.mariazell-wienerwald.at\/veranstaltungen\/festival-cellensis-kirchenkonzert-mit-carola-krebs-emma-schaffer-und-maria-e-mueller\/"]}]},{"@type":"ImageObject","inLanguage":"en-US","@id":"https:\/\/www.mariazell-wienerwald.at\/veranstaltungen\/festival-cellensis-kirchenkonzert-mit-carola-krebs-emma-schaffer-und-maria-e-mueller\/#primaryimage","url":"https:\/\/www.mariazell-wienerwald.at\/wp-content\/uploads\/2021\/09\/big-ticket-image-610eaf3b66a1b176591278-cropped600-400.jpg","contentUrl":"https:\/\/www.mariazell-wienerwald.at\/wp-content\/uploads\/2021\/09\/big-ticket-image-610eaf3b66a1b176591278-cropped600-400.jpg","width":600,"height":400},{"@type":"BreadcrumbList","@id":"https:\/\/www.mariazell-wienerwald.at\/veranstaltungen\/festival-cellensis-kirchenkonzert-mit-carola-krebs-emma-schaffer-und-maria-e-mueller\/#breadcrumb","itemListElement":[{"@type":"ListItem","position":1,"name":"Startseite","item":"https:\/\/www.mariazell-wienerwald.at\/"},{"@type":"ListItem","position":2,"name":"Events","item":"http:\/\/www.mariazell-wienerwald.at\/en\/veranstaltungen\/"},{"@type":"ListItem","position":3,"name":"Festival CELLENSIS: Kirchenkonzert mit Carola Krebs, Emma Schaffer und Maria E. M\u00fcller"}]},{"@type":"WebSite","@id":"https:\/\/www.mariazell-wienerwald.at\/#website","url":"https:\/\/www.mariazell-wienerwald.at\/","name":"Mariazell im Wienerwald","description":"","potentialAction":[{"@type":"SearchAction","target":{"@type":"EntryPoint","urlTemplate":"https:\/\/www.mariazell-wienerwald.at\/?s={search_term_string}"},"query-input":"required name=search_term_string"}],"inLanguage":"en-US"}]}},"_links":{"self":[{"href":"https:\/\/www.mariazell-wienerwald.at\/en\/wp-json\/wp\/v2\/ajde_events\/4472"}],"collection":[{"href":"https:\/\/www.mariazell-wienerwald.at\/en\/wp-json\/wp\/v2\/ajde_events"}],"about":[{"href":"https:\/\/www.mariazell-wienerwald.at\/en\/wp-json\/wp\/v2\/types\/ajde_events"}],"author":[{"embeddable":true,"href":"https:\/\/www.mariazell-wienerwald.at\/en\/wp-json\/wp\/v2\/users\/3"}],"replies":[{"embeddable":true,"href":"https:\/\/www.mariazell-wienerwald.at\/en\/wp-json\/wp\/v2\/comments?post=4472"}],"wp:featuredmedia":[{"embeddable":true,"href":"https:\/\/www.mariazell-wienerwald.at\/en\/wp-json\/wp\/v2\/media\/4473"}],"wp:attachment":[{"href":"https:\/\/www.mariazell-wienerwald.at\/en\/wp-json\/wp\/v2\/media?parent=4472"}],"wp:term":[{"taxonomy":"post_tag","embeddable":true,"href":"https:\/\/www.mariazell-wienerwald.at\/en\/wp-json\/wp\/v2\/tags?post=4472"},{"taxonomy":"event_type","embeddable":true,"href":"https:\/\/www.mariazell-wienerwald.at\/en\/wp-json\/wp\/v2\/event_type?post=4472"},{"taxonomy":"event_type_2","embeddable":true,"href":"https:\/\/www.mariazell-wienerwald.at\/en\/wp-json\/wp\/v2\/event_type_2?post=4472"}],"curies":[{"name":"wp","href":"https:\/\/api.w.org\/{rel}","templated":true}]}}