{"id":5361,"date":"2023-02-13T08:22:14","date_gmt":"2023-02-13T07:22:14","guid":{"rendered":"https:\/\/www.mariazell-wienerwald.at\/veranstaltungen\/kamingespraech-orf-noe-radio-ausstrahlung\/"},"modified":"2023-02-13T08:25:14","modified_gmt":"2023-02-13T07:25:14","slug":"kamingespraech-orf-noe-radio-ausstrahlung","status":"publish","type":"ajde_events","link":"https:\/\/www.mariazell-wienerwald.at\/en\/veranstaltungen\/kamingespraech-orf-noe-radio-ausstrahlung\/","title":{"rendered":"Kamingespr\u00e4ch (ORF N\u00d6 &#8211; Radio-Ausstrahlung)"},"content":{"rendered":"<p><em>Das dritte Gespr\u00e4ch des Jahres aus der Reihe <\/em><em>\u201eKamingespr\u00e4che \u2013 Themen, die bewegen\u201c der Kultur.Region.Nieder\u00f6sterreich <\/em><em>bringt Thomas Aigner, Kristina Sprenger und Matthias Schorn zusammen. Sie sprechen am 8. M\u00e4rz im Kulturbahnhof Altenmarkt-Thenneberg \u00fcber \u201eZukunft Region \u2013 Wie Weltb\u00fcrger ihre Heimat gestalten\u201c. Moderiert wird in bew\u00e4hrter Weise von Michael Battisti vom ORF Nieder\u00f6sterreich.<\/em><\/p>\n<p>&nbsp;<\/p>\n<p>Drei Pers\u00f6nlichkeiten, die international wirken und sich zur gleichen Zeit f\u00fcr die Region engagieren, treffen am 8. M\u00e4rz ab 18.00 Uhr beim n\u00e4chsten Kamingespr\u00e4ch der Kultur.Region.Nieder\u00f6sterreich aufeinander. Im Kulturbahnhof Altenmarkt-Thenneberg behandeln Thomas Aigner (Historiker, Pr\u00e4sident \u201eMariazell im Wienerwald\u201c), Kristina Sprenger (Schauspielerin, Intendantin Festspiele Berndorf) und Matthias Schorn (Wiener Philharmoniker, Leiter Kulturbahnhof) das Thema \u201eZukunft Region &#8211; Wie Weltb\u00fcrger ihre Heimat gestalten\u201c. Der Kulturbahnhof Altenmarkt-Thenneberg, eine Haltestelle der Begegnung f\u00fcr Kunst aus allen Richtungen, wird zum Schauplatz einer fesselnden Diskussion \u00fcber das Spannungsfeld aus regionaler Verbundenheit und dem Drang nach der gro\u00dfen, weiten Welt.<\/p>\n<p>&nbsp;<\/p>\n<p><strong>Kamingespr\u00e4che \u2013 Themen, die bewegen<br \/>\n<\/strong><em>\u201eZukunft Region \u2013 Wie Weltb\u00fcrger ihre Heimat gestalten\u201c<strong><br \/>\n<\/strong><\/em><\/p>\n<p>Ausstrahlung der Aufzeichnung\u00a0 vom Mittwoch, 8. M\u00e4rz, 18.00 Uhr<br \/>\n<em>Kulturbahnhof Altenmarkt-Thenneberg<br \/>\n<\/em>2571 Altenmarkt an der Triesting, Thenneberg 63<br \/>\n<em>mit<\/em> <em>Thomas Aigner, Kristina Sprenger und Matthias Schor<\/em><\/p>","protected":false},"author":3,"featured_media":5360,"menu_order":0,"comment_status":"open","ping_status":"closed","template":"","meta":{"_acf_changed":false},"tags":[],"event_type":[33],"event_type_2":[],"class_list":["post-5361","ajde_events","type-ajde_events","status-publish","has-post-thumbnail","hentry","event_type-kulturstammtische"],"acf":[],"yoast_head":"<!-- This site is optimized with the Yoast SEO plugin v23.1 - https:\/\/yoast.com\/wordpress\/plugins\/seo\/ -->\n<title>Kamingespr\u00e4ch (ORF N\u00d6 - Radio-Ausstrahlung) - Mariazell im Wienerwald<\/title>\n<meta name=\"robots\" content=\"index, follow, max-snippet:-1, max-image-preview:large, max-video-preview:-1\" \/>\n<link rel=\"canonical\" href=\"https:\/\/www.mariazell-wienerwald.at\/en\/veranstaltungen\/kamingespraech-orf-noe-radio-ausstrahlung\/\" \/>\n<meta property=\"og:locale\" content=\"en_US\" \/>\n<meta property=\"og:type\" content=\"article\" \/>\n<meta property=\"og:title\" content=\"Kamingespr\u00e4ch (ORF N\u00d6 - Radio-Ausstrahlung) - Mariazell im Wienerwald\" \/>\n<meta property=\"og:description\" content=\"Das dritte Gespr\u00e4ch des Jahres aus der Reihe \u201eKamingespr\u00e4che \u2013 Themen, die bewegen\u201c der Kultur.Region.Nieder\u00f6sterreich bringt Thomas Aigner, Kristina Sprenger und Matthias Schorn zusammen. Sie sprechen am 8. M\u00e4rz im Kulturbahnhof Altenmarkt-Thenneberg \u00fcber \u201eZukunft Region \u2013 Wie Weltb\u00fcrger ihre Heimat gestalten\u201c. Moderiert wird in bew\u00e4hrter Weise von Michael Battisti vom ORF Nieder\u00f6sterreich. &nbsp; Drei Pers\u00f6nlichkeiten, [&hellip;]\" \/>\n<meta property=\"og:url\" content=\"https:\/\/www.mariazell-wienerwald.at\/en\/veranstaltungen\/kamingespraech-orf-noe-radio-ausstrahlung\/\" \/>\n<meta property=\"og:site_name\" content=\"Mariazell im Wienerwald\" \/>\n<meta property=\"article:modified_time\" content=\"2023-02-13T07:25:14+00:00\" \/>\n<meta property=\"og:image\" content=\"https:\/\/www.mariazell-wienerwald.at\/wp-content\/uploads\/2023\/02\/22AMI_KRNOe_06_Kamingespraeche_Screen_1920x1080px6.jpg\" \/>\n\t<meta property=\"og:image:width\" content=\"1920\" \/>\n\t<meta property=\"og:image:height\" content=\"1080\" \/>\n\t<meta property=\"og:image:type\" content=\"image\/jpeg\" \/>\n<meta name=\"twitter:card\" content=\"summary_large_image\" \/>\n<meta name=\"twitter:label1\" content=\"Est. reading time\" \/>\n\t<meta name=\"twitter:data1\" content=\"1 minute\" \/>\n<script type=\"application\/ld+json\" class=\"yoast-schema-graph\">{\"@context\":\"https:\/\/schema.org\",\"@graph\":[{\"@type\":\"WebPage\",\"@id\":\"https:\/\/www.mariazell-wienerwald.at\/veranstaltungen\/kamingespraech-orf-noe-radio-ausstrahlung\/\",\"url\":\"https:\/\/www.mariazell-wienerwald.at\/veranstaltungen\/kamingespraech-orf-noe-radio-ausstrahlung\/\",\"name\":\"Kamingespr\u00e4ch (ORF N\u00d6 - Radio-Ausstrahlung) - Mariazell im Wienerwald\",\"isPartOf\":{\"@id\":\"https:\/\/www.mariazell-wienerwald.at\/#website\"},\"primaryImageOfPage\":{\"@id\":\"https:\/\/www.mariazell-wienerwald.at\/veranstaltungen\/kamingespraech-orf-noe-radio-ausstrahlung\/#primaryimage\"},\"image\":{\"@id\":\"https:\/\/www.mariazell-wienerwald.at\/veranstaltungen\/kamingespraech-orf-noe-radio-ausstrahlung\/#primaryimage\"},\"thumbnailUrl\":\"https:\/\/www.mariazell-wienerwald.at\/wp-content\/uploads\/2023\/02\/22AMI_KRNOe_06_Kamingespraeche_Screen_1920x1080px6.jpg\",\"datePublished\":\"2023-02-13T07:22:14+00:00\",\"dateModified\":\"2023-02-13T07:25:14+00:00\",\"breadcrumb\":{\"@id\":\"https:\/\/www.mariazell-wienerwald.at\/veranstaltungen\/kamingespraech-orf-noe-radio-ausstrahlung\/#breadcrumb\"},\"inLanguage\":\"en-US\",\"potentialAction\":[{\"@type\":\"ReadAction\",\"target\":[\"https:\/\/www.mariazell-wienerwald.at\/veranstaltungen\/kamingespraech-orf-noe-radio-ausstrahlung\/\"]}]},{\"@type\":\"ImageObject\",\"inLanguage\":\"en-US\",\"@id\":\"https:\/\/www.mariazell-wienerwald.at\/veranstaltungen\/kamingespraech-orf-noe-radio-ausstrahlung\/#primaryimage\",\"url\":\"https:\/\/www.mariazell-wienerwald.at\/wp-content\/uploads\/2023\/02\/22AMI_KRNOe_06_Kamingespraeche_Screen_1920x1080px6.jpg\",\"contentUrl\":\"https:\/\/www.mariazell-wienerwald.at\/wp-content\/uploads\/2023\/02\/22AMI_KRNOe_06_Kamingespraeche_Screen_1920x1080px6.jpg\",\"width\":1920,\"height\":1080},{\"@type\":\"BreadcrumbList\",\"@id\":\"https:\/\/www.mariazell-wienerwald.at\/veranstaltungen\/kamingespraech-orf-noe-radio-ausstrahlung\/#breadcrumb\",\"itemListElement\":[{\"@type\":\"ListItem\",\"position\":1,\"name\":\"Startseite\",\"item\":\"https:\/\/www.mariazell-wienerwald.at\/\"},{\"@type\":\"ListItem\",\"position\":2,\"name\":\"Events\",\"item\":\"http:\/\/www.mariazell-wienerwald.at\/en\/veranstaltungen\/\"},{\"@type\":\"ListItem\",\"position\":3,\"name\":\"Kamingespr\u00e4ch (ORF N\u00d6 &#8211; Radio-Ausstrahlung)\"}]},{\"@type\":\"WebSite\",\"@id\":\"https:\/\/www.mariazell-wienerwald.at\/#website\",\"url\":\"https:\/\/www.mariazell-wienerwald.at\/\",\"name\":\"Mariazell im Wienerwald\",\"description\":\"\",\"potentialAction\":[{\"@type\":\"SearchAction\",\"target\":{\"@type\":\"EntryPoint\",\"urlTemplate\":\"https:\/\/www.mariazell-wienerwald.at\/?s={search_term_string}\"},\"query-input\":\"required name=search_term_string\"}],\"inLanguage\":\"en-US\"}]}<\/script>\n<!-- \/ Yoast SEO plugin. -->","yoast_head_json":{"title":"Kamingespr\u00e4ch (ORF N\u00d6 - Radio-Ausstrahlung) - Mariazell im Wienerwald","robots":{"index":"index","follow":"follow","max-snippet":"max-snippet:-1","max-image-preview":"max-image-preview:large","max-video-preview":"max-video-preview:-1"},"canonical":"https:\/\/www.mariazell-wienerwald.at\/en\/veranstaltungen\/kamingespraech-orf-noe-radio-ausstrahlung\/","og_locale":"en_US","og_type":"article","og_title":"Kamingespr\u00e4ch (ORF N\u00d6 - Radio-Ausstrahlung) - Mariazell im Wienerwald","og_description":"Das dritte Gespr\u00e4ch des Jahres aus der Reihe \u201eKamingespr\u00e4che \u2013 Themen, die bewegen\u201c der Kultur.Region.Nieder\u00f6sterreich bringt Thomas Aigner, Kristina Sprenger und Matthias Schorn zusammen. Sie sprechen am 8. M\u00e4rz im Kulturbahnhof Altenmarkt-Thenneberg \u00fcber \u201eZukunft Region \u2013 Wie Weltb\u00fcrger ihre Heimat gestalten\u201c. Moderiert wird in bew\u00e4hrter Weise von Michael Battisti vom ORF Nieder\u00f6sterreich. &nbsp; Drei Pers\u00f6nlichkeiten, [&hellip;]","og_url":"https:\/\/www.mariazell-wienerwald.at\/en\/veranstaltungen\/kamingespraech-orf-noe-radio-ausstrahlung\/","og_site_name":"Mariazell im Wienerwald","article_modified_time":"2023-02-13T07:25:14+00:00","og_image":[{"width":1920,"height":1080,"url":"https:\/\/www.mariazell-wienerwald.at\/wp-content\/uploads\/2023\/02\/22AMI_KRNOe_06_Kamingespraeche_Screen_1920x1080px6.jpg","type":"image\/jpeg"}],"twitter_card":"summary_large_image","twitter_misc":{"Est. reading time":"1 minute"},"schema":{"@context":"https:\/\/schema.org","@graph":[{"@type":"WebPage","@id":"https:\/\/www.mariazell-wienerwald.at\/veranstaltungen\/kamingespraech-orf-noe-radio-ausstrahlung\/","url":"https:\/\/www.mariazell-wienerwald.at\/veranstaltungen\/kamingespraech-orf-noe-radio-ausstrahlung\/","name":"Kamingespr\u00e4ch (ORF N\u00d6 - Radio-Ausstrahlung) - Mariazell im Wienerwald","isPartOf":{"@id":"https:\/\/www.mariazell-wienerwald.at\/#website"},"primaryImageOfPage":{"@id":"https:\/\/www.mariazell-wienerwald.at\/veranstaltungen\/kamingespraech-orf-noe-radio-ausstrahlung\/#primaryimage"},"image":{"@id":"https:\/\/www.mariazell-wienerwald.at\/veranstaltungen\/kamingespraech-orf-noe-radio-ausstrahlung\/#primaryimage"},"thumbnailUrl":"https:\/\/www.mariazell-wienerwald.at\/wp-content\/uploads\/2023\/02\/22AMI_KRNOe_06_Kamingespraeche_Screen_1920x1080px6.jpg","datePublished":"2023-02-13T07:22:14+00:00","dateModified":"2023-02-13T07:25:14+00:00","breadcrumb":{"@id":"https:\/\/www.mariazell-wienerwald.at\/veranstaltungen\/kamingespraech-orf-noe-radio-ausstrahlung\/#breadcrumb"},"inLanguage":"en-US","potentialAction":[{"@type":"ReadAction","target":["https:\/\/www.mariazell-wienerwald.at\/veranstaltungen\/kamingespraech-orf-noe-radio-ausstrahlung\/"]}]},{"@type":"ImageObject","inLanguage":"en-US","@id":"https:\/\/www.mariazell-wienerwald.at\/veranstaltungen\/kamingespraech-orf-noe-radio-ausstrahlung\/#primaryimage","url":"https:\/\/www.mariazell-wienerwald.at\/wp-content\/uploads\/2023\/02\/22AMI_KRNOe_06_Kamingespraeche_Screen_1920x1080px6.jpg","contentUrl":"https:\/\/www.mariazell-wienerwald.at\/wp-content\/uploads\/2023\/02\/22AMI_KRNOe_06_Kamingespraeche_Screen_1920x1080px6.jpg","width":1920,"height":1080},{"@type":"BreadcrumbList","@id":"https:\/\/www.mariazell-wienerwald.at\/veranstaltungen\/kamingespraech-orf-noe-radio-ausstrahlung\/#breadcrumb","itemListElement":[{"@type":"ListItem","position":1,"name":"Startseite","item":"https:\/\/www.mariazell-wienerwald.at\/"},{"@type":"ListItem","position":2,"name":"Events","item":"http:\/\/www.mariazell-wienerwald.at\/en\/veranstaltungen\/"},{"@type":"ListItem","position":3,"name":"Kamingespr\u00e4ch (ORF N\u00d6 &#8211; Radio-Ausstrahlung)"}]},{"@type":"WebSite","@id":"https:\/\/www.mariazell-wienerwald.at\/#website","url":"https:\/\/www.mariazell-wienerwald.at\/","name":"Mariazell im Wienerwald","description":"","potentialAction":[{"@type":"SearchAction","target":{"@type":"EntryPoint","urlTemplate":"https:\/\/www.mariazell-wienerwald.at\/?s={search_term_string}"},"query-input":"required name=search_term_string"}],"inLanguage":"en-US"}]}},"_links":{"self":[{"href":"https:\/\/www.mariazell-wienerwald.at\/en\/wp-json\/wp\/v2\/ajde_events\/5361"}],"collection":[{"href":"https:\/\/www.mariazell-wienerwald.at\/en\/wp-json\/wp\/v2\/ajde_events"}],"about":[{"href":"https:\/\/www.mariazell-wienerwald.at\/en\/wp-json\/wp\/v2\/types\/ajde_events"}],"author":[{"embeddable":true,"href":"https:\/\/www.mariazell-wienerwald.at\/en\/wp-json\/wp\/v2\/users\/3"}],"replies":[{"embeddable":true,"href":"https:\/\/www.mariazell-wienerwald.at\/en\/wp-json\/wp\/v2\/comments?post=5361"}],"wp:featuredmedia":[{"embeddable":true,"href":"https:\/\/www.mariazell-wienerwald.at\/en\/wp-json\/wp\/v2\/media\/5360"}],"wp:attachment":[{"href":"https:\/\/www.mariazell-wienerwald.at\/en\/wp-json\/wp\/v2\/media?parent=5361"}],"wp:term":[{"taxonomy":"post_tag","embeddable":true,"href":"https:\/\/www.mariazell-wienerwald.at\/en\/wp-json\/wp\/v2\/tags?post=5361"},{"taxonomy":"event_type","embeddable":true,"href":"https:\/\/www.mariazell-wienerwald.at\/en\/wp-json\/wp\/v2\/event_type?post=5361"},{"taxonomy":"event_type_2","embeddable":true,"href":"https:\/\/www.mariazell-wienerwald.at\/en\/wp-json\/wp\/v2\/event_type_2?post=5361"}],"curies":[{"name":"wp","href":"https:\/\/api.w.org\/{rel}","templated":true}]}}