{"id":6279,"date":"2024-05-06T11:06:11","date_gmt":"2024-05-06T09:06:11","guid":{"rendered":"https:\/\/www.mariazell-wienerwald.at\/?post_type=ajde_events&#038;p=6279"},"modified":"2024-07-04T16:25:15","modified_gmt":"2024-07-04T14:25:15","slug":"joerg-schneider-friends-8-0","status":"publish","type":"ajde_events","link":"https:\/\/www.mariazell-wienerwald.at\/en\/veranstaltungen\/joerg-schneider-friends-8-0\/","title":{"rendered":"J\u00f6rg Schneider &#038; Friends 8.0"},"content":{"rendered":"<p>Bereits zum achten Mal l\u00e4dt Staatsoperntenor J\u00f6rg Schneider auf den \u00a0Hafnerberg in den wundersch\u00f6nen Arkadenhof der Wallfahrtskirche zu einem Konzert unter dem Titel \u201eOperettenschmankerl\u201c ein. Mit dabei sind wieder Kolleginnen und Kollegen, wie Cornelia H\u00fcbsch (Baden), Juliette Khalil (Volksoper Wien), Kurt Alois Kind (Luxemburg) und Michael Havlicek (Volksoper Wien). Begleitet werden die K\u00fcnstler bei die diesem au\u00dfergew\u00f6hnlichen Konzertabend von Gabriele Andel am Klavier. Nat\u00fcrlich wird auch J\u00f6rg Schneider singen und au\u00dferdem steht auch noch die eine oder andere \u00dcberraschung auf dem Programm. Beginn der Veranstaltung ist um 17.00 Uhr.<\/p>\n<p>Eintritt: Erwachsene 23 Euro (Kinder bis 14 Jahre: 10 Euro)<\/p>\n<p>Karten gibt es im Gemeindeamt Altenmarkt an der Triesting und an der Abendkasse.<\/p>","protected":false},"author":5,"featured_media":6311,"menu_order":0,"comment_status":"open","ping_status":"closed","template":"","meta":{"_acf_changed":false},"tags":[],"event_type":[22],"event_type_2":[],"class_list":["post-6279","ajde_events","type-ajde_events","status-publish","has-post-thumbnail","hentry","event_location-hafnerberg-arkadenhof","event_organizer-verein-freunde-der-wallfahrtskirche-zu-unserer-lieben-frau-am-hafnerberg","event_type-musik-theater"],"acf":[],"yoast_head":"<!-- This site is optimized with the Yoast SEO plugin v23.1 - https:\/\/yoast.com\/wordpress\/plugins\/seo\/ -->\n<title>J\u00f6rg Schneider &amp; Friends 8.0 - Mariazell im Wienerwald<\/title>\n<meta name=\"robots\" content=\"index, follow, max-snippet:-1, max-image-preview:large, max-video-preview:-1\" \/>\n<link rel=\"canonical\" href=\"https:\/\/www.mariazell-wienerwald.at\/en\/veranstaltungen\/joerg-schneider-friends-8-0\/\" \/>\n<meta property=\"og:locale\" content=\"en_US\" \/>\n<meta property=\"og:type\" content=\"article\" \/>\n<meta property=\"og:title\" content=\"J\u00f6rg Schneider &amp; Friends 8.0 - Mariazell im Wienerwald\" \/>\n<meta property=\"og:description\" content=\"Bereits zum achten Mal l\u00e4dt Staatsoperntenor J\u00f6rg Schneider auf den \u00a0Hafnerberg in den wundersch\u00f6nen Arkadenhof der Wallfahrtskirche zu einem Konzert unter dem Titel \u201eOperettenschmankerl\u201c ein. Mit dabei sind wieder Kolleginnen und Kollegen, wie Cornelia H\u00fcbsch (Baden), Juliette Khalil (Volksoper Wien), Kurt Alois Kind (Luxemburg) und Michael Havlicek (Volksoper Wien). Begleitet werden die K\u00fcnstler bei die [&hellip;]\" \/>\n<meta property=\"og:url\" content=\"https:\/\/www.mariazell-wienerwald.at\/en\/veranstaltungen\/joerg-schneider-friends-8-0\/\" \/>\n<meta property=\"og:site_name\" content=\"Mariazell im Wienerwald\" \/>\n<meta property=\"article:modified_time\" content=\"2024-07-04T14:25:15+00:00\" \/>\n<meta property=\"og:image\" content=\"https:\/\/www.mariazell-wienerwald.at\/wp-content\/uploads\/2024\/05\/Joerg-Schneider-Friends-8.0-725x1024.jpg\" \/>\n\t<meta property=\"og:image:width\" content=\"725\" \/>\n\t<meta property=\"og:image:height\" content=\"1024\" \/>\n\t<meta property=\"og:image:type\" content=\"image\/jpeg\" \/>\n<meta name=\"twitter:card\" content=\"summary_large_image\" \/>\n<meta name=\"twitter:label1\" content=\"Est. reading time\" \/>\n\t<meta name=\"twitter:data1\" content=\"1 minute\" \/>\n<script type=\"application\/ld+json\" class=\"yoast-schema-graph\">{\"@context\":\"https:\/\/schema.org\",\"@graph\":[{\"@type\":\"WebPage\",\"@id\":\"https:\/\/www.mariazell-wienerwald.at\/veranstaltungen\/joerg-schneider-friends-8-0\/\",\"url\":\"https:\/\/www.mariazell-wienerwald.at\/veranstaltungen\/joerg-schneider-friends-8-0\/\",\"name\":\"J\u00f6rg Schneider & Friends 8.0 - Mariazell im Wienerwald\",\"isPartOf\":{\"@id\":\"https:\/\/www.mariazell-wienerwald.at\/#website\"},\"primaryImageOfPage\":{\"@id\":\"https:\/\/www.mariazell-wienerwald.at\/veranstaltungen\/joerg-schneider-friends-8-0\/#primaryimage\"},\"image\":{\"@id\":\"https:\/\/www.mariazell-wienerwald.at\/veranstaltungen\/joerg-schneider-friends-8-0\/#primaryimage\"},\"thumbnailUrl\":\"https:\/\/www.mariazell-wienerwald.at\/wp-content\/uploads\/2024\/05\/Joerg-Schneider-Friends-8.0.jpg\",\"datePublished\":\"2024-05-06T09:06:11+00:00\",\"dateModified\":\"2024-07-04T14:25:15+00:00\",\"breadcrumb\":{\"@id\":\"https:\/\/www.mariazell-wienerwald.at\/veranstaltungen\/joerg-schneider-friends-8-0\/#breadcrumb\"},\"inLanguage\":\"en-US\",\"potentialAction\":[{\"@type\":\"ReadAction\",\"target\":[\"https:\/\/www.mariazell-wienerwald.at\/veranstaltungen\/joerg-schneider-friends-8-0\/\"]}]},{\"@type\":\"ImageObject\",\"inLanguage\":\"en-US\",\"@id\":\"https:\/\/www.mariazell-wienerwald.at\/veranstaltungen\/joerg-schneider-friends-8-0\/#primaryimage\",\"url\":\"https:\/\/www.mariazell-wienerwald.at\/wp-content\/uploads\/2024\/05\/Joerg-Schneider-Friends-8.0.jpg\",\"contentUrl\":\"https:\/\/www.mariazell-wienerwald.at\/wp-content\/uploads\/2024\/05\/Joerg-Schneider-Friends-8.0.jpg\",\"width\":1770,\"height\":2500},{\"@type\":\"BreadcrumbList\",\"@id\":\"https:\/\/www.mariazell-wienerwald.at\/veranstaltungen\/joerg-schneider-friends-8-0\/#breadcrumb\",\"itemListElement\":[{\"@type\":\"ListItem\",\"position\":1,\"name\":\"Startseite\",\"item\":\"https:\/\/www.mariazell-wienerwald.at\/\"},{\"@type\":\"ListItem\",\"position\":2,\"name\":\"Events\",\"item\":\"http:\/\/www.mariazell-wienerwald.at\/en\/veranstaltungen\/\"},{\"@type\":\"ListItem\",\"position\":3,\"name\":\"J\u00f6rg Schneider &#038; Friends 8.0\"}]},{\"@type\":\"WebSite\",\"@id\":\"https:\/\/www.mariazell-wienerwald.at\/#website\",\"url\":\"https:\/\/www.mariazell-wienerwald.at\/\",\"name\":\"Mariazell im Wienerwald\",\"description\":\"\",\"potentialAction\":[{\"@type\":\"SearchAction\",\"target\":{\"@type\":\"EntryPoint\",\"urlTemplate\":\"https:\/\/www.mariazell-wienerwald.at\/?s={search_term_string}\"},\"query-input\":\"required name=search_term_string\"}],\"inLanguage\":\"en-US\"}]}<\/script>\n<!-- \/ Yoast SEO plugin. -->","yoast_head_json":{"title":"J\u00f6rg Schneider & Friends 8.0 - Mariazell im Wienerwald","robots":{"index":"index","follow":"follow","max-snippet":"max-snippet:-1","max-image-preview":"max-image-preview:large","max-video-preview":"max-video-preview:-1"},"canonical":"https:\/\/www.mariazell-wienerwald.at\/en\/veranstaltungen\/joerg-schneider-friends-8-0\/","og_locale":"en_US","og_type":"article","og_title":"J\u00f6rg Schneider & Friends 8.0 - Mariazell im Wienerwald","og_description":"Bereits zum achten Mal l\u00e4dt Staatsoperntenor J\u00f6rg Schneider auf den \u00a0Hafnerberg in den wundersch\u00f6nen Arkadenhof der Wallfahrtskirche zu einem Konzert unter dem Titel \u201eOperettenschmankerl\u201c ein. Mit dabei sind wieder Kolleginnen und Kollegen, wie Cornelia H\u00fcbsch (Baden), Juliette Khalil (Volksoper Wien), Kurt Alois Kind (Luxemburg) und Michael Havlicek (Volksoper Wien). Begleitet werden die K\u00fcnstler bei die [&hellip;]","og_url":"https:\/\/www.mariazell-wienerwald.at\/en\/veranstaltungen\/joerg-schneider-friends-8-0\/","og_site_name":"Mariazell im Wienerwald","article_modified_time":"2024-07-04T14:25:15+00:00","og_image":[{"width":725,"height":1024,"url":"https:\/\/www.mariazell-wienerwald.at\/wp-content\/uploads\/2024\/05\/Joerg-Schneider-Friends-8.0-725x1024.jpg","type":"image\/jpeg"}],"twitter_card":"summary_large_image","twitter_misc":{"Est. reading time":"1 minute"},"schema":{"@context":"https:\/\/schema.org","@graph":[{"@type":"WebPage","@id":"https:\/\/www.mariazell-wienerwald.at\/veranstaltungen\/joerg-schneider-friends-8-0\/","url":"https:\/\/www.mariazell-wienerwald.at\/veranstaltungen\/joerg-schneider-friends-8-0\/","name":"J\u00f6rg Schneider & Friends 8.0 - Mariazell im Wienerwald","isPartOf":{"@id":"https:\/\/www.mariazell-wienerwald.at\/#website"},"primaryImageOfPage":{"@id":"https:\/\/www.mariazell-wienerwald.at\/veranstaltungen\/joerg-schneider-friends-8-0\/#primaryimage"},"image":{"@id":"https:\/\/www.mariazell-wienerwald.at\/veranstaltungen\/joerg-schneider-friends-8-0\/#primaryimage"},"thumbnailUrl":"https:\/\/www.mariazell-wienerwald.at\/wp-content\/uploads\/2024\/05\/Joerg-Schneider-Friends-8.0.jpg","datePublished":"2024-05-06T09:06:11+00:00","dateModified":"2024-07-04T14:25:15+00:00","breadcrumb":{"@id":"https:\/\/www.mariazell-wienerwald.at\/veranstaltungen\/joerg-schneider-friends-8-0\/#breadcrumb"},"inLanguage":"en-US","potentialAction":[{"@type":"ReadAction","target":["https:\/\/www.mariazell-wienerwald.at\/veranstaltungen\/joerg-schneider-friends-8-0\/"]}]},{"@type":"ImageObject","inLanguage":"en-US","@id":"https:\/\/www.mariazell-wienerwald.at\/veranstaltungen\/joerg-schneider-friends-8-0\/#primaryimage","url":"https:\/\/www.mariazell-wienerwald.at\/wp-content\/uploads\/2024\/05\/Joerg-Schneider-Friends-8.0.jpg","contentUrl":"https:\/\/www.mariazell-wienerwald.at\/wp-content\/uploads\/2024\/05\/Joerg-Schneider-Friends-8.0.jpg","width":1770,"height":2500},{"@type":"BreadcrumbList","@id":"https:\/\/www.mariazell-wienerwald.at\/veranstaltungen\/joerg-schneider-friends-8-0\/#breadcrumb","itemListElement":[{"@type":"ListItem","position":1,"name":"Startseite","item":"https:\/\/www.mariazell-wienerwald.at\/"},{"@type":"ListItem","position":2,"name":"Events","item":"http:\/\/www.mariazell-wienerwald.at\/en\/veranstaltungen\/"},{"@type":"ListItem","position":3,"name":"J\u00f6rg Schneider &#038; Friends 8.0"}]},{"@type":"WebSite","@id":"https:\/\/www.mariazell-wienerwald.at\/#website","url":"https:\/\/www.mariazell-wienerwald.at\/","name":"Mariazell im Wienerwald","description":"","potentialAction":[{"@type":"SearchAction","target":{"@type":"EntryPoint","urlTemplate":"https:\/\/www.mariazell-wienerwald.at\/?s={search_term_string}"},"query-input":"required name=search_term_string"}],"inLanguage":"en-US"}]}},"_links":{"self":[{"href":"https:\/\/www.mariazell-wienerwald.at\/en\/wp-json\/wp\/v2\/ajde_events\/6279"}],"collection":[{"href":"https:\/\/www.mariazell-wienerwald.at\/en\/wp-json\/wp\/v2\/ajde_events"}],"about":[{"href":"https:\/\/www.mariazell-wienerwald.at\/en\/wp-json\/wp\/v2\/types\/ajde_events"}],"author":[{"embeddable":true,"href":"https:\/\/www.mariazell-wienerwald.at\/en\/wp-json\/wp\/v2\/users\/5"}],"replies":[{"embeddable":true,"href":"https:\/\/www.mariazell-wienerwald.at\/en\/wp-json\/wp\/v2\/comments?post=6279"}],"wp:featuredmedia":[{"embeddable":true,"href":"https:\/\/www.mariazell-wienerwald.at\/en\/wp-json\/wp\/v2\/media\/6311"}],"wp:attachment":[{"href":"https:\/\/www.mariazell-wienerwald.at\/en\/wp-json\/wp\/v2\/media?parent=6279"}],"wp:term":[{"taxonomy":"post_tag","embeddable":true,"href":"https:\/\/www.mariazell-wienerwald.at\/en\/wp-json\/wp\/v2\/tags?post=6279"},{"taxonomy":"event_type","embeddable":true,"href":"https:\/\/www.mariazell-wienerwald.at\/en\/wp-json\/wp\/v2\/event_type?post=6279"},{"taxonomy":"event_type_2","embeddable":true,"href":"https:\/\/www.mariazell-wienerwald.at\/en\/wp-json\/wp\/v2\/event_type_2?post=6279"}],"curies":[{"name":"wp","href":"https:\/\/api.w.org\/{rel}","templated":true}]}}