{"id":6443,"date":"2025-02-06T16:36:15","date_gmt":"2025-02-06T15:36:15","guid":{"rendered":"https:\/\/www.mariazell-wienerwald.at\/veranstaltungen\/so-real-surreal-nicolas-robert-lang-im-trio-mit-pia-dietl-felix-brandauer\/"},"modified":"2025-02-06T16:36:39","modified_gmt":"2025-02-06T15:36:39","slug":"so-real-surreal-nicolas-robert-lang-im-trio-mit-pia-dietl-felix-brandauer","status":"publish","type":"ajde_events","link":"https:\/\/www.mariazell-wienerwald.at\/en\/veranstaltungen\/so-real-surreal-nicolas-robert-lang-im-trio-mit-pia-dietl-felix-brandauer\/","title":{"rendered":"So real, surreal! (Nicolas Robert Lang im Trio mit Pia Dietl &#038; Felix Brandauer)"},"content":{"rendered":"<p>Konzert am Kulturbahnhof Altenmarkt-Thenneberg, Eintritt nach freiem Ermessen, freie Sitzplatzwahl, Infos und Kartenreservierungen unter www.kultur-bahnhof.eu<\/p>\n<p>Nicolas Robert Lang ist ein junger, \u00f6sterreichischer Musiker, Dichter und Aktivist. In seinen eing\u00e4ngigen Austropopliedern vereint er schonungslose Gesellschaftskritik, schwinds\u00fcchtigen Dadaismus und gef\u00fchlvolle Poesie, ohne dass dabei der Humor zu kurz kommt.<\/p>\n<p>Neben Auftritten beim Kultursommer Wien und bei der Styriarte Graz ver\u00f6ffentlichte nicolas robert lang im Herbst 2023 sein Deb\u00fctalbum Abendmahl s\u00fcdlich von Rimini. Die Albumrelease-Tour mit Stopps in V\u00f6cklabruck, Wien und Graz bestritt er erstmals mit einer sechsk\u00f6pfigen Band im R\u00fccken. Die jungen Musiker*innen begeisterten das Publikum unter anderem bei einer ausverkauften Show in der Sargfabrik Wien.<\/p>\n<p>In seinem neuen Soloprojekt fortschritt \u2013 r\u00fcckschritt \u2013 gleichschritt geht nicolas robert lang anhand von Liedern, Gedichten und Texten der Frage nach, ob der technische Fortschritt nicht oft menschlich einen R\u00fcckschritt bedeutet.<\/p>\n<p>Parallel dazu steht nicolas robert lang auch regelm\u00e4\u00dfig mit seinem Solo-Programm Hurra, wir sterben! \u2026oder Georg Kreisler, B\u00fcrgerschreck auf der B\u00fchne. Als klassischer Kontrabassist ist er projektweise in diversen Orchestern und Ensembles engagiert, zuletzt beim Tiroler Symphonieorchester Innsbruck und am Landestheater Linz<\/p>","protected":false},"author":15,"featured_media":-1,"menu_order":0,"comment_status":"open","ping_status":"closed","template":"","meta":{"_acf_changed":false},"tags":[],"event_type":[],"event_type_2":[],"class_list":["post-6443","ajde_events","type-ajde_events","status-publish","has-post-thumbnail","hentry","event_location-kulturbahnhof-altenmarkt-thenneberg"],"acf":[],"yoast_head":"<!-- This site is optimized with the Yoast SEO plugin v23.1 - https:\/\/yoast.com\/wordpress\/plugins\/seo\/ -->\n<title>So real, surreal! (Nicolas Robert Lang im Trio mit Pia Dietl &amp; Felix Brandauer) - Mariazell im Wienerwald<\/title>\n<meta name=\"robots\" content=\"index, follow, max-snippet:-1, max-image-preview:large, max-video-preview:-1\" \/>\n<link rel=\"canonical\" href=\"https:\/\/www.mariazell-wienerwald.at\/en\/veranstaltungen\/so-real-surreal-nicolas-robert-lang-im-trio-mit-pia-dietl-felix-brandauer\/\" \/>\n<meta property=\"og:locale\" content=\"en_US\" \/>\n<meta property=\"og:type\" content=\"article\" \/>\n<meta property=\"og:title\" content=\"So real, surreal! (Nicolas Robert Lang im Trio mit Pia Dietl &amp; Felix Brandauer) - Mariazell im Wienerwald\" \/>\n<meta property=\"og:description\" content=\"Konzert am Kulturbahnhof Altenmarkt-Thenneberg, Eintritt nach freiem Ermessen, freie Sitzplatzwahl, Infos und Kartenreservierungen unter www.kultur-bahnhof.eu Nicolas Robert Lang ist ein junger, \u00f6sterreichischer Musiker, Dichter und Aktivist. In seinen eing\u00e4ngigen Austropopliedern vereint er schonungslose Gesellschaftskritik, schwinds\u00fcchtigen Dadaismus und gef\u00fchlvolle Poesie, ohne dass dabei der Humor zu kurz kommt. Neben Auftritten beim Kultursommer Wien und bei der [&hellip;]\" \/>\n<meta property=\"og:url\" content=\"https:\/\/www.mariazell-wienerwald.at\/en\/veranstaltungen\/so-real-surreal-nicolas-robert-lang-im-trio-mit-pia-dietl-felix-brandauer\/\" \/>\n<meta property=\"og:site_name\" content=\"Mariazell im Wienerwald\" \/>\n<meta property=\"article:modified_time\" content=\"2025-02-06T15:36:39+00:00\" \/>\n<meta name=\"twitter:card\" content=\"summary_large_image\" \/>\n<meta name=\"twitter:label1\" content=\"Est. reading time\" \/>\n\t<meta name=\"twitter:data1\" content=\"1 minute\" \/>\n<script type=\"application\/ld+json\" class=\"yoast-schema-graph\">{\"@context\":\"https:\/\/schema.org\",\"@graph\":[{\"@type\":\"WebPage\",\"@id\":\"https:\/\/www.mariazell-wienerwald.at\/veranstaltungen\/so-real-surreal-nicolas-robert-lang-im-trio-mit-pia-dietl-felix-brandauer\/\",\"url\":\"https:\/\/www.mariazell-wienerwald.at\/veranstaltungen\/so-real-surreal-nicolas-robert-lang-im-trio-mit-pia-dietl-felix-brandauer\/\",\"name\":\"So real, surreal! (Nicolas Robert Lang im Trio mit Pia Dietl & Felix Brandauer) - Mariazell im Wienerwald\",\"isPartOf\":{\"@id\":\"https:\/\/www.mariazell-wienerwald.at\/#website\"},\"datePublished\":\"2025-02-06T15:36:15+00:00\",\"dateModified\":\"2025-02-06T15:36:39+00:00\",\"breadcrumb\":{\"@id\":\"https:\/\/www.mariazell-wienerwald.at\/veranstaltungen\/so-real-surreal-nicolas-robert-lang-im-trio-mit-pia-dietl-felix-brandauer\/#breadcrumb\"},\"inLanguage\":\"en-US\",\"potentialAction\":[{\"@type\":\"ReadAction\",\"target\":[\"https:\/\/www.mariazell-wienerwald.at\/veranstaltungen\/so-real-surreal-nicolas-robert-lang-im-trio-mit-pia-dietl-felix-brandauer\/\"]}]},{\"@type\":\"BreadcrumbList\",\"@id\":\"https:\/\/www.mariazell-wienerwald.at\/veranstaltungen\/so-real-surreal-nicolas-robert-lang-im-trio-mit-pia-dietl-felix-brandauer\/#breadcrumb\",\"itemListElement\":[{\"@type\":\"ListItem\",\"position\":1,\"name\":\"Startseite\",\"item\":\"https:\/\/www.mariazell-wienerwald.at\/\"},{\"@type\":\"ListItem\",\"position\":2,\"name\":\"Events\",\"item\":\"http:\/\/www.mariazell-wienerwald.at\/en\/veranstaltungen\/\"},{\"@type\":\"ListItem\",\"position\":3,\"name\":\"So real, surreal! (Nicolas Robert Lang im Trio mit Pia Dietl &#038; Felix Brandauer)\"}]},{\"@type\":\"WebSite\",\"@id\":\"https:\/\/www.mariazell-wienerwald.at\/#website\",\"url\":\"https:\/\/www.mariazell-wienerwald.at\/\",\"name\":\"Mariazell im Wienerwald\",\"description\":\"\",\"potentialAction\":[{\"@type\":\"SearchAction\",\"target\":{\"@type\":\"EntryPoint\",\"urlTemplate\":\"https:\/\/www.mariazell-wienerwald.at\/?s={search_term_string}\"},\"query-input\":\"required name=search_term_string\"}],\"inLanguage\":\"en-US\"}]}<\/script>\n<!-- \/ Yoast SEO plugin. -->","yoast_head_json":{"title":"So real, surreal! (Nicolas Robert Lang im Trio mit Pia Dietl & Felix Brandauer) - Mariazell im Wienerwald","robots":{"index":"index","follow":"follow","max-snippet":"max-snippet:-1","max-image-preview":"max-image-preview:large","max-video-preview":"max-video-preview:-1"},"canonical":"https:\/\/www.mariazell-wienerwald.at\/en\/veranstaltungen\/so-real-surreal-nicolas-robert-lang-im-trio-mit-pia-dietl-felix-brandauer\/","og_locale":"en_US","og_type":"article","og_title":"So real, surreal! (Nicolas Robert Lang im Trio mit Pia Dietl & Felix Brandauer) - Mariazell im Wienerwald","og_description":"Konzert am Kulturbahnhof Altenmarkt-Thenneberg, Eintritt nach freiem Ermessen, freie Sitzplatzwahl, Infos und Kartenreservierungen unter www.kultur-bahnhof.eu Nicolas Robert Lang ist ein junger, \u00f6sterreichischer Musiker, Dichter und Aktivist. In seinen eing\u00e4ngigen Austropopliedern vereint er schonungslose Gesellschaftskritik, schwinds\u00fcchtigen Dadaismus und gef\u00fchlvolle Poesie, ohne dass dabei der Humor zu kurz kommt. Neben Auftritten beim Kultursommer Wien und bei der [&hellip;]","og_url":"https:\/\/www.mariazell-wienerwald.at\/en\/veranstaltungen\/so-real-surreal-nicolas-robert-lang-im-trio-mit-pia-dietl-felix-brandauer\/","og_site_name":"Mariazell im Wienerwald","article_modified_time":"2025-02-06T15:36:39+00:00","twitter_card":"summary_large_image","twitter_misc":{"Est. reading time":"1 minute"},"schema":{"@context":"https:\/\/schema.org","@graph":[{"@type":"WebPage","@id":"https:\/\/www.mariazell-wienerwald.at\/veranstaltungen\/so-real-surreal-nicolas-robert-lang-im-trio-mit-pia-dietl-felix-brandauer\/","url":"https:\/\/www.mariazell-wienerwald.at\/veranstaltungen\/so-real-surreal-nicolas-robert-lang-im-trio-mit-pia-dietl-felix-brandauer\/","name":"So real, surreal! (Nicolas Robert Lang im Trio mit Pia Dietl & Felix Brandauer) - Mariazell im Wienerwald","isPartOf":{"@id":"https:\/\/www.mariazell-wienerwald.at\/#website"},"datePublished":"2025-02-06T15:36:15+00:00","dateModified":"2025-02-06T15:36:39+00:00","breadcrumb":{"@id":"https:\/\/www.mariazell-wienerwald.at\/veranstaltungen\/so-real-surreal-nicolas-robert-lang-im-trio-mit-pia-dietl-felix-brandauer\/#breadcrumb"},"inLanguage":"en-US","potentialAction":[{"@type":"ReadAction","target":["https:\/\/www.mariazell-wienerwald.at\/veranstaltungen\/so-real-surreal-nicolas-robert-lang-im-trio-mit-pia-dietl-felix-brandauer\/"]}]},{"@type":"BreadcrumbList","@id":"https:\/\/www.mariazell-wienerwald.at\/veranstaltungen\/so-real-surreal-nicolas-robert-lang-im-trio-mit-pia-dietl-felix-brandauer\/#breadcrumb","itemListElement":[{"@type":"ListItem","position":1,"name":"Startseite","item":"https:\/\/www.mariazell-wienerwald.at\/"},{"@type":"ListItem","position":2,"name":"Events","item":"http:\/\/www.mariazell-wienerwald.at\/en\/veranstaltungen\/"},{"@type":"ListItem","position":3,"name":"So real, surreal! (Nicolas Robert Lang im Trio mit Pia Dietl &#038; Felix Brandauer)"}]},{"@type":"WebSite","@id":"https:\/\/www.mariazell-wienerwald.at\/#website","url":"https:\/\/www.mariazell-wienerwald.at\/","name":"Mariazell im Wienerwald","description":"","potentialAction":[{"@type":"SearchAction","target":{"@type":"EntryPoint","urlTemplate":"https:\/\/www.mariazell-wienerwald.at\/?s={search_term_string}"},"query-input":"required name=search_term_string"}],"inLanguage":"en-US"}]}},"_links":{"self":[{"href":"https:\/\/www.mariazell-wienerwald.at\/en\/wp-json\/wp\/v2\/ajde_events\/6443"}],"collection":[{"href":"https:\/\/www.mariazell-wienerwald.at\/en\/wp-json\/wp\/v2\/ajde_events"}],"about":[{"href":"https:\/\/www.mariazell-wienerwald.at\/en\/wp-json\/wp\/v2\/types\/ajde_events"}],"author":[{"embeddable":true,"href":"https:\/\/www.mariazell-wienerwald.at\/en\/wp-json\/wp\/v2\/users\/15"}],"replies":[{"embeddable":true,"href":"https:\/\/www.mariazell-wienerwald.at\/en\/wp-json\/wp\/v2\/comments?post=6443"}],"wp:featuredmedia":[{"embeddable":true,"href":"https:\/\/www.mariazell-wienerwald.at\/en\/wp-json\/"}],"wp:attachment":[{"href":"https:\/\/www.mariazell-wienerwald.at\/en\/wp-json\/wp\/v2\/media?parent=6443"}],"wp:term":[{"taxonomy":"post_tag","embeddable":true,"href":"https:\/\/www.mariazell-wienerwald.at\/en\/wp-json\/wp\/v2\/tags?post=6443"},{"taxonomy":"event_type","embeddable":true,"href":"https:\/\/www.mariazell-wienerwald.at\/en\/wp-json\/wp\/v2\/event_type?post=6443"},{"taxonomy":"event_type_2","embeddable":true,"href":"https:\/\/www.mariazell-wienerwald.at\/en\/wp-json\/wp\/v2\/event_type_2?post=6443"}],"curies":[{"name":"wp","href":"https:\/\/api.w.org\/{rel}","templated":true}]}}