{"id":855,"date":"2020-03-01T14:46:08","date_gmt":"2020-03-01T13:46:08","guid":{"rendered":"https:\/\/www.mariazell-wienerwald.at\/?post_type=ajde_events&#038;p=855"},"modified":"2020-05-24T07:57:39","modified_gmt":"2020-05-24T05:57:39","slug":"eroeffnung-klosterladen-saison-2020","status":"publish","type":"ajde_events","link":"https:\/\/www.mariazell-wienerwald.at\/en\/veranstaltungen\/eroeffnung-klosterladen-saison-2020\/","title":{"rendered":"\u00d6ffnung Klosterladen Saison 2020*"},"content":{"rendered":"<div>\n<p>Am Samstag, 30. Mai, 11.00 Uhr, wird unser\u00a0 Klosterladen in Klein-Mariazell wieder seinen Betrieb f\u00fcr die Saison 2020 er\u00f6ffnen.<\/p>\n<p>Zahlreiche Produkte aus der Region oder mit Bezug zur Gegend werden erh\u00e4ltlich sein.<\/p>\n<p>Neben unserem bereits bew\u00e4hrten Stiftswein und dem \u201eBenediktus Br\u00e4u Stift Mariazell im Wienerwald\u201c, gebraut in Pottenstein, wird es wioeder viele andere regionale Schmankerl und Produkte geben!<\/p>\n<p>Sollten Sie am Sonntag jedoch nicht nach Klein-Mariazell kommen k\u00f6nnen, so haben Sie bis 31. Oktober samstags, sonn- und feiertags jeweils von 11.00 bis 16.30 Uhr noch immer die M\u00f6glichkeit zum Besuch unseres Klosterladens.<\/p>\n<p><b>*<\/b> Due to the current situation, max. 3 customers in the shop and we ask you to wear a mask in the shop.<b><br \/>\n<\/b><\/p>\n<\/div>\n<div>\n<div><\/div>\n<\/div>","protected":false},"author":1,"featured_media":577,"menu_order":0,"comment_status":"closed","ping_status":"closed","template":"","meta":{"_acf_changed":false},"tags":[],"event_type":[],"event_type_2":[],"class_list":["post-855","ajde_events","type-ajde_events","status-publish","has-post-thumbnail","hentry","event_location-klosterladen"],"acf":[],"yoast_head":"<!-- This site is optimized with the Yoast SEO plugin v23.1 - https:\/\/yoast.com\/wordpress\/plugins\/seo\/ -->\n<title>\u00d6ffnung Klosterladen Saison 2020* - Mariazell im Wienerwald<\/title>\n<meta name=\"robots\" content=\"index, follow, max-snippet:-1, max-image-preview:large, max-video-preview:-1\" \/>\n<link rel=\"canonical\" href=\"https:\/\/www.mariazell-wienerwald.at\/en\/veranstaltungen\/eroeffnung-klosterladen-saison-2020\/\" \/>\n<meta property=\"og:locale\" content=\"en_US\" \/>\n<meta property=\"og:type\" content=\"article\" \/>\n<meta property=\"og:title\" content=\"\u00d6ffnung Klosterladen Saison 2020* - Mariazell im Wienerwald\" \/>\n<meta property=\"og:description\" content=\"Am Samstag, 30. Mai, 11.00 Uhr, wird unser\u00a0 Klosterladen in Klein-Mariazell wieder seinen Betrieb f\u00fcr die Saison 2020 er\u00f6ffnen. Zahlreiche Produkte aus der Region oder mit Bezug zur Gegend werden erh\u00e4ltlich sein. Neben unserem bereits bew\u00e4hrten Stiftswein und dem \u201eBenediktus Br\u00e4u Stift Mariazell im Wienerwald\u201c, gebraut in Pottenstein, wird es wioeder viele andere regionale Schmankerl [&hellip;]\" \/>\n<meta property=\"og:url\" content=\"https:\/\/www.mariazell-wienerwald.at\/en\/veranstaltungen\/eroeffnung-klosterladen-saison-2020\/\" \/>\n<meta property=\"og:site_name\" content=\"Mariazell im Wienerwald\" \/>\n<meta property=\"article:modified_time\" content=\"2020-05-24T05:57:39+00:00\" \/>\n<meta property=\"og:image\" content=\"https:\/\/www.mariazell-wienerwald.at\/wp-content\/uploads\/2020\/02\/1000.jpg\" \/>\n\t<meta property=\"og:image:width\" content=\"599\" \/>\n\t<meta property=\"og:image:height\" content=\"400\" \/>\n\t<meta property=\"og:image:type\" content=\"image\/jpeg\" \/>\n<meta name=\"twitter:card\" content=\"summary_large_image\" \/>\n<meta name=\"twitter:label1\" content=\"Est. reading time\" \/>\n\t<meta name=\"twitter:data1\" content=\"1 minute\" \/>\n<script type=\"application\/ld+json\" class=\"yoast-schema-graph\">{\"@context\":\"https:\/\/schema.org\",\"@graph\":[{\"@type\":\"WebPage\",\"@id\":\"https:\/\/www.mariazell-wienerwald.at\/veranstaltungen\/eroeffnung-klosterladen-saison-2020\/\",\"url\":\"https:\/\/www.mariazell-wienerwald.at\/veranstaltungen\/eroeffnung-klosterladen-saison-2020\/\",\"name\":\"\u00d6ffnung Klosterladen Saison 2020* - Mariazell im Wienerwald\",\"isPartOf\":{\"@id\":\"https:\/\/www.mariazell-wienerwald.at\/#website\"},\"primaryImageOfPage\":{\"@id\":\"https:\/\/www.mariazell-wienerwald.at\/veranstaltungen\/eroeffnung-klosterladen-saison-2020\/#primaryimage\"},\"image\":{\"@id\":\"https:\/\/www.mariazell-wienerwald.at\/veranstaltungen\/eroeffnung-klosterladen-saison-2020\/#primaryimage\"},\"thumbnailUrl\":\"https:\/\/www.mariazell-wienerwald.at\/wp-content\/uploads\/2020\/02\/1000.jpg\",\"datePublished\":\"2020-03-01T13:46:08+00:00\",\"dateModified\":\"2020-05-24T05:57:39+00:00\",\"breadcrumb\":{\"@id\":\"https:\/\/www.mariazell-wienerwald.at\/veranstaltungen\/eroeffnung-klosterladen-saison-2020\/#breadcrumb\"},\"inLanguage\":\"en-US\",\"potentialAction\":[{\"@type\":\"ReadAction\",\"target\":[\"https:\/\/www.mariazell-wienerwald.at\/veranstaltungen\/eroeffnung-klosterladen-saison-2020\/\"]}]},{\"@type\":\"ImageObject\",\"inLanguage\":\"en-US\",\"@id\":\"https:\/\/www.mariazell-wienerwald.at\/veranstaltungen\/eroeffnung-klosterladen-saison-2020\/#primaryimage\",\"url\":\"https:\/\/www.mariazell-wienerwald.at\/wp-content\/uploads\/2020\/02\/1000.jpg\",\"contentUrl\":\"https:\/\/www.mariazell-wienerwald.at\/wp-content\/uploads\/2020\/02\/1000.jpg\",\"width\":599,\"height\":400},{\"@type\":\"BreadcrumbList\",\"@id\":\"https:\/\/www.mariazell-wienerwald.at\/veranstaltungen\/eroeffnung-klosterladen-saison-2020\/#breadcrumb\",\"itemListElement\":[{\"@type\":\"ListItem\",\"position\":1,\"name\":\"Startseite\",\"item\":\"https:\/\/www.mariazell-wienerwald.at\/\"},{\"@type\":\"ListItem\",\"position\":2,\"name\":\"Events\",\"item\":\"http:\/\/www.mariazell-wienerwald.at\/en\/veranstaltungen\/\"},{\"@type\":\"ListItem\",\"position\":3,\"name\":\"\u00d6ffnung Klosterladen Saison 2020*\"}]},{\"@type\":\"WebSite\",\"@id\":\"https:\/\/www.mariazell-wienerwald.at\/#website\",\"url\":\"https:\/\/www.mariazell-wienerwald.at\/\",\"name\":\"Mariazell im Wienerwald\",\"description\":\"\",\"potentialAction\":[{\"@type\":\"SearchAction\",\"target\":{\"@type\":\"EntryPoint\",\"urlTemplate\":\"https:\/\/www.mariazell-wienerwald.at\/?s={search_term_string}\"},\"query-input\":\"required name=search_term_string\"}],\"inLanguage\":\"en-US\"}]}<\/script>\n<!-- \/ Yoast SEO plugin. -->","yoast_head_json":{"title":"\u00d6ffnung Klosterladen Saison 2020* - Mariazell im Wienerwald","robots":{"index":"index","follow":"follow","max-snippet":"max-snippet:-1","max-image-preview":"max-image-preview:large","max-video-preview":"max-video-preview:-1"},"canonical":"https:\/\/www.mariazell-wienerwald.at\/en\/veranstaltungen\/eroeffnung-klosterladen-saison-2020\/","og_locale":"en_US","og_type":"article","og_title":"\u00d6ffnung Klosterladen Saison 2020* - Mariazell im Wienerwald","og_description":"Am Samstag, 30. Mai, 11.00 Uhr, wird unser\u00a0 Klosterladen in Klein-Mariazell wieder seinen Betrieb f\u00fcr die Saison 2020 er\u00f6ffnen. Zahlreiche Produkte aus der Region oder mit Bezug zur Gegend werden erh\u00e4ltlich sein. Neben unserem bereits bew\u00e4hrten Stiftswein und dem \u201eBenediktus Br\u00e4u Stift Mariazell im Wienerwald\u201c, gebraut in Pottenstein, wird es wioeder viele andere regionale Schmankerl [&hellip;]","og_url":"https:\/\/www.mariazell-wienerwald.at\/en\/veranstaltungen\/eroeffnung-klosterladen-saison-2020\/","og_site_name":"Mariazell im Wienerwald","article_modified_time":"2020-05-24T05:57:39+00:00","og_image":[{"width":599,"height":400,"url":"https:\/\/www.mariazell-wienerwald.at\/wp-content\/uploads\/2020\/02\/1000.jpg","type":"image\/jpeg"}],"twitter_card":"summary_large_image","twitter_misc":{"Est. reading time":"1 minute"},"schema":{"@context":"https:\/\/schema.org","@graph":[{"@type":"WebPage","@id":"https:\/\/www.mariazell-wienerwald.at\/veranstaltungen\/eroeffnung-klosterladen-saison-2020\/","url":"https:\/\/www.mariazell-wienerwald.at\/veranstaltungen\/eroeffnung-klosterladen-saison-2020\/","name":"\u00d6ffnung Klosterladen Saison 2020* - Mariazell im Wienerwald","isPartOf":{"@id":"https:\/\/www.mariazell-wienerwald.at\/#website"},"primaryImageOfPage":{"@id":"https:\/\/www.mariazell-wienerwald.at\/veranstaltungen\/eroeffnung-klosterladen-saison-2020\/#primaryimage"},"image":{"@id":"https:\/\/www.mariazell-wienerwald.at\/veranstaltungen\/eroeffnung-klosterladen-saison-2020\/#primaryimage"},"thumbnailUrl":"https:\/\/www.mariazell-wienerwald.at\/wp-content\/uploads\/2020\/02\/1000.jpg","datePublished":"2020-03-01T13:46:08+00:00","dateModified":"2020-05-24T05:57:39+00:00","breadcrumb":{"@id":"https:\/\/www.mariazell-wienerwald.at\/veranstaltungen\/eroeffnung-klosterladen-saison-2020\/#breadcrumb"},"inLanguage":"en-US","potentialAction":[{"@type":"ReadAction","target":["https:\/\/www.mariazell-wienerwald.at\/veranstaltungen\/eroeffnung-klosterladen-saison-2020\/"]}]},{"@type":"ImageObject","inLanguage":"en-US","@id":"https:\/\/www.mariazell-wienerwald.at\/veranstaltungen\/eroeffnung-klosterladen-saison-2020\/#primaryimage","url":"https:\/\/www.mariazell-wienerwald.at\/wp-content\/uploads\/2020\/02\/1000.jpg","contentUrl":"https:\/\/www.mariazell-wienerwald.at\/wp-content\/uploads\/2020\/02\/1000.jpg","width":599,"height":400},{"@type":"BreadcrumbList","@id":"https:\/\/www.mariazell-wienerwald.at\/veranstaltungen\/eroeffnung-klosterladen-saison-2020\/#breadcrumb","itemListElement":[{"@type":"ListItem","position":1,"name":"Startseite","item":"https:\/\/www.mariazell-wienerwald.at\/"},{"@type":"ListItem","position":2,"name":"Events","item":"http:\/\/www.mariazell-wienerwald.at\/en\/veranstaltungen\/"},{"@type":"ListItem","position":3,"name":"\u00d6ffnung Klosterladen Saison 2020*"}]},{"@type":"WebSite","@id":"https:\/\/www.mariazell-wienerwald.at\/#website","url":"https:\/\/www.mariazell-wienerwald.at\/","name":"Mariazell im Wienerwald","description":"","potentialAction":[{"@type":"SearchAction","target":{"@type":"EntryPoint","urlTemplate":"https:\/\/www.mariazell-wienerwald.at\/?s={search_term_string}"},"query-input":"required name=search_term_string"}],"inLanguage":"en-US"}]}},"_links":{"self":[{"href":"https:\/\/www.mariazell-wienerwald.at\/en\/wp-json\/wp\/v2\/ajde_events\/855"}],"collection":[{"href":"https:\/\/www.mariazell-wienerwald.at\/en\/wp-json\/wp\/v2\/ajde_events"}],"about":[{"href":"https:\/\/www.mariazell-wienerwald.at\/en\/wp-json\/wp\/v2\/types\/ajde_events"}],"author":[{"embeddable":true,"href":"https:\/\/www.mariazell-wienerwald.at\/en\/wp-json\/wp\/v2\/users\/1"}],"replies":[{"embeddable":true,"href":"https:\/\/www.mariazell-wienerwald.at\/en\/wp-json\/wp\/v2\/comments?post=855"}],"wp:featuredmedia":[{"embeddable":true,"href":"https:\/\/www.mariazell-wienerwald.at\/en\/wp-json\/wp\/v2\/media\/577"}],"wp:attachment":[{"href":"https:\/\/www.mariazell-wienerwald.at\/en\/wp-json\/wp\/v2\/media?parent=855"}],"wp:term":[{"taxonomy":"post_tag","embeddable":true,"href":"https:\/\/www.mariazell-wienerwald.at\/en\/wp-json\/wp\/v2\/tags?post=855"},{"taxonomy":"event_type","embeddable":true,"href":"https:\/\/www.mariazell-wienerwald.at\/en\/wp-json\/wp\/v2\/event_type?post=855"},{"taxonomy":"event_type_2","embeddable":true,"href":"https:\/\/www.mariazell-wienerwald.at\/en\/wp-json\/wp\/v2\/event_type_2?post=855"}],"curies":[{"name":"wp","href":"https:\/\/api.w.org\/{rel}","templated":true}]}}