{"id":1942,"date":"2020-04-21T18:10:58","date_gmt":"2020-04-21T16:10:58","guid":{"rendered":"https:\/\/www.mariazell-wienerwald.at\/?page_id=1942"},"modified":"2023-04-13T17:10:44","modified_gmt":"2023-04-13T15:10:44","slug":"museen-themenwege","status":"publish","type":"page","link":"https:\/\/www.mariazell-wienerwald.at\/en\/museen-themenwege\/","title":{"rendered":"Museen und Themenwege"},"content":{"rendered":"<div data-elementor-type=\"wp-page\" data-elementor-id=\"1942\" class=\"elementor elementor-1942\" data-elementor-post-type=\"page\">\n\t\t\t\t\t\t<section class=\"elementor-section elementor-top-section elementor-element elementor-element-9ac3fc2 elementor-section-stretched elementor-section-height-min-height elementor-section-items-bottom elementor-section-boxed elementor-section-height-default\" data-id=\"9ac3fc2\" data-element_type=\"section\" data-settings=\"{&quot;stretch_section&quot;:&quot;section-stretched&quot;,&quot;jet_parallax_layout_list&quot;:[{&quot;jet_parallax_layout_image&quot;:{&quot;url&quot;:&quot;&quot;,&quot;id&quot;:&quot;&quot;,&quot;size&quot;:&quot;&quot;},&quot;_id&quot;:&quot;3602fe3&quot;,&quot;jet_parallax_layout_image_tablet&quot;:{&quot;url&quot;:&quot;&quot;,&quot;id&quot;:&quot;&quot;,&quot;size&quot;:&quot;&quot;},&quot;jet_parallax_layout_image_mobile&quot;:{&quot;url&quot;:&quot;&quot;,&quot;id&quot;:&quot;&quot;,&quot;size&quot;:&quot;&quot;},&quot;jet_parallax_layout_speed&quot;:{&quot;unit&quot;:&quot;%&quot;,&quot;size&quot;:50,&quot;sizes&quot;:[]},&quot;jet_parallax_layout_type&quot;:&quot;scroll&quot;,&quot;jet_parallax_layout_direction&quot;:null,&quot;jet_parallax_layout_fx_direction&quot;:null,&quot;jet_parallax_layout_z_index&quot;:&quot;&quot;,&quot;jet_parallax_layout_bg_x&quot;:50,&quot;jet_parallax_layout_bg_x_tablet&quot;:&quot;&quot;,&quot;jet_parallax_layout_bg_x_mobile&quot;:&quot;&quot;,&quot;jet_parallax_layout_bg_y&quot;:50,&quot;jet_parallax_layout_bg_y_tablet&quot;:&quot;&quot;,&quot;jet_parallax_layout_bg_y_mobile&quot;:&quot;&quot;,&quot;jet_parallax_layout_bg_size&quot;:&quot;auto&quot;,&quot;jet_parallax_layout_bg_size_tablet&quot;:&quot;&quot;,&quot;jet_parallax_layout_bg_size_mobile&quot;:&quot;&quot;,&quot;jet_parallax_layout_animation_prop&quot;:&quot;transform&quot;,&quot;jet_parallax_layout_on&quot;:[&quot;desktop&quot;,&quot;tablet&quot;]}],&quot;background_background&quot;:&quot;classic&quot;}\">\n\t\t\t\t\t\t<div class=\"elementor-container elementor-column-gap-default\">\n\t\t\t\t\t<div class=\"elementor-column elementor-col-100 elementor-top-column elementor-element elementor-element-e936327\" data-id=\"e936327\" data-element_type=\"column\">\n\t\t\t<div class=\"elementor-widget-wrap elementor-element-populated\">\n\t\t\t\t\t\t<div class=\"elementor-element elementor-element-2951680 elementor-widget elementor-widget-heading\" data-id=\"2951680\" data-element_type=\"widget\" data-widget_type=\"heading.default\">\n\t\t\t\t<div class=\"elementor-widget-container\">\n\t\t\t<h2 class=\"elementor-heading-title elementor-size-default\">Themed Trails and Museums in the Region<\/h2>\t\t<\/div>\n\t\t\t\t<\/div>\n\t\t\t\t\t<\/div>\n\t\t<\/div>\n\t\t\t\t\t<\/div>\n\t\t<\/section>\n\t\t\t\t<section class=\"elementor-section elementor-top-section elementor-element elementor-element-5585bf9 elementor-section-boxed elementor-section-height-default elementor-section-height-default\" data-id=\"5585bf9\" data-element_type=\"section\" data-settings=\"{&quot;jet_parallax_layout_list&quot;:[{&quot;jet_parallax_layout_image&quot;:{&quot;url&quot;:&quot;&quot;,&quot;id&quot;:&quot;&quot;,&quot;size&quot;:&quot;&quot;},&quot;_id&quot;:&quot;5bc445c&quot;,&quot;jet_parallax_layout_image_tablet&quot;:{&quot;url&quot;:&quot;&quot;,&quot;id&quot;:&quot;&quot;,&quot;size&quot;:&quot;&quot;},&quot;jet_parallax_layout_image_mobile&quot;:{&quot;url&quot;:&quot;&quot;,&quot;id&quot;:&quot;&quot;,&quot;size&quot;:&quot;&quot;},&quot;jet_parallax_layout_speed&quot;:{&quot;unit&quot;:&quot;%&quot;,&quot;size&quot;:50,&quot;sizes&quot;:[]},&quot;jet_parallax_layout_type&quot;:&quot;scroll&quot;,&quot;jet_parallax_layout_direction&quot;:null,&quot;jet_parallax_layout_fx_direction&quot;:null,&quot;jet_parallax_layout_z_index&quot;:&quot;&quot;,&quot;jet_parallax_layout_bg_x&quot;:50,&quot;jet_parallax_layout_bg_x_tablet&quot;:&quot;&quot;,&quot;jet_parallax_layout_bg_x_mobile&quot;:&quot;&quot;,&quot;jet_parallax_layout_bg_y&quot;:50,&quot;jet_parallax_layout_bg_y_tablet&quot;:&quot;&quot;,&quot;jet_parallax_layout_bg_y_mobile&quot;:&quot;&quot;,&quot;jet_parallax_layout_bg_size&quot;:&quot;auto&quot;,&quot;jet_parallax_layout_bg_size_tablet&quot;:&quot;&quot;,&quot;jet_parallax_layout_bg_size_mobile&quot;:&quot;&quot;,&quot;jet_parallax_layout_animation_prop&quot;:&quot;transform&quot;,&quot;jet_parallax_layout_on&quot;:[&quot;desktop&quot;,&quot;tablet&quot;]}]}\">\n\t\t\t\t\t\t<div class=\"elementor-container elementor-column-gap-default\">\n\t\t\t\t\t<div class=\"elementor-column elementor-col-100 elementor-top-column elementor-element elementor-element-92e9d69\" data-id=\"92e9d69\" data-element_type=\"column\">\n\t\t\t<div class=\"elementor-widget-wrap elementor-element-populated\">\n\t\t\t\t\t\t<div class=\"elementor-element elementor-element-94528d6 elementor-widget elementor-widget-text-editor\" data-id=\"94528d6\" data-element_type=\"widget\" data-widget_type=\"text-editor.default\">\n\t\t\t\t<div class=\"elementor-widget-container\">\n\t\t\t\t\t\t\t<p class=\" translation-block\"><span class=\"TextRun SCXW49614544 BCX0\" lang=\"DE-DE\" data-contrast=\"auto\"> <span class=\"NormalTextRun SCXW49614544 BCX0\"> The region <span class=\"TextRun SCXW49614544 BCX0\" lang=\"DE-DE\" data-contrast=\"auto\"> <span class=\"NormalTextRun SCXW49614544 BCX0\"> is not only impressive in its rich architectural heritage, but also in special didactic offers in the form of museums and themed trails. <\/span> <\/span> <span class=\"TextRun SCXW49614544 BCX0\" lang=\"DE-DE\" data-contrast=\"auto\"> <span class=\"NormalTextRun SCXW49614544 BCX0\"> Here historical objects from the past are not only presented, but also proactively collected and thus secured for future generations. <\/span> <\/span> <span class=\"TextRun SCXW49614544 BCX0\" lang=\"DE-DE\" data-contrast=\"auto\"> <span class=\"NormalTextRun SCXW49614544 BCX0\"> Annually changing <\/span> <\/span> <span class=\"TextRun SCXW49614544 BCX0\" lang=\"DE-DE\" data-contrast=\"auto\"> <span class=\"NormalTextRun SpellingErrorV2 SCXW49614544 BCX0 \"> special exhibitions <\/span> <\/span> <span> <span class=\"NormalTextRun SCXW49614544 BCX0\"> ensure that new facets of the region's history are always in the spotlight <\/span> <\/span> <span class=\"EOP SCXW49614544 BCX0\" data-ccp-props=\"{\">. <\/span><\/p>\t\t\t\t\t\t<\/div>\n\t\t\t\t<\/div>\n\t\t\t\t\t<\/div>\n\t\t<\/div>\n\t\t\t\t\t<\/div>\n\t\t<\/section>\n\t\t\t\t<section class=\"elementor-section elementor-top-section elementor-element elementor-element-a7492e1 elementor-section-boxed elementor-section-height-default elementor-section-height-default\" data-id=\"a7492e1\" data-element_type=\"section\" id=\"bergl\" data-settings=\"{&quot;jet_parallax_layout_list&quot;:[{&quot;jet_parallax_layout_image&quot;:{&quot;url&quot;:&quot;&quot;,&quot;id&quot;:&quot;&quot;,&quot;size&quot;:&quot;&quot;},&quot;_id&quot;:&quot;5bc445c&quot;,&quot;jet_parallax_layout_image_tablet&quot;:{&quot;url&quot;:&quot;&quot;,&quot;id&quot;:&quot;&quot;,&quot;size&quot;:&quot;&quot;},&quot;jet_parallax_layout_image_mobile&quot;:{&quot;url&quot;:&quot;&quot;,&quot;id&quot;:&quot;&quot;,&quot;size&quot;:&quot;&quot;},&quot;jet_parallax_layout_speed&quot;:{&quot;unit&quot;:&quot;%&quot;,&quot;size&quot;:50,&quot;sizes&quot;:[]},&quot;jet_parallax_layout_type&quot;:&quot;scroll&quot;,&quot;jet_parallax_layout_direction&quot;:null,&quot;jet_parallax_layout_fx_direction&quot;:null,&quot;jet_parallax_layout_z_index&quot;:&quot;&quot;,&quot;jet_parallax_layout_bg_x&quot;:50,&quot;jet_parallax_layout_bg_x_tablet&quot;:&quot;&quot;,&quot;jet_parallax_layout_bg_x_mobile&quot;:&quot;&quot;,&quot;jet_parallax_layout_bg_y&quot;:50,&quot;jet_parallax_layout_bg_y_tablet&quot;:&quot;&quot;,&quot;jet_parallax_layout_bg_y_mobile&quot;:&quot;&quot;,&quot;jet_parallax_layout_bg_size&quot;:&quot;auto&quot;,&quot;jet_parallax_layout_bg_size_tablet&quot;:&quot;&quot;,&quot;jet_parallax_layout_bg_size_mobile&quot;:&quot;&quot;,&quot;jet_parallax_layout_animation_prop&quot;:&quot;transform&quot;,&quot;jet_parallax_layout_on&quot;:[&quot;desktop&quot;,&quot;tablet&quot;]}]}\">\n\t\t\t\t\t\t<div class=\"elementor-container elementor-column-gap-default\">\n\t\t\t\t\t<div class=\"elementor-column elementor-col-50 elementor-top-column elementor-element elementor-element-62ece2d\" data-id=\"62ece2d\" data-element_type=\"column\">\n\t\t\t<div class=\"elementor-widget-wrap elementor-element-populated\">\n\t\t\t\t\t\t<div class=\"elementor-element elementor-element-6c45edb elementor-widget elementor-widget-image\" data-id=\"6c45edb\" data-element_type=\"widget\" data-widget_type=\"image.default\">\n\t\t\t\t<div class=\"elementor-widget-container\">\n\t\t\t\t\t\t\t\t\t\t\t\t\t<img fetchpriority=\"high\" decoding=\"async\" width=\"1024\" height=\"683\" src=\"https:\/\/www.mariazell-wienerwald.at\/wp-content\/uploads\/2021\/10\/Marienleben-1024x683.jpg\" class=\"attachment-large size-large wp-image-4661\" alt=\"\" srcset=\"https:\/\/www.mariazell-wienerwald.at\/wp-content\/uploads\/2021\/10\/Marienleben-1024x683.jpg 1024w, https:\/\/www.mariazell-wienerwald.at\/wp-content\/uploads\/2021\/10\/Marienleben-300x200.jpg 300w, https:\/\/www.mariazell-wienerwald.at\/wp-content\/uploads\/2021\/10\/Marienleben-768x513.jpg 768w, https:\/\/www.mariazell-wienerwald.at\/wp-content\/uploads\/2021\/10\/Marienleben-1536x1025.jpg 1536w, https:\/\/www.mariazell-wienerwald.at\/wp-content\/uploads\/2021\/10\/Marienleben-2048x1367.jpg 2048w, https:\/\/www.mariazell-wienerwald.at\/wp-content\/uploads\/2021\/10\/Marienleben-18x12.jpg 18w, https:\/\/www.mariazell-wienerwald.at\/wp-content\/uploads\/2021\/10\/Marienleben-600x400.jpg 600w, https:\/\/www.mariazell-wienerwald.at\/wp-content\/uploads\/2021\/10\/Marienleben-scaled-e1635699717333.jpg 884w\" sizes=\"(max-width: 1024px) 100vw, 1024px\" \/>\t\t\t\t\t\t\t\t\t\t\t\t\t<\/div>\n\t\t\t\t<\/div>\n\t\t\t\t\t<\/div>\n\t\t<\/div>\n\t\t\t\t<div class=\"elementor-column elementor-col-50 elementor-top-column elementor-element elementor-element-96290fd\" data-id=\"96290fd\" data-element_type=\"column\">\n\t\t\t<div class=\"elementor-widget-wrap elementor-element-populated\">\n\t\t\t\t\t\t<div class=\"elementor-element elementor-element-568a897 elementor-widget elementor-widget-heading\" data-id=\"568a897\" data-element_type=\"widget\" data-widget_type=\"heading.default\">\n\t\t\t\t<div class=\"elementor-widget-container\">\n\t\t\t<h2 class=\"elementor-heading-title elementor-size-default\">Bergls Marienleben (1759\/1759) | Basilika Klein-Mariazell <\/h2>\t\t<\/div>\n\t\t\t\t<\/div>\n\t\t\t\t<div class=\"elementor-element elementor-element-7e22211 elementor-widget elementor-widget-text-editor\" data-id=\"7e22211\" data-element_type=\"widget\" data-widget_type=\"text-editor.default\">\n\t\t\t\t<div class=\"elementor-widget-container\">\n\t\t\t\t\t\t\t<p><span data-contrast=\"auto\">In der ehem. Benediktiner-Stiftskirche und heutigen Basilika (Klein-) Mariazell<\/span> schuf der b\u00f6hmisch-\u00f6sterreichische Barockmaler sein erstes gro\u00dfes eigenst\u00e4ndiges Werk, einen Freskenzyklus zum Leben Mariens.<\/p>\n<p>Erkl\u00e4rende Tafeln begleiten Sie auf Ihrem Weg durch das Marienleben und f\u00fchren Sie tief in die religi\u00f6se Welt des ausgehenden Barock ein.<\/p><p><span data-contrast=\"auto\">More information: <a href=\"https:\/\/www.mariazell-wienerwald.at\/en\/museen-themenwege\/bergl-marienleben\/\" target=\"_blank\" rel=\"noopener\">Bergls Marienleben<\/a><\/span><\/p>\t\t\t\t\t\t<\/div>\n\t\t\t\t<\/div>\n\t\t\t\t\t<\/div>\n\t\t<\/div>\n\t\t\t\t\t<\/div>\n\t\t<\/section>\n\t\t\t\t<section class=\"elementor-section elementor-top-section elementor-element elementor-element-9d974a3 elementor-section-boxed elementor-section-height-default elementor-section-height-default\" data-id=\"9d974a3\" data-element_type=\"section\" data-settings=\"{&quot;jet_parallax_layout_list&quot;:[{&quot;jet_parallax_layout_image&quot;:{&quot;url&quot;:&quot;&quot;,&quot;id&quot;:&quot;&quot;,&quot;size&quot;:&quot;&quot;},&quot;_id&quot;:&quot;5bc445c&quot;,&quot;jet_parallax_layout_image_tablet&quot;:{&quot;url&quot;:&quot;&quot;,&quot;id&quot;:&quot;&quot;,&quot;size&quot;:&quot;&quot;},&quot;jet_parallax_layout_image_mobile&quot;:{&quot;url&quot;:&quot;&quot;,&quot;id&quot;:&quot;&quot;,&quot;size&quot;:&quot;&quot;},&quot;jet_parallax_layout_speed&quot;:{&quot;unit&quot;:&quot;%&quot;,&quot;size&quot;:50,&quot;sizes&quot;:[]},&quot;jet_parallax_layout_type&quot;:&quot;scroll&quot;,&quot;jet_parallax_layout_direction&quot;:null,&quot;jet_parallax_layout_fx_direction&quot;:null,&quot;jet_parallax_layout_z_index&quot;:&quot;&quot;,&quot;jet_parallax_layout_bg_x&quot;:50,&quot;jet_parallax_layout_bg_x_tablet&quot;:&quot;&quot;,&quot;jet_parallax_layout_bg_x_mobile&quot;:&quot;&quot;,&quot;jet_parallax_layout_bg_y&quot;:50,&quot;jet_parallax_layout_bg_y_tablet&quot;:&quot;&quot;,&quot;jet_parallax_layout_bg_y_mobile&quot;:&quot;&quot;,&quot;jet_parallax_layout_bg_size&quot;:&quot;auto&quot;,&quot;jet_parallax_layout_bg_size_tablet&quot;:&quot;&quot;,&quot;jet_parallax_layout_bg_size_mobile&quot;:&quot;&quot;,&quot;jet_parallax_layout_animation_prop&quot;:&quot;transform&quot;,&quot;jet_parallax_layout_on&quot;:[&quot;desktop&quot;,&quot;tablet&quot;]}]}\">\n\t\t\t\t\t\t<div class=\"elementor-container elementor-column-gap-default\">\n\t\t\t\t\t<div class=\"elementor-column elementor-col-50 elementor-top-column elementor-element elementor-element-3bc2ae3\" data-id=\"3bc2ae3\" data-element_type=\"column\">\n\t\t\t<div class=\"elementor-widget-wrap elementor-element-populated\">\n\t\t\t\t\t\t<div class=\"elementor-element elementor-element-8863b3d elementor-widget elementor-widget-image\" data-id=\"8863b3d\" data-element_type=\"widget\" data-widget_type=\"image.default\">\n\t\t\t\t<div class=\"elementor-widget-container\">\n\t\t\t\t\t\t\t\t\t\t\t\t\t<img decoding=\"async\" width=\"355\" height=\"236\" src=\"https:\/\/www.mariazell-wienerwald.at\/wp-content\/uploads\/2020\/04\/Berglgarten-355px.jpg\" class=\"attachment-large size-large wp-image-1974\" alt=\"\" srcset=\"https:\/\/www.mariazell-wienerwald.at\/wp-content\/uploads\/2020\/04\/Berglgarten-355px.jpg 355w, https:\/\/www.mariazell-wienerwald.at\/wp-content\/uploads\/2020\/04\/Berglgarten-355px-300x199.jpg 300w\" sizes=\"(max-width: 355px) 100vw, 355px\" \/>\t\t\t\t\t\t\t\t\t\t\t\t\t<\/div>\n\t\t\t\t<\/div>\n\t\t\t\t\t<\/div>\n\t\t<\/div>\n\t\t\t\t<div class=\"elementor-column elementor-col-50 elementor-top-column elementor-element elementor-element-62c8370\" data-id=\"62c8370\" data-element_type=\"column\">\n\t\t\t<div class=\"elementor-widget-wrap elementor-element-populated\">\n\t\t\t\t\t\t<div class=\"elementor-element elementor-element-a85586c elementor-widget elementor-widget-heading\" data-id=\"a85586c\" data-element_type=\"widget\" data-widget_type=\"heading.default\">\n\t\t\t\t<div class=\"elementor-widget-container\">\n\t\t\t<h2 class=\"elementor-heading-title elementor-size-default\">JOHANN BERGL GARTEN Theme Trail | Klein-Mariazell <\/h2>\t\t<\/div>\n\t\t\t\t<\/div>\n\t\t\t\t<div class=\"elementor-element elementor-element-c59a490 elementor-widget elementor-widget-text-editor\" data-id=\"c59a490\" data-element_type=\"widget\" data-widget_type=\"text-editor.default\">\n\t\t\t\t<div class=\"elementor-widget-container\">\n\t\t\t\t\t\t\t<p class=\" translation-block\"><span data-contrast=\"auto\"> In the garden next to and behind the basilica in Klein-Mariazell there is a <\/span> <span data-contrast=\"auto\"> themed trail with eight stations through the life and work of the Bohemian-Austrian baroque painter Johann <\/span> <span data-contrast=\"auto\"> Bergl <\/span> <span data-contrast=\"auto\">. <\/span> <span data-contrast=\"auto\"> In the basilica you can also admire his large cycle of frescoes on the life of Mary <\/span> <span data-contrast=\"auto\">, accompanied by explanations of the contents and programme of the pictures. Immerse yourself in the fascinating world of images of the great master! <\/span> <span data-ccp-props=\"{\"> <\/span><\/p><p><span data-contrast=\"auto\">More information: <a href=\"\/en\/johann-bergl-garten\/\">Johann Bergl Garten<\/a><\/span><\/p>\t\t\t\t\t\t<\/div>\n\t\t\t\t<\/div>\n\t\t\t\t\t<\/div>\n\t\t<\/div>\n\t\t\t\t\t<\/div>\n\t\t<\/section>\n\t\t\t\t<section class=\"elementor-section elementor-top-section elementor-element elementor-element-c61cc8a elementor-section-boxed elementor-section-height-default elementor-section-height-default\" data-id=\"c61cc8a\" data-element_type=\"section\" data-settings=\"{&quot;jet_parallax_layout_list&quot;:[{&quot;jet_parallax_layout_image&quot;:{&quot;url&quot;:&quot;&quot;,&quot;id&quot;:&quot;&quot;,&quot;size&quot;:&quot;&quot;},&quot;_id&quot;:&quot;5bc445c&quot;,&quot;jet_parallax_layout_image_tablet&quot;:{&quot;url&quot;:&quot;&quot;,&quot;id&quot;:&quot;&quot;,&quot;size&quot;:&quot;&quot;},&quot;jet_parallax_layout_image_mobile&quot;:{&quot;url&quot;:&quot;&quot;,&quot;id&quot;:&quot;&quot;,&quot;size&quot;:&quot;&quot;},&quot;jet_parallax_layout_speed&quot;:{&quot;unit&quot;:&quot;%&quot;,&quot;size&quot;:50,&quot;sizes&quot;:[]},&quot;jet_parallax_layout_type&quot;:&quot;scroll&quot;,&quot;jet_parallax_layout_direction&quot;:null,&quot;jet_parallax_layout_fx_direction&quot;:null,&quot;jet_parallax_layout_z_index&quot;:&quot;&quot;,&quot;jet_parallax_layout_bg_x&quot;:50,&quot;jet_parallax_layout_bg_x_tablet&quot;:&quot;&quot;,&quot;jet_parallax_layout_bg_x_mobile&quot;:&quot;&quot;,&quot;jet_parallax_layout_bg_y&quot;:50,&quot;jet_parallax_layout_bg_y_tablet&quot;:&quot;&quot;,&quot;jet_parallax_layout_bg_y_mobile&quot;:&quot;&quot;,&quot;jet_parallax_layout_bg_size&quot;:&quot;auto&quot;,&quot;jet_parallax_layout_bg_size_tablet&quot;:&quot;&quot;,&quot;jet_parallax_layout_bg_size_mobile&quot;:&quot;&quot;,&quot;jet_parallax_layout_animation_prop&quot;:&quot;transform&quot;,&quot;jet_parallax_layout_on&quot;:[&quot;desktop&quot;,&quot;tablet&quot;]}]}\">\n\t\t\t\t\t\t<div class=\"elementor-container elementor-column-gap-default\">\n\t\t\t\t\t<div class=\"elementor-column elementor-col-50 elementor-top-column elementor-element elementor-element-2517060\" data-id=\"2517060\" data-element_type=\"column\">\n\t\t\t<div class=\"elementor-widget-wrap elementor-element-populated\">\n\t\t\t\t\t\t<div class=\"elementor-element elementor-element-c80456c elementor-widget elementor-widget-image\" data-id=\"c80456c\" data-element_type=\"widget\" data-widget_type=\"image.default\">\n\t\t\t\t<div class=\"elementor-widget-container\">\n\t\t\t\t\t\t\t\t\t\t\t\t\t<img decoding=\"async\" width=\"1024\" height=\"686\" src=\"https:\/\/www.mariazell-wienerwald.at\/wp-content\/uploads\/2023\/04\/Ueberblickstafel-1024x686.jpg\" class=\"attachment-large size-large wp-image-5461\" alt=\"\" srcset=\"https:\/\/www.mariazell-wienerwald.at\/wp-content\/uploads\/2023\/04\/Ueberblickstafel-1024x686.jpg 1024w, https:\/\/www.mariazell-wienerwald.at\/wp-content\/uploads\/2023\/04\/Ueberblickstafel-300x201.jpg 300w, https:\/\/www.mariazell-wienerwald.at\/wp-content\/uploads\/2023\/04\/Ueberblickstafel-768x515.jpg 768w, https:\/\/www.mariazell-wienerwald.at\/wp-content\/uploads\/2023\/04\/Ueberblickstafel-1536x1029.jpg 1536w, https:\/\/www.mariazell-wienerwald.at\/wp-content\/uploads\/2023\/04\/Ueberblickstafel-2048x1372.jpg 2048w, https:\/\/www.mariazell-wienerwald.at\/wp-content\/uploads\/2023\/04\/Ueberblickstafel-18x12.jpg 18w, https:\/\/www.mariazell-wienerwald.at\/wp-content\/uploads\/2023\/04\/Ueberblickstafel-600x402.jpg 600w\" sizes=\"(max-width: 1024px) 100vw, 1024px\" \/>\t\t\t\t\t\t\t\t\t\t\t\t\t<\/div>\n\t\t\t\t<\/div>\n\t\t\t\t\t<\/div>\n\t\t<\/div>\n\t\t\t\t<div class=\"elementor-column elementor-col-50 elementor-top-column elementor-element elementor-element-8fb1a73\" data-id=\"8fb1a73\" data-element_type=\"column\">\n\t\t\t<div class=\"elementor-widget-wrap elementor-element-populated\">\n\t\t\t\t\t\t<div class=\"elementor-element elementor-element-42728f8 elementor-widget elementor-widget-heading\" data-id=\"42728f8\" data-element_type=\"widget\" data-widget_type=\"heading.default\">\n\t\t\t\t<div class=\"elementor-widget-container\">\n\t\t\t<h2 class=\"elementor-heading-title elementor-size-default\">Historischer Rundweg | St. Corona\/Sch\u00f6pfl<\/h2>\t\t<\/div>\n\t\t\t\t<\/div>\n\t\t\t\t<div class=\"elementor-element elementor-element-904213c elementor-widget elementor-widget-text-editor\" data-id=\"904213c\" data-element_type=\"widget\" data-widget_type=\"text-editor.default\">\n\t\t\t\t<div class=\"elementor-widget-container\">\n\t\t\t\t\t\t\t<p><span data-contrast=\"auto\">Durch die ehemalige Holzhauersiedlung des kaiserlichen Wienerwalds f\u00fchrt ein Themenweg zur Geschichte dieses wunderbaren Fleckens Erde. Erfahren Sie spannende Geschichten zur Besiedelung im 17. Jh., der Erbauung einer Kapelle im sp\u00e4ten Mittelalter oder dem Bau eines Flugzeugs und dem Einzug der Technik in der kleinen Ortschaft <\/span><span data-contrast=\"auto\"> am Fu\u00dfe des Sch\u00f6pfls.<\/span><span data-contrast=\"auto\"><em><strong> Begehbar ab 14. Mai 2023!<\/strong><\/em><br \/><\/span><\/p><p><span data-contrast=\"auto\">More information: <a href=\"https:\/\/www.mariazell-wienerwald.at\/en\/museen-themenwege\/historischer-rundweg-st-corona\/\">Historischer Rundweg St. Corona<\/a><br \/><\/span><\/p>\t\t\t\t\t\t<\/div>\n\t\t\t\t<\/div>\n\t\t\t\t\t<\/div>\n\t\t<\/div>\n\t\t\t\t\t<\/div>\n\t\t<\/section>\n\t\t\t\t<section class=\"elementor-section elementor-top-section elementor-element elementor-element-2e3bf80 elementor-section-boxed elementor-section-height-default elementor-section-height-default\" data-id=\"2e3bf80\" data-element_type=\"section\" data-settings=\"{&quot;jet_parallax_layout_list&quot;:[{&quot;jet_parallax_layout_image&quot;:{&quot;url&quot;:&quot;&quot;,&quot;id&quot;:&quot;&quot;,&quot;size&quot;:&quot;&quot;},&quot;_id&quot;:&quot;31fcfd9&quot;,&quot;jet_parallax_layout_image_tablet&quot;:{&quot;url&quot;:&quot;&quot;,&quot;id&quot;:&quot;&quot;,&quot;size&quot;:&quot;&quot;},&quot;jet_parallax_layout_image_mobile&quot;:{&quot;url&quot;:&quot;&quot;,&quot;id&quot;:&quot;&quot;,&quot;size&quot;:&quot;&quot;},&quot;jet_parallax_layout_speed&quot;:{&quot;unit&quot;:&quot;%&quot;,&quot;size&quot;:50,&quot;sizes&quot;:[]},&quot;jet_parallax_layout_type&quot;:&quot;scroll&quot;,&quot;jet_parallax_layout_direction&quot;:null,&quot;jet_parallax_layout_fx_direction&quot;:null,&quot;jet_parallax_layout_z_index&quot;:&quot;&quot;,&quot;jet_parallax_layout_bg_x&quot;:50,&quot;jet_parallax_layout_bg_x_tablet&quot;:&quot;&quot;,&quot;jet_parallax_layout_bg_x_mobile&quot;:&quot;&quot;,&quot;jet_parallax_layout_bg_y&quot;:50,&quot;jet_parallax_layout_bg_y_tablet&quot;:&quot;&quot;,&quot;jet_parallax_layout_bg_y_mobile&quot;:&quot;&quot;,&quot;jet_parallax_layout_bg_size&quot;:&quot;auto&quot;,&quot;jet_parallax_layout_bg_size_tablet&quot;:&quot;&quot;,&quot;jet_parallax_layout_bg_size_mobile&quot;:&quot;&quot;,&quot;jet_parallax_layout_animation_prop&quot;:&quot;transform&quot;,&quot;jet_parallax_layout_on&quot;:[&quot;desktop&quot;,&quot;tablet&quot;]}]}\">\n\t\t\t\t\t\t<div class=\"elementor-container elementor-column-gap-default\">\n\t\t\t\t\t<div class=\"elementor-column elementor-col-50 elementor-top-column elementor-element elementor-element-dcf36c8\" data-id=\"dcf36c8\" data-element_type=\"column\">\n\t\t\t<div class=\"elementor-widget-wrap elementor-element-populated\">\n\t\t\t\t\t\t<div class=\"elementor-element elementor-element-9a9c016 elementor-widget elementor-widget-image\" data-id=\"9a9c016\" data-element_type=\"widget\" data-widget_type=\"image.default\">\n\t\t\t\t<div class=\"elementor-widget-container\">\n\t\t\t\t\t\t\t\t\t\t\t\t\t<img loading=\"lazy\" decoding=\"async\" width=\"1024\" height=\"683\" src=\"https:\/\/www.mariazell-wienerwald.at\/wp-content\/uploads\/2021\/10\/Schatzkammer12-1024x683.jpg\" class=\"attachment-large size-large wp-image-4571\" alt=\"\" srcset=\"https:\/\/www.mariazell-wienerwald.at\/wp-content\/uploads\/2021\/10\/Schatzkammer12-1024x683.jpg 1024w, https:\/\/www.mariazell-wienerwald.at\/wp-content\/uploads\/2021\/10\/Schatzkammer12-300x200.jpg 300w, https:\/\/www.mariazell-wienerwald.at\/wp-content\/uploads\/2021\/10\/Schatzkammer12-768x512.jpg 768w, https:\/\/www.mariazell-wienerwald.at\/wp-content\/uploads\/2021\/10\/Schatzkammer12-18x12.jpg 18w, https:\/\/www.mariazell-wienerwald.at\/wp-content\/uploads\/2021\/10\/Schatzkammer12-600x400.jpg 600w, https:\/\/www.mariazell-wienerwald.at\/wp-content\/uploads\/2021\/10\/Schatzkammer12-e1635672184260.jpg 885w\" sizes=\"(max-width: 1024px) 100vw, 1024px\" \/>\t\t\t\t\t\t\t\t\t\t\t\t\t<\/div>\n\t\t\t\t<\/div>\n\t\t\t\t\t<\/div>\n\t\t<\/div>\n\t\t\t\t<div class=\"elementor-column elementor-col-50 elementor-top-column elementor-element elementor-element-f90f5a8\" data-id=\"f90f5a8\" data-element_type=\"column\">\n\t\t\t<div class=\"elementor-widget-wrap elementor-element-populated\">\n\t\t\t\t\t\t<div class=\"elementor-element elementor-element-bdf85c9 elementor-widget elementor-widget-heading\" data-id=\"bdf85c9\" data-element_type=\"widget\" data-widget_type=\"heading.default\">\n\t\t\t\t<div class=\"elementor-widget-container\">\n\t\t\t<h2 class=\"elementor-heading-title elementor-size-default\">Schatzkammer | Wallfahrtskirche Hafnerberg<\/h2>\t\t<\/div>\n\t\t\t\t<\/div>\n\t\t\t\t<div class=\"elementor-element elementor-element-6d49fc3 elementor-widget elementor-widget-text-editor\" data-id=\"6d49fc3\" data-element_type=\"widget\" data-widget_type=\"text-editor.default\">\n\t\t\t\t<div class=\"elementor-widget-container\">\n\t\t\t\t\t\t\t<p><span data-contrast=\"auto\">Die Wallfahrtskirche Hafnerberg ist ein eindrucksvolles Zeugnis barocker Kunst, Kultur und Fr\u00f6mmigekit. Ihre Erbauung war stets ein Anliegen<\/span> vieler Menschen. Seien es Spenden, Geschenke oder fromme Werke und Gebete, sie allen haben sich hier verewigt und ihre Spuren hinterlassen.\u00a0<\/p><p><em><strong>Experience<\/strong><\/em> Sie ihre faszinierende Geschichte! <em><strong>Staunen<\/strong><\/em> Sie \u00fcber kleine und gro\u00dfe Kostbarkeiten! <em><strong>Erfreuen<\/strong><\/em> Sie sich an der Sch\u00f6nheit barocker Kunst!<\/p><p><span data-contrast=\"auto\">More information: <a href=\"https:\/\/www.mariazell-wienerwald.at\/en\/museen-themenwege\/schatzkammer\/\" target=\"_blank\" rel=\"noopener\">Schatzkammer Hafnerberg<\/a><\/span><\/p>\t\t\t\t\t\t<\/div>\n\t\t\t\t<\/div>\n\t\t\t\t\t<\/div>\n\t\t<\/div>\n\t\t\t\t\t<\/div>\n\t\t<\/section>\n\t\t\t\t<section class=\"elementor-section elementor-top-section elementor-element elementor-element-89a2430 elementor-section-boxed elementor-section-height-default elementor-section-height-default\" data-id=\"89a2430\" data-element_type=\"section\" data-settings=\"{&quot;jet_parallax_layout_list&quot;:[{&quot;jet_parallax_layout_image&quot;:{&quot;url&quot;:&quot;&quot;,&quot;id&quot;:&quot;&quot;,&quot;size&quot;:&quot;&quot;},&quot;_id&quot;:&quot;31fcfd9&quot;,&quot;jet_parallax_layout_image_tablet&quot;:{&quot;url&quot;:&quot;&quot;,&quot;id&quot;:&quot;&quot;,&quot;size&quot;:&quot;&quot;},&quot;jet_parallax_layout_image_mobile&quot;:{&quot;url&quot;:&quot;&quot;,&quot;id&quot;:&quot;&quot;,&quot;size&quot;:&quot;&quot;},&quot;jet_parallax_layout_speed&quot;:{&quot;unit&quot;:&quot;%&quot;,&quot;size&quot;:50,&quot;sizes&quot;:[]},&quot;jet_parallax_layout_type&quot;:&quot;scroll&quot;,&quot;jet_parallax_layout_direction&quot;:null,&quot;jet_parallax_layout_fx_direction&quot;:null,&quot;jet_parallax_layout_z_index&quot;:&quot;&quot;,&quot;jet_parallax_layout_bg_x&quot;:50,&quot;jet_parallax_layout_bg_x_tablet&quot;:&quot;&quot;,&quot;jet_parallax_layout_bg_x_mobile&quot;:&quot;&quot;,&quot;jet_parallax_layout_bg_y&quot;:50,&quot;jet_parallax_layout_bg_y_tablet&quot;:&quot;&quot;,&quot;jet_parallax_layout_bg_y_mobile&quot;:&quot;&quot;,&quot;jet_parallax_layout_bg_size&quot;:&quot;auto&quot;,&quot;jet_parallax_layout_bg_size_tablet&quot;:&quot;&quot;,&quot;jet_parallax_layout_bg_size_mobile&quot;:&quot;&quot;,&quot;jet_parallax_layout_animation_prop&quot;:&quot;transform&quot;,&quot;jet_parallax_layout_on&quot;:[&quot;desktop&quot;,&quot;tablet&quot;]}]}\">\n\t\t\t\t\t\t<div class=\"elementor-container elementor-column-gap-default\">\n\t\t\t\t\t<div class=\"elementor-column elementor-col-50 elementor-top-column elementor-element elementor-element-b4a3851\" data-id=\"b4a3851\" data-element_type=\"column\">\n\t\t\t<div class=\"elementor-widget-wrap elementor-element-populated\">\n\t\t\t\t\t\t<div class=\"elementor-element elementor-element-acc3078 elementor-widget elementor-widget-image\" data-id=\"acc3078\" data-element_type=\"widget\" data-widget_type=\"image.default\">\n\t\t\t\t<div class=\"elementor-widget-container\">\n\t\t\t\t\t\t\t\t\t\t\t\t\t<img loading=\"lazy\" decoding=\"async\" width=\"920\" height=\"612\" src=\"https:\/\/www.mariazell-wienerwald.at\/wp-content\/uploads\/2020\/03\/Hafnerberg-02_920x612.jpg\" class=\"attachment-large size-large wp-image-1627\" alt=\"\" srcset=\"https:\/\/www.mariazell-wienerwald.at\/wp-content\/uploads\/2020\/03\/Hafnerberg-02_920x612.jpg 920w, https:\/\/www.mariazell-wienerwald.at\/wp-content\/uploads\/2020\/03\/Hafnerberg-02_920x612-600x399.jpg 600w, https:\/\/www.mariazell-wienerwald.at\/wp-content\/uploads\/2020\/03\/Hafnerberg-02_920x612-300x200.jpg 300w, https:\/\/www.mariazell-wienerwald.at\/wp-content\/uploads\/2020\/03\/Hafnerberg-02_920x612-768x511.jpg 768w\" sizes=\"(max-width: 920px) 100vw, 920px\" \/>\t\t\t\t\t\t\t\t\t\t\t\t\t<\/div>\n\t\t\t\t<\/div>\n\t\t\t\t\t<\/div>\n\t\t<\/div>\n\t\t\t\t<div class=\"elementor-column elementor-col-50 elementor-top-column elementor-element elementor-element-82e85ed\" data-id=\"82e85ed\" data-element_type=\"column\">\n\t\t\t<div class=\"elementor-widget-wrap elementor-element-populated\">\n\t\t\t\t\t\t<div class=\"elementor-element elementor-element-0fe6cbe elementor-widget elementor-widget-heading\" data-id=\"0fe6cbe\" data-element_type=\"widget\" data-widget_type=\"heading.default\">\n\t\t\t\t<div class=\"elementor-widget-container\">\n\t\t\t<h2 class=\"elementor-heading-title elementor-size-default\">Maria im Heilsplan Gottes | Wallfahrtskirche Hafnerberg<\/h2>\t\t<\/div>\n\t\t\t\t<\/div>\n\t\t\t\t<div class=\"elementor-element elementor-element-e538d0a elementor-widget elementor-widget-text-editor\" data-id=\"e538d0a\" data-element_type=\"widget\" data-widget_type=\"text-editor.default\">\n\t\t\t\t<div class=\"elementor-widget-container\">\n\t\t\t\t\t\t\t<p><span style=\"text-decoration: underline;\"><a href=\"https:\/\/de.wikipedia.org\/wiki\/Josef_Ignaz_Mildorfer\" target=\"_blank\" rel=\"noopener\"><strong>Ignaz Mildorfer (1719-1775)<\/strong><\/a><\/span>, Sch\u00fcler Paul Trogers, schuf 1744 sein erstes gro\u00dfes eigenst\u00e4ndiges Werk an der Decke der Kirche Hafnerberg. Das zentrale Programm des Freskos ist, den <strong>Heilsplan Gottes f\u00fcr die Erl\u00f6sung der Menschen und die Rolle Mariens<\/strong> darin zu zeigen. Es ist aber auch ein einzigartiges Dokument der damaligen Zeitgeschichte. Vier Aufsteller mit grafischen Erkl\u00e4rungen helfen dabei, sich in diese Geschichte zu vertiefen.<\/p><p><strong>Tauchen Sie ein in die wunderbare barocke Bilderwelt Ignaz Mildorfers!<\/strong><\/p><p><span data-contrast=\"auto\">More information: <a href=\"https:\/\/www.mariazell-wienerwald.at\/en\/museen-themenwege\/mildorfer-hafnerberg\/\" target=\"_blank\" rel=\"noopener\">Mildorfer am Hafnerberg<\/a><\/span><\/p>\t\t\t\t\t\t<\/div>\n\t\t\t\t<\/div>\n\t\t\t\t\t<\/div>\n\t\t<\/div>\n\t\t\t\t\t<\/div>\n\t\t<\/section>\n\t\t\t\t<section class=\"elementor-section elementor-top-section elementor-element elementor-element-4273ea4 elementor-section-boxed elementor-section-height-default elementor-section-height-default\" data-id=\"4273ea4\" data-element_type=\"section\" id=\"szenarium\" data-settings=\"{&quot;jet_parallax_layout_list&quot;:[{&quot;jet_parallax_layout_image&quot;:{&quot;url&quot;:&quot;&quot;,&quot;id&quot;:&quot;&quot;,&quot;size&quot;:&quot;&quot;},&quot;_id&quot;:&quot;b591b6e&quot;,&quot;jet_parallax_layout_image_tablet&quot;:{&quot;url&quot;:&quot;&quot;,&quot;id&quot;:&quot;&quot;,&quot;size&quot;:&quot;&quot;},&quot;jet_parallax_layout_image_mobile&quot;:{&quot;url&quot;:&quot;&quot;,&quot;id&quot;:&quot;&quot;,&quot;size&quot;:&quot;&quot;},&quot;jet_parallax_layout_speed&quot;:{&quot;unit&quot;:&quot;%&quot;,&quot;size&quot;:50,&quot;sizes&quot;:[]},&quot;jet_parallax_layout_type&quot;:&quot;scroll&quot;,&quot;jet_parallax_layout_direction&quot;:null,&quot;jet_parallax_layout_fx_direction&quot;:null,&quot;jet_parallax_layout_z_index&quot;:&quot;&quot;,&quot;jet_parallax_layout_bg_x&quot;:50,&quot;jet_parallax_layout_bg_x_tablet&quot;:&quot;&quot;,&quot;jet_parallax_layout_bg_x_mobile&quot;:&quot;&quot;,&quot;jet_parallax_layout_bg_y&quot;:50,&quot;jet_parallax_layout_bg_y_tablet&quot;:&quot;&quot;,&quot;jet_parallax_layout_bg_y_mobile&quot;:&quot;&quot;,&quot;jet_parallax_layout_bg_size&quot;:&quot;auto&quot;,&quot;jet_parallax_layout_bg_size_tablet&quot;:&quot;&quot;,&quot;jet_parallax_layout_bg_size_mobile&quot;:&quot;&quot;,&quot;jet_parallax_layout_animation_prop&quot;:&quot;transform&quot;,&quot;jet_parallax_layout_on&quot;:[&quot;desktop&quot;,&quot;tablet&quot;]}]}\">\n\t\t\t\t\t\t<div class=\"elementor-container elementor-column-gap-default\">\n\t\t\t\t\t<div class=\"elementor-column elementor-col-50 elementor-top-column elementor-element elementor-element-29b3bfd\" data-id=\"29b3bfd\" data-element_type=\"column\">\n\t\t\t<div class=\"elementor-widget-wrap elementor-element-populated\">\n\t\t\t\t\t\t<div class=\"elementor-element elementor-element-39d7baa elementor-widget elementor-widget-image\" data-id=\"39d7baa\" data-element_type=\"widget\" data-widget_type=\"image.default\">\n\t\t\t\t<div class=\"elementor-widget-container\">\n\t\t\t\t\t\t\t\t\t\t\t\t\t<img loading=\"lazy\" decoding=\"async\" width=\"900\" height=\"600\" src=\"https:\/\/www.mariazell-wienerwald.at\/wp-content\/uploads\/2020\/04\/20200705-_E853219.jpg\" class=\"attachment-large size-large wp-image-3204\" alt=\"\" srcset=\"https:\/\/www.mariazell-wienerwald.at\/wp-content\/uploads\/2020\/04\/20200705-_E853219.jpg 900w, https:\/\/www.mariazell-wienerwald.at\/wp-content\/uploads\/2020\/04\/20200705-_E853219-300x200.jpg 300w, https:\/\/www.mariazell-wienerwald.at\/wp-content\/uploads\/2020\/04\/20200705-_E853219-768x512.jpg 768w, https:\/\/www.mariazell-wienerwald.at\/wp-content\/uploads\/2020\/04\/20200705-_E853219-600x400.jpg 600w\" sizes=\"(max-width: 900px) 100vw, 900px\" \/>\t\t\t\t\t\t\t\t\t\t\t\t\t<\/div>\n\t\t\t\t<\/div>\n\t\t\t\t\t<\/div>\n\t\t<\/div>\n\t\t\t\t<div class=\"elementor-column elementor-col-50 elementor-top-column elementor-element elementor-element-fa92fa5\" data-id=\"fa92fa5\" data-element_type=\"column\">\n\t\t\t<div class=\"elementor-widget-wrap elementor-element-populated\">\n\t\t\t\t\t\t<div class=\"elementor-element elementor-element-c50c475 elementor-widget elementor-widget-heading\" data-id=\"c50c475\" data-element_type=\"widget\" data-widget_type=\"heading.default\">\n\t\t\t\t<div class=\"elementor-widget-container\">\n\t\t\t<h2 class=\"elementor-heading-title elementor-size-default\">Burgmuseum \"Szenarium\"  |  Araburg <\/h2>\t\t<\/div>\n\t\t\t\t<\/div>\n\t\t\t\t<div class=\"elementor-element elementor-element-93516cb elementor-widget elementor-widget-text-editor\" data-id=\"93516cb\" data-element_type=\"widget\" data-widget_type=\"text-editor.default\">\n\t\t\t\t<div class=\"elementor-widget-container\">\n\t\t\t\t\t\t\t<p><span data-ccp-props=\"{\">Das\u00a0<strong>Szenarium Araburg\u00a0<\/strong>ist die\u00a0wunderbare Mischung aus\u00a0<strong>Altem, Neuem, Natur und Kulinarik<\/strong>. <br \/><\/span><\/p><p><span data-ccp-props=\"{\">Erleben Sie Geschichte und lassen Sie die Seele baumeln!<\/span><\/p><p><span data-contrast=\"auto\">More information: <a href=\"https:\/\/www.kaumberg.gv.at\/araburg\/szenarium-araburg\/\" target=\"_blank\" rel=\"noopener\">Szenariuum Araburg<\/a><\/span><\/p>\t\t\t\t\t\t<\/div>\n\t\t\t\t<\/div>\n\t\t\t\t\t<\/div>\n\t\t<\/div>\n\t\t\t\t\t<\/div>\n\t\t<\/section>\n\t\t\t\t<section class=\"elementor-section elementor-top-section elementor-element elementor-element-1fa6426 elementor-section-boxed elementor-section-height-default elementor-section-height-default\" data-id=\"1fa6426\" data-element_type=\"section\" id=\"peilstein\" data-settings=\"{&quot;jet_parallax_layout_list&quot;:[{&quot;jet_parallax_layout_image&quot;:{&quot;url&quot;:&quot;&quot;,&quot;id&quot;:&quot;&quot;,&quot;size&quot;:&quot;&quot;},&quot;_id&quot;:&quot;5bc445c&quot;,&quot;jet_parallax_layout_image_tablet&quot;:{&quot;url&quot;:&quot;&quot;,&quot;id&quot;:&quot;&quot;,&quot;size&quot;:&quot;&quot;},&quot;jet_parallax_layout_image_mobile&quot;:{&quot;url&quot;:&quot;&quot;,&quot;id&quot;:&quot;&quot;,&quot;size&quot;:&quot;&quot;},&quot;jet_parallax_layout_speed&quot;:{&quot;unit&quot;:&quot;%&quot;,&quot;size&quot;:50,&quot;sizes&quot;:[]},&quot;jet_parallax_layout_type&quot;:&quot;scroll&quot;,&quot;jet_parallax_layout_direction&quot;:null,&quot;jet_parallax_layout_fx_direction&quot;:null,&quot;jet_parallax_layout_z_index&quot;:&quot;&quot;,&quot;jet_parallax_layout_bg_x&quot;:50,&quot;jet_parallax_layout_bg_x_tablet&quot;:&quot;&quot;,&quot;jet_parallax_layout_bg_x_mobile&quot;:&quot;&quot;,&quot;jet_parallax_layout_bg_y&quot;:50,&quot;jet_parallax_layout_bg_y_tablet&quot;:&quot;&quot;,&quot;jet_parallax_layout_bg_y_mobile&quot;:&quot;&quot;,&quot;jet_parallax_layout_bg_size&quot;:&quot;auto&quot;,&quot;jet_parallax_layout_bg_size_tablet&quot;:&quot;&quot;,&quot;jet_parallax_layout_bg_size_mobile&quot;:&quot;&quot;,&quot;jet_parallax_layout_animation_prop&quot;:&quot;transform&quot;,&quot;jet_parallax_layout_on&quot;:[&quot;desktop&quot;,&quot;tablet&quot;]}]}\">\n\t\t\t\t\t\t<div class=\"elementor-container elementor-column-gap-default\">\n\t\t\t\t\t<div class=\"elementor-column elementor-col-50 elementor-top-column elementor-element elementor-element-5d1ec91\" data-id=\"5d1ec91\" data-element_type=\"column\">\n\t\t\t<div class=\"elementor-widget-wrap elementor-element-populated\">\n\t\t\t\t\t\t<div class=\"elementor-element elementor-element-cefc1d0 elementor-widget elementor-widget-image\" data-id=\"cefc1d0\" data-element_type=\"widget\" data-widget_type=\"image.default\">\n\t\t\t\t<div class=\"elementor-widget-container\">\n\t\t\t\t\t\t\t\t\t\t\t\t\t<img loading=\"lazy\" decoding=\"async\" width=\"355\" height=\"266\" src=\"https:\/\/www.mariazell-wienerwald.at\/wp-content\/uploads\/2020\/04\/peilstein-355px.jpg\" class=\"attachment-large size-large wp-image-1975\" alt=\"\" srcset=\"https:\/\/www.mariazell-wienerwald.at\/wp-content\/uploads\/2020\/04\/peilstein-355px.jpg 355w, https:\/\/www.mariazell-wienerwald.at\/wp-content\/uploads\/2020\/04\/peilstein-355px-300x225.jpg 300w\" sizes=\"(max-width: 355px) 100vw, 355px\" \/>\t\t\t\t\t\t\t\t\t\t\t\t\t<\/div>\n\t\t\t\t<\/div>\n\t\t\t\t\t<\/div>\n\t\t<\/div>\n\t\t\t\t<div class=\"elementor-column elementor-col-50 elementor-top-column elementor-element elementor-element-027fdfd\" data-id=\"027fdfd\" data-element_type=\"column\">\n\t\t\t<div class=\"elementor-widget-wrap elementor-element-populated\">\n\t\t\t\t\t\t<div class=\"elementor-element elementor-element-aac2bdd elementor-widget elementor-widget-heading\" data-id=\"aac2bdd\" data-element_type=\"widget\" data-widget_type=\"heading.default\">\n\t\t\t\t<div class=\"elementor-widget-container\">\n\t\t\t<h2 class=\"elementor-heading-title elementor-size-default\">PEILSTEIN Adventure Trail | N\u00f6stach <\/h2>\t\t<\/div>\n\t\t\t\t<\/div>\n\t\t\t\t<div class=\"elementor-element elementor-element-95b928c elementor-widget elementor-widget-text-editor\" data-id=\"95b928c\" data-element_type=\"widget\" data-widget_type=\"text-editor.default\">\n\t\t\t\t<div class=\"elementor-widget-container\">\n\t\t\t\t\t\t\t<p class=\" translation-block\">The Peilstein has been a popular climbing paradise for a long time and is known far beyond the borders. Starting from <\/span> <span data-contrast=\"auto\"> N\u00f6stach <\/span> <span data-contrast=\"auto\"> 16 stations lead along the approx. 5.5 km long themed trail to the Peilstein. Numerous information boards line the way to the summit and give an insight into the world of climbing. The mascot \"A. <\/span> <span data-contrast=\"auto\"> Daxl <\/span> <span data-contrast=\"auto\"> \u201ctells interesting things about climbing plants, which special holding mechanisms climbing animals such as lizards have evolved and much more. Many interactive stations and elements of motion provide variety and ensure that children do not get bored. <\/span> <span data-ccp-props=\"{\"> <\/span><\/p><p class=\" translation-block\"><span data-contrast=\"auto\"> More information on the <a href=\"https:\/\/www.erlebnisweg-peilstein.at\/themenweg-klettern\/\" target=\"_self\" rel=\"noopener\"> official website of the Peilstein adventure trail <\/a> <br> <\/span><\/p>\t\t\t\t\t\t<\/div>\n\t\t\t\t<\/div>\n\t\t\t\t\t<\/div>\n\t\t<\/div>\n\t\t\t\t\t<\/div>\n\t\t<\/section>\n\t\t\t\t<section class=\"elementor-section elementor-top-section elementor-element elementor-element-031ef3e elementor-section-boxed elementor-section-height-default elementor-section-height-default\" data-id=\"031ef3e\" data-element_type=\"section\" id=\"kaumberg\" data-settings=\"{&quot;jet_parallax_layout_list&quot;:[{&quot;jet_parallax_layout_image&quot;:{&quot;url&quot;:&quot;&quot;,&quot;id&quot;:&quot;&quot;,&quot;size&quot;:&quot;&quot;},&quot;_id&quot;:&quot;5bc445c&quot;,&quot;jet_parallax_layout_image_tablet&quot;:{&quot;url&quot;:&quot;&quot;,&quot;id&quot;:&quot;&quot;,&quot;size&quot;:&quot;&quot;},&quot;jet_parallax_layout_image_mobile&quot;:{&quot;url&quot;:&quot;&quot;,&quot;id&quot;:&quot;&quot;,&quot;size&quot;:&quot;&quot;},&quot;jet_parallax_layout_speed&quot;:{&quot;unit&quot;:&quot;%&quot;,&quot;size&quot;:50,&quot;sizes&quot;:[]},&quot;jet_parallax_layout_type&quot;:&quot;scroll&quot;,&quot;jet_parallax_layout_direction&quot;:null,&quot;jet_parallax_layout_fx_direction&quot;:null,&quot;jet_parallax_layout_z_index&quot;:&quot;&quot;,&quot;jet_parallax_layout_bg_x&quot;:50,&quot;jet_parallax_layout_bg_x_tablet&quot;:&quot;&quot;,&quot;jet_parallax_layout_bg_x_mobile&quot;:&quot;&quot;,&quot;jet_parallax_layout_bg_y&quot;:50,&quot;jet_parallax_layout_bg_y_tablet&quot;:&quot;&quot;,&quot;jet_parallax_layout_bg_y_mobile&quot;:&quot;&quot;,&quot;jet_parallax_layout_bg_size&quot;:&quot;auto&quot;,&quot;jet_parallax_layout_bg_size_tablet&quot;:&quot;&quot;,&quot;jet_parallax_layout_bg_size_mobile&quot;:&quot;&quot;,&quot;jet_parallax_layout_animation_prop&quot;:&quot;transform&quot;,&quot;jet_parallax_layout_on&quot;:[&quot;desktop&quot;,&quot;tablet&quot;]}]}\">\n\t\t\t\t\t\t<div class=\"elementor-container elementor-column-gap-default\">\n\t\t\t\t\t<div class=\"elementor-column elementor-col-50 elementor-top-column elementor-element elementor-element-550d63a\" data-id=\"550d63a\" data-element_type=\"column\">\n\t\t\t<div class=\"elementor-widget-wrap elementor-element-populated\">\n\t\t\t\t\t\t<div class=\"elementor-element elementor-element-452c980 elementor-widget elementor-widget-image\" data-id=\"452c980\" data-element_type=\"widget\" data-widget_type=\"image.default\">\n\t\t\t\t<div class=\"elementor-widget-container\">\n\t\t\t\t\t\t\t\t\t\t\t\t\t<img loading=\"lazy\" decoding=\"async\" width=\"1024\" height=\"683\" src=\"https:\/\/www.mariazell-wienerwald.at\/wp-content\/uploads\/2020\/04\/Heimatmuseum-355x236-3-1024x683.jpg\" class=\"attachment-large size-large wp-image-2212\" alt=\"\" srcset=\"https:\/\/www.mariazell-wienerwald.at\/wp-content\/uploads\/2020\/04\/Heimatmuseum-355x236-3-1024x683.jpg 1024w, https:\/\/www.mariazell-wienerwald.at\/wp-content\/uploads\/2020\/04\/Heimatmuseum-355x236-3-600x400.jpg 600w, https:\/\/www.mariazell-wienerwald.at\/wp-content\/uploads\/2020\/04\/Heimatmuseum-355x236-3-300x200.jpg 300w, https:\/\/www.mariazell-wienerwald.at\/wp-content\/uploads\/2020\/04\/Heimatmuseum-355x236-3-768x512.jpg 768w, https:\/\/www.mariazell-wienerwald.at\/wp-content\/uploads\/2020\/04\/Heimatmuseum-355x236-3-1536x1024.jpg 1536w, https:\/\/www.mariazell-wienerwald.at\/wp-content\/uploads\/2020\/04\/Heimatmuseum-355x236-3-2048x1366.jpg 2048w\" sizes=\"(max-width: 1024px) 100vw, 1024px\" \/>\t\t\t\t\t\t\t\t\t\t\t\t\t<\/div>\n\t\t\t\t<\/div>\n\t\t\t\t\t<\/div>\n\t\t<\/div>\n\t\t\t\t<div class=\"elementor-column elementor-col-50 elementor-top-column elementor-element elementor-element-97133b5\" data-id=\"97133b5\" data-element_type=\"column\">\n\t\t\t<div class=\"elementor-widget-wrap elementor-element-populated\">\n\t\t\t\t\t\t<div class=\"elementor-element elementor-element-5a76c5a elementor-widget elementor-widget-heading\" data-id=\"5a76c5a\" data-element_type=\"widget\" data-widget_type=\"heading.default\">\n\t\t\t\t<div class=\"elementor-widget-container\">\n\t\t\t<h2 class=\"elementor-heading-title elementor-size-default\">Museum of Local History, Kaumberg <\/h2>\t\t<\/div>\n\t\t\t\t<\/div>\n\t\t\t\t<div class=\"elementor-element elementor-element-14d60d9 elementor-widget elementor-widget-text-editor\" data-id=\"14d60d9\" data-element_type=\"widget\" data-widget_type=\"text-editor.default\">\n\t\t\t\t<div class=\"elementor-widget-container\">\n\t\t\t\t\t\t\t<p class=\" translation-block\"><span data-contrast=\"auto\"> In addition to the development of the market town, the focus of the museum is the <\/span> <span data-contrast=\"auto\"> Araburg <\/span> <span data-contrast=\"auto\"> and its owners, as well as the history of the Nieder\u00f6sterreichische S\u00fcdwestbahn (<\/span> <span data-contrast=\"auto\"> Leobersdorfer <\/span> <span data-contrast=\"auto\"> Bahn) as a permanent exhibition from the planning, the construction and operation up to the partial closing of the track. <\/span> <span data-ccp-props=\"{\"> <\/span><\/p><p class=\" translation-block\"><span data-contrast=\"auto\"> More information on the <a href=\"http:\/\/museum-kaumberg.at\/\" target=\"_self\" rel=\"noopener\"> official website of the Heimatmuseum Kaumberg <\/a> <\/span><\/p>\t\t\t\t\t\t<\/div>\n\t\t\t\t<\/div>\n\t\t\t\t\t<\/div>\n\t\t<\/div>\n\t\t\t\t\t<\/div>\n\t\t<\/section>\n\t\t\t\t<section class=\"elementor-section elementor-top-section elementor-element elementor-element-83e96ac elementor-section-boxed elementor-section-height-default elementor-section-height-default\" data-id=\"83e96ac\" data-element_type=\"section\" id=\"weissenbach\" data-settings=\"{&quot;jet_parallax_layout_list&quot;:[{&quot;jet_parallax_layout_image&quot;:{&quot;url&quot;:&quot;&quot;,&quot;id&quot;:&quot;&quot;,&quot;size&quot;:&quot;&quot;},&quot;_id&quot;:&quot;5bc445c&quot;,&quot;jet_parallax_layout_image_tablet&quot;:{&quot;url&quot;:&quot;&quot;,&quot;id&quot;:&quot;&quot;,&quot;size&quot;:&quot;&quot;},&quot;jet_parallax_layout_image_mobile&quot;:{&quot;url&quot;:&quot;&quot;,&quot;id&quot;:&quot;&quot;,&quot;size&quot;:&quot;&quot;},&quot;jet_parallax_layout_speed&quot;:{&quot;unit&quot;:&quot;%&quot;,&quot;size&quot;:50,&quot;sizes&quot;:[]},&quot;jet_parallax_layout_type&quot;:&quot;scroll&quot;,&quot;jet_parallax_layout_direction&quot;:null,&quot;jet_parallax_layout_fx_direction&quot;:null,&quot;jet_parallax_layout_z_index&quot;:&quot;&quot;,&quot;jet_parallax_layout_bg_x&quot;:50,&quot;jet_parallax_layout_bg_x_tablet&quot;:&quot;&quot;,&quot;jet_parallax_layout_bg_x_mobile&quot;:&quot;&quot;,&quot;jet_parallax_layout_bg_y&quot;:50,&quot;jet_parallax_layout_bg_y_tablet&quot;:&quot;&quot;,&quot;jet_parallax_layout_bg_y_mobile&quot;:&quot;&quot;,&quot;jet_parallax_layout_bg_size&quot;:&quot;auto&quot;,&quot;jet_parallax_layout_bg_size_tablet&quot;:&quot;&quot;,&quot;jet_parallax_layout_bg_size_mobile&quot;:&quot;&quot;,&quot;jet_parallax_layout_animation_prop&quot;:&quot;transform&quot;,&quot;jet_parallax_layout_on&quot;:[&quot;desktop&quot;,&quot;tablet&quot;]}]}\">\n\t\t\t\t\t\t<div class=\"elementor-container elementor-column-gap-default\">\n\t\t\t\t\t<div class=\"elementor-column elementor-col-50 elementor-top-column elementor-element elementor-element-5398948\" data-id=\"5398948\" data-element_type=\"column\">\n\t\t\t<div class=\"elementor-widget-wrap elementor-element-populated\">\n\t\t\t\t\t\t<div class=\"elementor-element elementor-element-2fdda29 elementor-widget elementor-widget-image\" data-id=\"2fdda29\" data-element_type=\"widget\" data-widget_type=\"image.default\">\n\t\t\t\t<div class=\"elementor-widget-container\">\n\t\t\t\t\t\t\t\t\t\t\t\t\t<img loading=\"lazy\" decoding=\"async\" width=\"1024\" height=\"683\" src=\"https:\/\/www.mariazell-wienerwald.at\/wp-content\/uploads\/2020\/04\/Heimatmuseum-355x236-2-1024x683.jpg\" class=\"attachment-large size-large wp-image-2210\" alt=\"\" srcset=\"https:\/\/www.mariazell-wienerwald.at\/wp-content\/uploads\/2020\/04\/Heimatmuseum-355x236-2-1024x683.jpg 1024w, https:\/\/www.mariazell-wienerwald.at\/wp-content\/uploads\/2020\/04\/Heimatmuseum-355x236-2-600x400.jpg 600w, https:\/\/www.mariazell-wienerwald.at\/wp-content\/uploads\/2020\/04\/Heimatmuseum-355x236-2-300x200.jpg 300w, https:\/\/www.mariazell-wienerwald.at\/wp-content\/uploads\/2020\/04\/Heimatmuseum-355x236-2-768x512.jpg 768w, https:\/\/www.mariazell-wienerwald.at\/wp-content\/uploads\/2020\/04\/Heimatmuseum-355x236-2-1536x1024.jpg 1536w, https:\/\/www.mariazell-wienerwald.at\/wp-content\/uploads\/2020\/04\/Heimatmuseum-355x236-2-2048x1366.jpg 2048w\" sizes=\"(max-width: 1024px) 100vw, 1024px\" \/>\t\t\t\t\t\t\t\t\t\t\t\t\t<\/div>\n\t\t\t\t<\/div>\n\t\t\t\t\t<\/div>\n\t\t<\/div>\n\t\t\t\t<div class=\"elementor-column elementor-col-50 elementor-top-column elementor-element elementor-element-122e7f8\" data-id=\"122e7f8\" data-element_type=\"column\">\n\t\t\t<div class=\"elementor-widget-wrap elementor-element-populated\">\n\t\t\t\t\t\t<div class=\"elementor-element elementor-element-19b9b55 elementor-widget elementor-widget-heading\" data-id=\"19b9b55\" data-element_type=\"widget\" data-widget_type=\"heading.default\">\n\t\t\t\t<div class=\"elementor-widget-container\">\n\t\t\t<h2 class=\"elementor-heading-title elementor-size-default\">TRIESTINGTALER HEIMAT- und REGIONALMUSEUM | Weissenbach<\/h2>\t\t<\/div>\n\t\t\t\t<\/div>\n\t\t\t\t<div class=\"elementor-element elementor-element-c7357ba elementor-widget elementor-widget-text-editor\" data-id=\"c7357ba\" data-element_type=\"widget\" data-widget_type=\"text-editor.default\">\n\t\t\t\t<div class=\"elementor-widget-container\">\n\t\t\t\t\t\t\t<p class=\" translation-block\"><span data-contrast=\"auto\"> In the <\/span> <span data-contrast=\"auto\"> Local and Regional History Museum of the Triestingtal <\/span> <span data-contrast=\"auto\">a treasure of more than 10,000 objects from the entire region is preserved and presented. Thematically, the arch spans from the beginning of the industrial age at the end of the 17th century with the foundation of the mirror factory in Neuhaus up to the present day. Well-known manufacturers are presented as well as great daughters and sons, artists, writers, actors, athletes, painters and inventors. A specialty is a complete dental practice from around 1900. <\/span> <span data-ccp-props=\"{\"> <\/span><\/p><p class=\" translation-block\"><span data-contrast=\"auto\"> More information on the <a href=\"http:\/\/www.triestingtalmuseum.at\/\" target=\"_self\" rel=\"noopener\"> official website of the Triestingtaler Heimat- und Regionalmuseum <\/span><\/p>\t\t\t\t\t\t<\/div>\n\t\t\t\t<\/div>\n\t\t\t\t\t<\/div>\n\t\t<\/div>\n\t\t\t\t\t<\/div>\n\t\t<\/section>\n\t\t\t\t<section class=\"elementor-section elementor-top-section elementor-element elementor-element-497cfe9 elementor-section-boxed elementor-section-height-default elementor-section-height-default\" data-id=\"497cfe9\" data-element_type=\"section\" id=\"holztrift\" data-settings=\"{&quot;jet_parallax_layout_list&quot;:[{&quot;jet_parallax_layout_image&quot;:{&quot;url&quot;:&quot;&quot;,&quot;id&quot;:&quot;&quot;,&quot;size&quot;:&quot;&quot;},&quot;_id&quot;:&quot;5bc445c&quot;,&quot;jet_parallax_layout_image_tablet&quot;:{&quot;url&quot;:&quot;&quot;,&quot;id&quot;:&quot;&quot;,&quot;size&quot;:&quot;&quot;},&quot;jet_parallax_layout_image_mobile&quot;:{&quot;url&quot;:&quot;&quot;,&quot;id&quot;:&quot;&quot;,&quot;size&quot;:&quot;&quot;},&quot;jet_parallax_layout_speed&quot;:{&quot;unit&quot;:&quot;%&quot;,&quot;size&quot;:50,&quot;sizes&quot;:[]},&quot;jet_parallax_layout_type&quot;:&quot;scroll&quot;,&quot;jet_parallax_layout_direction&quot;:null,&quot;jet_parallax_layout_fx_direction&quot;:null,&quot;jet_parallax_layout_z_index&quot;:&quot;&quot;,&quot;jet_parallax_layout_bg_x&quot;:50,&quot;jet_parallax_layout_bg_x_tablet&quot;:&quot;&quot;,&quot;jet_parallax_layout_bg_x_mobile&quot;:&quot;&quot;,&quot;jet_parallax_layout_bg_y&quot;:50,&quot;jet_parallax_layout_bg_y_tablet&quot;:&quot;&quot;,&quot;jet_parallax_layout_bg_y_mobile&quot;:&quot;&quot;,&quot;jet_parallax_layout_bg_size&quot;:&quot;auto&quot;,&quot;jet_parallax_layout_bg_size_tablet&quot;:&quot;&quot;,&quot;jet_parallax_layout_bg_size_mobile&quot;:&quot;&quot;,&quot;jet_parallax_layout_animation_prop&quot;:&quot;transform&quot;,&quot;jet_parallax_layout_on&quot;:[&quot;desktop&quot;,&quot;tablet&quot;]}]}\">\n\t\t\t\t\t\t<div class=\"elementor-container elementor-column-gap-default\">\n\t\t\t\t\t<div class=\"elementor-column elementor-col-50 elementor-top-column elementor-element elementor-element-95b2e52\" data-id=\"95b2e52\" data-element_type=\"column\">\n\t\t\t<div class=\"elementor-widget-wrap elementor-element-populated\">\n\t\t\t\t\t\t<div class=\"elementor-element elementor-element-db53a3d elementor-widget elementor-widget-image\" data-id=\"db53a3d\" data-element_type=\"widget\" data-widget_type=\"image.default\">\n\t\t\t\t<div class=\"elementor-widget-container\">\n\t\t\t\t\t\t\t\t\t\t\t\t\t<img loading=\"lazy\" decoding=\"async\" width=\"920\" height=\"612\" src=\"https:\/\/www.mariazell-wienerwald.at\/wp-content\/uploads\/2020\/04\/Holzschwemmanlage-920x612-1.jpg\" class=\"attachment-large size-large wp-image-2568\" alt=\"\" srcset=\"https:\/\/www.mariazell-wienerwald.at\/wp-content\/uploads\/2020\/04\/Holzschwemmanlage-920x612-1.jpg 920w, https:\/\/www.mariazell-wienerwald.at\/wp-content\/uploads\/2020\/04\/Holzschwemmanlage-920x612-1-600x399.jpg 600w, https:\/\/www.mariazell-wienerwald.at\/wp-content\/uploads\/2020\/04\/Holzschwemmanlage-920x612-1-300x200.jpg 300w, https:\/\/www.mariazell-wienerwald.at\/wp-content\/uploads\/2020\/04\/Holzschwemmanlage-920x612-1-768x511.jpg 768w\" sizes=\"(max-width: 920px) 100vw, 920px\" \/>\t\t\t\t\t\t\t\t\t\t\t\t\t<\/div>\n\t\t\t\t<\/div>\n\t\t\t\t\t<\/div>\n\t\t<\/div>\n\t\t\t\t<div class=\"elementor-column elementor-col-50 elementor-top-column elementor-element elementor-element-014b58b\" data-id=\"014b58b\" data-element_type=\"column\">\n\t\t\t<div class=\"elementor-widget-wrap elementor-element-populated\">\n\t\t\t\t\t\t<div class=\"elementor-element elementor-element-36cedf0 elementor-widget elementor-widget-heading\" data-id=\"36cedf0\" data-element_type=\"widget\" data-widget_type=\"heading.default\">\n\t\t\t\t<div class=\"elementor-widget-container\">\n\t\t\t<h2 class=\"elementor-heading-title elementor-size-default\">Wood Drift and Forest Museum in Sch\u00f6pfklause<\/h2>\t\t<\/div>\n\t\t\t\t<\/div>\n\t\t\t\t<div class=\"elementor-element elementor-element-905594f elementor-widget elementor-widget-text-editor\" data-id=\"905594f\" data-element_type=\"widget\" data-widget_type=\"text-editor.default\">\n\t\t\t\t<div class=\"elementor-widget-container\">\n\t\t\t\t\t\t\t<p>Located in the middle of the largest contiguous forest area of the Vienna Woods Biosphere Park, the museum paints a lively picture of the timber and forestry industry in the region. Particular attention is paid to the timber glut of the 17th century and the necessary drift systems. Apart from that, the surrounding, largely untouched nature invites you for a visit.<\/p><p class=\" translation-block\">You can find more information on the <a href=\"https:\/\/www.holztriftmuseum.at\/\" target=\"_self\" rel=\"noopener\"> official website of the Holztriftmuseum <\/a><\/p>\t\t\t\t\t\t<\/div>\n\t\t\t\t<\/div>\n\t\t\t\t\t<\/div>\n\t\t<\/div>\n\t\t\t\t\t<\/div>\n\t\t<\/section>\n\t\t\t\t<section class=\"elementor-section elementor-top-section elementor-element elementor-element-8782986 elementor-section-boxed elementor-section-height-default elementor-section-height-default\" data-id=\"8782986\" data-element_type=\"section\" data-settings=\"{&quot;jet_parallax_layout_list&quot;:[{&quot;jet_parallax_layout_image&quot;:{&quot;url&quot;:&quot;&quot;,&quot;id&quot;:&quot;&quot;,&quot;size&quot;:&quot;&quot;},&quot;_id&quot;:&quot;5bc445c&quot;,&quot;jet_parallax_layout_image_tablet&quot;:{&quot;url&quot;:&quot;&quot;,&quot;id&quot;:&quot;&quot;,&quot;size&quot;:&quot;&quot;},&quot;jet_parallax_layout_image_mobile&quot;:{&quot;url&quot;:&quot;&quot;,&quot;id&quot;:&quot;&quot;,&quot;size&quot;:&quot;&quot;},&quot;jet_parallax_layout_speed&quot;:{&quot;unit&quot;:&quot;%&quot;,&quot;size&quot;:50,&quot;sizes&quot;:[]},&quot;jet_parallax_layout_type&quot;:&quot;scroll&quot;,&quot;jet_parallax_layout_direction&quot;:null,&quot;jet_parallax_layout_fx_direction&quot;:null,&quot;jet_parallax_layout_z_index&quot;:&quot;&quot;,&quot;jet_parallax_layout_bg_x&quot;:50,&quot;jet_parallax_layout_bg_x_tablet&quot;:&quot;&quot;,&quot;jet_parallax_layout_bg_x_mobile&quot;:&quot;&quot;,&quot;jet_parallax_layout_bg_y&quot;:50,&quot;jet_parallax_layout_bg_y_tablet&quot;:&quot;&quot;,&quot;jet_parallax_layout_bg_y_mobile&quot;:&quot;&quot;,&quot;jet_parallax_layout_bg_size&quot;:&quot;auto&quot;,&quot;jet_parallax_layout_bg_size_tablet&quot;:&quot;&quot;,&quot;jet_parallax_layout_bg_size_mobile&quot;:&quot;&quot;,&quot;jet_parallax_layout_animation_prop&quot;:&quot;transform&quot;,&quot;jet_parallax_layout_on&quot;:[&quot;desktop&quot;,&quot;tablet&quot;]}]}\">\n\t\t\t\t\t\t<div class=\"elementor-container elementor-column-gap-default\">\n\t\t\t\t\t<div class=\"elementor-column elementor-col-100 elementor-top-column elementor-element elementor-element-0057c4a\" data-id=\"0057c4a\" data-element_type=\"column\">\n\t\t\t<div class=\"elementor-widget-wrap elementor-element-populated\">\n\t\t\t\t\t\t<div class=\"elementor-element elementor-element-4485fb9 elementor-widget elementor-widget-heading\" data-id=\"4485fb9\" data-element_type=\"widget\" data-widget_type=\"heading.default\">\n\t\t\t\t<div class=\"elementor-widget-container\">\n\t\t\t<h2 class=\"elementor-heading-title elementor-size-default\">Current Events in the Field of Museums &amp; Themed Trails<\/h2>\t\t<\/div>\n\t\t\t\t<\/div>\n\t\t\t\t<div class=\"elementor-element elementor-element-740cdec elementor-widget elementor-widget-text-editor\" data-id=\"740cdec\" data-element_type=\"widget\" data-widget_type=\"text-editor.default\">\n\t\t\t\t<div class=\"elementor-widget-container\">\n\t\t\t\t\t\t\t<!-- EventON Calendar --><div id='evcal_calendar_422' class='list_cal ajde_evcal_calendar sev cev color esty_2 ul' ><div id='evcal_head' class='calendar_header' ><div class='evo_cal_above'><span class='evo-gototoday-btn' style='display:none' data-mo='5' data-yr='2026' data-dy=''>Current Month<\/span><\/div><div class='evo_cal_above_content'><\/div><\/div><div id='eventon_loadbar_section'><div id='eventon_loadbar'><\/div><\/div><!-- Events List --><div id='evcal_list' \r\n\t\t\t\t\tclass='eventon_events_list'><div class='eventon_list_event no_events'><p class='no_events' >There will be no events here in the near future. Please come back a little later.<\/p><\/div>\t\t\t<div class='clear'><\/div>\r\n\t\t\t<\/div>\r\n\t\t\t<div class='clear'><\/div>\r\n\t\t\t\t\t \t<div id='evcal_footer' class='evo_bottom' style='display:none'>\r\n\t\t \t\t<div class='evo_cal_data'  data-sc='{\"accord\":\"no\",\"bottom_nav\":\"no\",\"cal_id\":\"\",\"cal_init_nonajax\":\"no\",\"calendar_type\":\"list\",\"ep_fields\":\"\",\"etc_override\":\"no\",\"evc_open\":\"no\",\"event_count\":0,\"event_location\":\"all\",\"event_order\":\"ASC\",\"event_organizer\":\"all\",\"event_parts\":\"no\",\"event_past_future\":\"future\",\"event_status\":\"all\",\"event_tag\":\"all\",\"event_type\":\"27\",\"event_type_2\":\"all\",\"event_type_3\":\"all\",\"event_type_4\":\"all\",\"event_type_5\":\"all\",\"event_virtual\":\"all\",\"eventtop_date_style\":0,\"eventtop_style\":\"2\",\"exp_jumper\":\"no\",\"exp_so\":\"no\",\"filter_relationship\":\"AND\",\"filter_show_set_only\":\"no\",\"filter_type\":\"default\",\"filters\":\"yes\",\"fixed_month\":\"5\",\"fixed_year\":\"2026\",\"focus_end_date_range\":\"1809129599\",\"focus_start_date_range\":\"1777593600\",\"ft_event_priority\":\"no\",\"hide_arrows\":\"no\",\"hide_cancels\":\"no\",\"hide_empty_months\":\"yes\",\"hide_end_time\":\"no\",\"hide_et_dn\":\"no\",\"hide_et_extra\":\"no\",\"hide_et_tags\":\"no\",\"hide_et_tl\":\"no\",\"hide_ft\":\"no\",\"hide_ft_img\":\"no\",\"hide_month_headers\":\"yes\",\"hide_mult_occur\":\"no\",\"hide_past\":\"no\",\"hide_past_by\":\"ee\",\"hide_so\":\"no\",\"ics\":\"no\",\"jumper\":\"no\",\"jumper_count\":5,\"jumper_offset\":\"0\",\"lang\":\"L1\",\"layout_changer\":\"no\",\"livenow_bar\":\"yes\",\"mapformat\":\"roadmap\",\"mapiconurl\":\"\",\"maps_load\":\"yes\",\"mapscroll\":\"true\",\"mapzoom\":\"18\",\"members_only\":\"no\",\"ml_priority\":\"no\",\"ml_toend\":\"no\",\"month_incre\":0,\"number_of_months\":\"12\",\"only_ft\":\"no\",\"pec\":\"\",\"s\":\"\",\"search\":\"\",\"search_all\":\"no\",\"sep_month\":\"no\",\"show_et_ft_img\":\"no\",\"show_limit\":\"no\",\"show_limit_ajax\":\"no\",\"show_limit_paged\":1,\"show_limit_redir\":\"\",\"show_repeats\":\"no\",\"show_upcoming\":0,\"show_year\":\"no\",\"social_share\":\"no\",\"sort_by\":\"sort_date\",\"tile_bg\":0,\"tile_bg_size\":\"full\",\"tile_count\":2,\"tile_height\":0,\"tile_style\":0,\"tiles\":\"no\",\"ux_val\":\"3\",\"view_switcher\":\"no\",\"wpml_l1\":\"\",\"wpml_l2\":\"\",\"wpml_l3\":\"\",\"yl_priority\":\"no\",\"yl_toend\":\"no\",\"fixed_day\":\"1\",\"_cver\":\"4.5.3\"}' data-od='{\"lang_no_events\":\"In n\\u00e4chster Zeit finden hier keine Veranstaltungen statt. Schauen Sie doch ein wenig sp\\u00e4ter wieder vorbei.\"}'><\/div>\r\n\t\t \t\t<div class='evo_cal_events' data-events=\"\"><\/div>\r\n\t\t \t<\/div>\r\n\t\t\t\t\r\n\t\t\t\r\n\t\t\t\t\t\t<\/div><!-- EventON End -->\r\n\t\t\t\t\t\t\t\t\t<\/div>\n\t\t\t\t<\/div>\n\t\t\t\t\t<\/div>\n\t\t<\/div>\n\t\t\t\t\t<\/div>\n\t\t<\/section>\n\t\t\t\t<\/div>","protected":false},"excerpt":{"rendered":"<p>Themenwege und Museen der Region Die Region\u00a0besticht nicht nur durch ihr reiches baukulturelles Erbe, sondern auch durch spezielle didaktische Angebote in Form von Museen und Themenwegen.\u00a0Hier werden historische Objekte aus der Vergangenheit nicht nur pr\u00e4sentiert, sondern auch proaktiv gesammelt und damit f\u00fcr die n\u00e4chsten Generationen gesichert.\u00a0J\u00e4hrlich wechselnde\u00a0Sonderausstellungen\u00a0sorgen daf\u00fcr, dass immer neue Facetten der Geschichte der [&hellip;]<\/p>","protected":false},"author":1,"featured_media":0,"parent":0,"menu_order":0,"comment_status":"closed","ping_status":"closed","template":"","meta":{"_acf_changed":false,"footnotes":""},"class_list":["post-1942","page","type-page","status-publish","hentry"],"acf":[],"yoast_head":"<!-- This site is optimized with the Yoast SEO plugin v23.1 - https:\/\/yoast.com\/wordpress\/plugins\/seo\/ -->\n<title>Museen und Themenwege - Mariazell im Wienerwald<\/title>\n<meta name=\"robots\" content=\"index, follow, max-snippet:-1, max-image-preview:large, max-video-preview:-1\" \/>\n<link rel=\"canonical\" href=\"https:\/\/www.mariazell-wienerwald.at\/en\/museen-themenwege\/\" \/>\n<meta property=\"og:locale\" content=\"en_US\" \/>\n<meta property=\"og:type\" content=\"article\" \/>\n<meta property=\"og:title\" content=\"Museen und Themenwege - Mariazell im Wienerwald\" \/>\n<meta property=\"og:description\" content=\"Themenwege und Museen der Region Die Region\u00a0besticht nicht nur durch ihr reiches baukulturelles Erbe, sondern auch durch spezielle didaktische Angebote in Form von Museen und Themenwegen.\u00a0Hier werden historische Objekte aus der Vergangenheit nicht nur pr\u00e4sentiert, sondern auch proaktiv gesammelt und damit f\u00fcr die n\u00e4chsten Generationen gesichert.\u00a0J\u00e4hrlich wechselnde\u00a0Sonderausstellungen\u00a0sorgen daf\u00fcr, dass immer neue Facetten der Geschichte der [&hellip;]\" \/>\n<meta property=\"og:url\" content=\"https:\/\/www.mariazell-wienerwald.at\/en\/museen-themenwege\/\" \/>\n<meta property=\"og:site_name\" content=\"Mariazell im Wienerwald\" \/>\n<meta property=\"article:modified_time\" content=\"2023-04-13T15:10:44+00:00\" \/>\n<meta property=\"og:image\" content=\"https:\/\/www.mariazell-wienerwald.at\/wp-content\/uploads\/2021\/10\/Marienleben-1024x683.jpg\" \/>\n<meta name=\"twitter:card\" content=\"summary_large_image\" \/>\n<meta name=\"twitter:label1\" content=\"Est. reading time\" \/>\n\t<meta name=\"twitter:data1\" content=\"7 minutes\" \/>\n<script type=\"application\/ld+json\" class=\"yoast-schema-graph\">{\"@context\":\"https:\/\/schema.org\",\"@graph\":[{\"@type\":\"WebPage\",\"@id\":\"https:\/\/www.mariazell-wienerwald.at\/museen-themenwege\/\",\"url\":\"https:\/\/www.mariazell-wienerwald.at\/museen-themenwege\/\",\"name\":\"Museen und Themenwege - Mariazell im Wienerwald\",\"isPartOf\":{\"@id\":\"https:\/\/www.mariazell-wienerwald.at\/#website\"},\"primaryImageOfPage\":{\"@id\":\"https:\/\/www.mariazell-wienerwald.at\/museen-themenwege\/#primaryimage\"},\"image\":{\"@id\":\"https:\/\/www.mariazell-wienerwald.at\/museen-themenwege\/#primaryimage\"},\"thumbnailUrl\":\"https:\/\/www.mariazell-wienerwald.at\/wp-content\/uploads\/2021\/10\/Marienleben-1024x683.jpg\",\"datePublished\":\"2020-04-21T16:10:58+00:00\",\"dateModified\":\"2023-04-13T15:10:44+00:00\",\"breadcrumb\":{\"@id\":\"https:\/\/www.mariazell-wienerwald.at\/museen-themenwege\/#breadcrumb\"},\"inLanguage\":\"en-US\",\"potentialAction\":[{\"@type\":\"ReadAction\",\"target\":[\"https:\/\/www.mariazell-wienerwald.at\/museen-themenwege\/\"]}]},{\"@type\":\"ImageObject\",\"inLanguage\":\"en-US\",\"@id\":\"https:\/\/www.mariazell-wienerwald.at\/museen-themenwege\/#primaryimage\",\"url\":\"https:\/\/www.mariazell-wienerwald.at\/wp-content\/uploads\/2021\/10\/Marienleben-1024x683.jpg\",\"contentUrl\":\"https:\/\/www.mariazell-wienerwald.at\/wp-content\/uploads\/2021\/10\/Marienleben-1024x683.jpg\"},{\"@type\":\"BreadcrumbList\",\"@id\":\"https:\/\/www.mariazell-wienerwald.at\/museen-themenwege\/#breadcrumb\",\"itemListElement\":[{\"@type\":\"ListItem\",\"position\":1,\"name\":\"Startseite\",\"item\":\"https:\/\/www.mariazell-wienerwald.at\/\"},{\"@type\":\"ListItem\",\"position\":2,\"name\":\"Museen und Themenwege\"}]},{\"@type\":\"WebSite\",\"@id\":\"https:\/\/www.mariazell-wienerwald.at\/#website\",\"url\":\"https:\/\/www.mariazell-wienerwald.at\/\",\"name\":\"Mariazell im Wienerwald\",\"description\":\"\",\"potentialAction\":[{\"@type\":\"SearchAction\",\"target\":{\"@type\":\"EntryPoint\",\"urlTemplate\":\"https:\/\/www.mariazell-wienerwald.at\/?s={search_term_string}\"},\"query-input\":\"required name=search_term_string\"}],\"inLanguage\":\"en-US\"}]}<\/script>\n<!-- \/ Yoast SEO plugin. -->","yoast_head_json":{"title":"Museen und Themenwege - Mariazell im Wienerwald","robots":{"index":"index","follow":"follow","max-snippet":"max-snippet:-1","max-image-preview":"max-image-preview:large","max-video-preview":"max-video-preview:-1"},"canonical":"https:\/\/www.mariazell-wienerwald.at\/en\/museen-themenwege\/","og_locale":"en_US","og_type":"article","og_title":"Museen und Themenwege - Mariazell im Wienerwald","og_description":"Themenwege und Museen der Region Die Region\u00a0besticht nicht nur durch ihr reiches baukulturelles Erbe, sondern auch durch spezielle didaktische Angebote in Form von Museen und Themenwegen.\u00a0Hier werden historische Objekte aus der Vergangenheit nicht nur pr\u00e4sentiert, sondern auch proaktiv gesammelt und damit f\u00fcr die n\u00e4chsten Generationen gesichert.\u00a0J\u00e4hrlich wechselnde\u00a0Sonderausstellungen\u00a0sorgen daf\u00fcr, dass immer neue Facetten der Geschichte der [&hellip;]","og_url":"https:\/\/www.mariazell-wienerwald.at\/en\/museen-themenwege\/","og_site_name":"Mariazell im Wienerwald","article_modified_time":"2023-04-13T15:10:44+00:00","og_image":[{"url":"https:\/\/www.mariazell-wienerwald.at\/wp-content\/uploads\/2021\/10\/Marienleben-1024x683.jpg"}],"twitter_card":"summary_large_image","twitter_misc":{"Est. reading time":"7 minutes"},"schema":{"@context":"https:\/\/schema.org","@graph":[{"@type":"WebPage","@id":"https:\/\/www.mariazell-wienerwald.at\/museen-themenwege\/","url":"https:\/\/www.mariazell-wienerwald.at\/museen-themenwege\/","name":"Museen und Themenwege - Mariazell im Wienerwald","isPartOf":{"@id":"https:\/\/www.mariazell-wienerwald.at\/#website"},"primaryImageOfPage":{"@id":"https:\/\/www.mariazell-wienerwald.at\/museen-themenwege\/#primaryimage"},"image":{"@id":"https:\/\/www.mariazell-wienerwald.at\/museen-themenwege\/#primaryimage"},"thumbnailUrl":"https:\/\/www.mariazell-wienerwald.at\/wp-content\/uploads\/2021\/10\/Marienleben-1024x683.jpg","datePublished":"2020-04-21T16:10:58+00:00","dateModified":"2023-04-13T15:10:44+00:00","breadcrumb":{"@id":"https:\/\/www.mariazell-wienerwald.at\/museen-themenwege\/#breadcrumb"},"inLanguage":"en-US","potentialAction":[{"@type":"ReadAction","target":["https:\/\/www.mariazell-wienerwald.at\/museen-themenwege\/"]}]},{"@type":"ImageObject","inLanguage":"en-US","@id":"https:\/\/www.mariazell-wienerwald.at\/museen-themenwege\/#primaryimage","url":"https:\/\/www.mariazell-wienerwald.at\/wp-content\/uploads\/2021\/10\/Marienleben-1024x683.jpg","contentUrl":"https:\/\/www.mariazell-wienerwald.at\/wp-content\/uploads\/2021\/10\/Marienleben-1024x683.jpg"},{"@type":"BreadcrumbList","@id":"https:\/\/www.mariazell-wienerwald.at\/museen-themenwege\/#breadcrumb","itemListElement":[{"@type":"ListItem","position":1,"name":"Startseite","item":"https:\/\/www.mariazell-wienerwald.at\/"},{"@type":"ListItem","position":2,"name":"Museen und Themenwege"}]},{"@type":"WebSite","@id":"https:\/\/www.mariazell-wienerwald.at\/#website","url":"https:\/\/www.mariazell-wienerwald.at\/","name":"Mariazell im Wienerwald","description":"","potentialAction":[{"@type":"SearchAction","target":{"@type":"EntryPoint","urlTemplate":"https:\/\/www.mariazell-wienerwald.at\/?s={search_term_string}"},"query-input":"required name=search_term_string"}],"inLanguage":"en-US"}]}},"_links":{"self":[{"href":"https:\/\/www.mariazell-wienerwald.at\/en\/wp-json\/wp\/v2\/pages\/1942"}],"collection":[{"href":"https:\/\/www.mariazell-wienerwald.at\/en\/wp-json\/wp\/v2\/pages"}],"about":[{"href":"https:\/\/www.mariazell-wienerwald.at\/en\/wp-json\/wp\/v2\/types\/page"}],"author":[{"embeddable":true,"href":"https:\/\/www.mariazell-wienerwald.at\/en\/wp-json\/wp\/v2\/users\/1"}],"replies":[{"embeddable":true,"href":"https:\/\/www.mariazell-wienerwald.at\/en\/wp-json\/wp\/v2\/comments?post=1942"}],"version-history":[{"count":42,"href":"https:\/\/www.mariazell-wienerwald.at\/en\/wp-json\/wp\/v2\/pages\/1942\/revisions"}],"predecessor-version":[{"id":5494,"href":"https:\/\/www.mariazell-wienerwald.at\/en\/wp-json\/wp\/v2\/pages\/1942\/revisions\/5494"}],"wp:attachment":[{"href":"https:\/\/www.mariazell-wienerwald.at\/en\/wp-json\/wp\/v2\/media?parent=1942"}],"curies":[{"name":"wp","href":"https:\/\/api.w.org\/{rel}","templated":true}]}}