{"id":767,"date":"2020-02-28T09:56:58","date_gmt":"2020-02-28T08:56:58","guid":{"rendered":"https:\/\/www.mariazell-wienerwald.at\/?page_id=767"},"modified":"2025-05-21T08:58:07","modified_gmt":"2025-05-21T06:58:07","slug":"stifter","status":"publish","type":"page","link":"https:\/\/www.mariazell-wienerwald.at\/en\/unterstuetzen-sie-uns\/stifter\/","title":{"rendered":"Stifter\/in werden"},"content":{"rendered":"<div data-elementor-type=\"wp-page\" data-elementor-id=\"767\" class=\"elementor elementor-767\" data-elementor-post-type=\"page\">\n\t\t\t\t\t\t<section class=\"elementor-section elementor-top-section elementor-element elementor-element-ce0a532 elementor-section-boxed elementor-section-height-default elementor-section-height-default\" data-id=\"ce0a532\" data-element_type=\"section\" data-settings=\"{&quot;jet_parallax_layout_list&quot;:[{&quot;jet_parallax_layout_image&quot;:{&quot;url&quot;:&quot;&quot;,&quot;id&quot;:&quot;&quot;,&quot;size&quot;:&quot;&quot;},&quot;_id&quot;:&quot;b2bb0ca&quot;,&quot;jet_parallax_layout_image_tablet&quot;:{&quot;url&quot;:&quot;&quot;,&quot;id&quot;:&quot;&quot;,&quot;size&quot;:&quot;&quot;},&quot;jet_parallax_layout_image_mobile&quot;:{&quot;url&quot;:&quot;&quot;,&quot;id&quot;:&quot;&quot;,&quot;size&quot;:&quot;&quot;},&quot;jet_parallax_layout_speed&quot;:{&quot;unit&quot;:&quot;%&quot;,&quot;size&quot;:50,&quot;sizes&quot;:[]},&quot;jet_parallax_layout_type&quot;:&quot;scroll&quot;,&quot;jet_parallax_layout_direction&quot;:null,&quot;jet_parallax_layout_fx_direction&quot;:null,&quot;jet_parallax_layout_z_index&quot;:&quot;&quot;,&quot;jet_parallax_layout_bg_x&quot;:50,&quot;jet_parallax_layout_bg_x_tablet&quot;:&quot;&quot;,&quot;jet_parallax_layout_bg_x_mobile&quot;:&quot;&quot;,&quot;jet_parallax_layout_bg_y&quot;:50,&quot;jet_parallax_layout_bg_y_tablet&quot;:&quot;&quot;,&quot;jet_parallax_layout_bg_y_mobile&quot;:&quot;&quot;,&quot;jet_parallax_layout_bg_size&quot;:&quot;auto&quot;,&quot;jet_parallax_layout_bg_size_tablet&quot;:&quot;&quot;,&quot;jet_parallax_layout_bg_size_mobile&quot;:&quot;&quot;,&quot;jet_parallax_layout_animation_prop&quot;:&quot;transform&quot;,&quot;jet_parallax_layout_on&quot;:[&quot;desktop&quot;,&quot;tablet&quot;]}]}\">\n\t\t\t\t\t\t<div class=\"elementor-container elementor-column-gap-default\">\n\t\t\t\t\t<div class=\"elementor-column elementor-col-50 elementor-top-column elementor-element elementor-element-735cd0d\" data-id=\"735cd0d\" data-element_type=\"column\">\n\t\t\t<div class=\"elementor-widget-wrap elementor-element-populated\">\n\t\t\t\t\t\t<div class=\"elementor-element elementor-element-92fba2f elementor-widget elementor-widget-heading\" data-id=\"92fba2f\" data-element_type=\"widget\" data-widget_type=\"heading.default\">\n\t\t\t\t<div class=\"elementor-widget-container\">\n\t\t\t<h2 class=\"elementor-heading-title elementor-size-default\">Stifter\/in werden! <br><h3>(steuerlich absetzbar)<\/h3><\/h2>\t\t<\/div>\n\t\t\t\t<\/div>\n\t\t\t\t<div class=\"elementor-element elementor-element-ff1e2d0 elementor-widget elementor-widget-text-editor\" data-id=\"ff1e2d0\" data-element_type=\"widget\" data-widget_type=\"text-editor.default\">\n\t\t\t\t<div class=\"elementor-widget-container\">\n\t\t\t\t\t\t\t<p><span style=\"text-decoration: underline;\"><strong>Als Stifter\/in tragen Sie durch erh\u00f6hte finanzielle Zuwendungen zur Verwirklichung unserer Projekte bei.<\/strong><\/span> Sie stellen damit ein stabiles Budget sicher, durch das es gelingt, Vorhaben gr\u00f6\u00dferen Umfangs mithilfe \u00f6ffentlicher Mittel zu realisieren.<\/p><p>Auf diese Weise k\u00f6nnen wir St\u00fcck um St\u00fcck das kulturelle Erbe unserer Region instandhalten, revitalisieren und von Generation zu Generation wohlbehalten weitergeben.<\/p><p><img decoding=\"async\" class=\"wp-image-3479 aligncenter\" src=\"https:\/\/www.mariazell-wienerwald.at\/wp-content\/uploads\/2020\/09\/Miniatur_Ambrosius-967x1024.jpg\" alt=\"\" width=\"159\" height=\"169\" srcset=\"https:\/\/www.mariazell-wienerwald.at\/wp-content\/uploads\/2020\/09\/Miniatur_Ambrosius-967x1024.jpg 967w, https:\/\/www.mariazell-wienerwald.at\/wp-content\/uploads\/2020\/09\/Miniatur_Ambrosius-283x300.jpg 283w, https:\/\/www.mariazell-wienerwald.at\/wp-content\/uploads\/2020\/09\/Miniatur_Ambrosius-768x814.jpg 768w, https:\/\/www.mariazell-wienerwald.at\/wp-content\/uploads\/2020\/09\/Miniatur_Ambrosius-600x636.jpg 600w, https:\/\/www.mariazell-wienerwald.at\/wp-content\/uploads\/2020\/09\/Miniatur_Ambrosius.jpg 1245w\" sizes=\"(max-width: 159px) 100vw, 159px\" \/><\/p><p><span style=\"text-decoration: underline;\"><strong>Als Stifter\/in wandeln Sie auf den Spuren gro\u00dfer historischer Vorbilder<\/strong><\/span>; sie haben in den letzten 900 Jahren vieles erm\u00f6glicht, worauf wir heute aufbauen:<\/p><ul><li><strong>Kat. I &#8222;Heinrich und Rapoto von Schwarzenburg&#8220;:<\/strong> <em>gr\u00fcndeten um 1120 das Kloster (Klein-) Mariazell und legten den Grundstein f\u00fcr die folgende Entwicklung der gesamten Region<\/em> &#8211; \u20ac 119\/Monat (\u20ac 1.400\/Jahr)<\/li><li><strong>Kat. II &#8222;Herzog Friedrich der Streitbare&#8220;:<\/strong> <em>erweiterte die Klosterstiftung ganz ma\u00dfgeblich und f\u00f6rderte den Bau und Ausbau der Kirche und des Klosters<\/em> &#8211; <strong>\u20ac 69\/Monat<\/strong> (\u20ac 800\/Jahr)<\/li><li><strong>Kat. III &#8222;Markgr\u00e4fin Agnes&#8220;<\/strong>: <em>unterst\u00fctzte als Witwe Leopolds III., des Heiligen, die noch junge Klostergr\u00fcndung um 1137 mit der Schenkung zweier Weing\u00e4rten in Baden bei Wien<\/em> &#8211; <strong>\u20ac 39\/Monat<\/strong> (\u20ac 450\/Jahr)<\/li><li><strong>Kat. IV &#8222;Cornelius Brentano Moretti&#8220;:<\/strong><em> als reicher italienischer Kaufmann zog er sich im 18. Jh. ins Kloster zur\u00fcck, f\u00f6rderte es und verbrachte hier seinen Lebensabend<\/em> &#8211; <strong>\u20ac 25\/Monat<\/strong> (\u20ac300\/Jahr)<\/li><\/ul><div>\u00a0<\/div><div><img decoding=\"async\" class=\"wp-image-4881 aligncenter\" src=\"https:\/\/www.mariazell-wienerwald.at\/wp-content\/uploads\/2021\/12\/Stiftergewoelbe.jpg\" alt=\"Stiftergew\u00f6lbe\" width=\"286\" height=\"159\" srcset=\"https:\/\/www.mariazell-wienerwald.at\/wp-content\/uploads\/2021\/12\/Stiftergewoelbe.jpg 672w, https:\/\/www.mariazell-wienerwald.at\/wp-content\/uploads\/2021\/12\/Stiftergewoelbe-300x166.jpg 300w, https:\/\/www.mariazell-wienerwald.at\/wp-content\/uploads\/2021\/12\/Stiftergewoelbe-18x10.jpg 18w, https:\/\/www.mariazell-wienerwald.at\/wp-content\/uploads\/2021\/12\/Stiftergewoelbe-600x332.jpg 600w\" sizes=\"(max-width: 286px) 100vw, 286px\" \/><\/div><div>\u00a0<\/div><div>\u00a0<\/div><p><strong><span style=\"text-decoration: underline;\">Gleichzeitig bedanken wir uns mit einer Reihe von Vorteilen<\/span><\/strong>, die Sie an den Ergebnissen unserer Projekte teilhaben l\u00e4sst<strong>:<\/strong><\/p><ul><li><strong>Personalisierter historischer Stuhl<\/strong> im Stiftergew\u00f6lbe mit Namensschild aus Messing<\/li><li>Erm\u00e4\u00dfigte bis kostenlose <strong>Verwendung der R\u00e4umlichkeiten im Stiftskeller <\/strong>f\u00fcr eigene Veranstaltungen\/Empf\u00e4nge\/Feiern<\/li><li>F\u00fcr Eigent\u00fcmer\/innen ehem. zum Kloster (Klein-) Mariazell geh\u00f6render Liegenschaften: kostenlose <strong>Hauschronik<\/strong>, erstellt von professionellen Historikern; ob Ihr Haus dazu za\u00e4hlt, k\u00f6nnen Sie <a href=\"https:\/\/umap.openstreetmap.fr\/de\/map\/grundherrschaft-mariazell_611068#11\/48.0438\/15.9827\" target=\"_blank\" rel=\"noopener\">auf dieser Karte nachsehen.<\/a><\/li><li>Kostenlose <strong>F\u00fchrung f\u00fcr Gruppen<\/strong> (Freunde, Kunden etc.) durch eine der Kirchen der Region mit anschlie\u00dfendem kleinen <strong>Empfang im Stiftskeller<\/strong><\/li><li>und vieles mehr &#8230;<\/li><\/ul><div><a href=\"https:\/\/www.mariazell-wienerwald.at\/wp-content\/uploads\/2024\/04\/Stiftskeller_Modell_04-2024.pdf\" target=\"_blank\" rel=\"noopener\"><span style=\"text-decoration: underline;\"><strong>Einen \u00dcberblick \u00fcber die verschiedenen Kategorien und die jeweils damit verbundenen Vorteile finden Sie HIER.<\/strong><\/span><\/a><\/div><div>\u00a0<\/div><div><span style=\"text-decoration: underline;\"><strong>Haben Sie Interesse oder Fragen, wenden Sie sich bitte an:<\/strong><\/span><\/div><div>\u00a0<\/div><div><p>Dr. Thomas Aigner (Pr\u00e4sident), 0660\/762 16 57, t.aigner@mariazell-wienerwald.at oder<\/p><\/div>\t\t\t\t\t\t<\/div>\n\t\t\t\t<\/div>\n\t\t\t\t\t<\/div>\n\t\t<\/div>\n\t\t\t\t<div class=\"elementor-column elementor-col-50 elementor-top-column elementor-element elementor-element-0432910\" data-id=\"0432910\" data-element_type=\"column\">\n\t\t\t<div class=\"elementor-widget-wrap elementor-element-populated\">\n\t\t\t\t\t\t<section class=\"elementor-section elementor-inner-section elementor-element elementor-element-44747f4 elementor-section-height-min-height elementor-section-boxed elementor-section-height-default\" data-id=\"44747f4\" data-element_type=\"section\" data-settings=\"{&quot;jet_parallax_layout_list&quot;:[{&quot;jet_parallax_layout_image&quot;:{&quot;url&quot;:&quot;&quot;,&quot;id&quot;:&quot;&quot;,&quot;size&quot;:&quot;&quot;},&quot;_id&quot;:&quot;4afe5cc&quot;,&quot;jet_parallax_layout_image_tablet&quot;:{&quot;url&quot;:&quot;&quot;,&quot;id&quot;:&quot;&quot;,&quot;size&quot;:&quot;&quot;},&quot;jet_parallax_layout_image_mobile&quot;:{&quot;url&quot;:&quot;&quot;,&quot;id&quot;:&quot;&quot;,&quot;size&quot;:&quot;&quot;},&quot;jet_parallax_layout_speed&quot;:{&quot;unit&quot;:&quot;%&quot;,&quot;size&quot;:50,&quot;sizes&quot;:[]},&quot;jet_parallax_layout_type&quot;:&quot;scroll&quot;,&quot;jet_parallax_layout_direction&quot;:null,&quot;jet_parallax_layout_fx_direction&quot;:null,&quot;jet_parallax_layout_z_index&quot;:&quot;&quot;,&quot;jet_parallax_layout_bg_x&quot;:50,&quot;jet_parallax_layout_bg_x_tablet&quot;:&quot;&quot;,&quot;jet_parallax_layout_bg_x_mobile&quot;:&quot;&quot;,&quot;jet_parallax_layout_bg_y&quot;:50,&quot;jet_parallax_layout_bg_y_tablet&quot;:&quot;&quot;,&quot;jet_parallax_layout_bg_y_mobile&quot;:&quot;&quot;,&quot;jet_parallax_layout_bg_size&quot;:&quot;auto&quot;,&quot;jet_parallax_layout_bg_size_tablet&quot;:&quot;&quot;,&quot;jet_parallax_layout_bg_size_mobile&quot;:&quot;&quot;,&quot;jet_parallax_layout_animation_prop&quot;:&quot;transform&quot;,&quot;jet_parallax_layout_on&quot;:[&quot;desktop&quot;,&quot;tablet&quot;]}],&quot;background_background&quot;:&quot;classic&quot;,&quot;shape_divider_bottom&quot;:&quot;tilt&quot;}\">\n\t\t\t\t\t<div class=\"elementor-shape elementor-shape-bottom\" data-negative=\"false\">\n\t\t\t<svg xmlns=\"http:\/\/www.w3.org\/2000\/svg\" viewbox=\"0 0 1000 100\" preserveaspectratio=\"none\">\n\t<path class=\"elementor-shape-fill\" d=\"M0,6V0h1000v100L0,6z\"\/>\n<\/svg>\t\t<\/div>\n\t\t\t\t\t<div class=\"elementor-container elementor-column-gap-default\">\n\t\t\t\t\t<div class=\"elementor-column elementor-col-100 elementor-inner-column elementor-element elementor-element-c003682\" data-id=\"c003682\" data-element_type=\"column\">\n\t\t\t<div class=\"elementor-widget-wrap elementor-element-populated\">\n\t\t\t\t\t\t<div class=\"elementor-element elementor-element-4f7e946 elementor-align-left elementor-mobile-align-center elementor-icon-list--layout-traditional elementor-list-item-link-full_width elementor-widget elementor-widget-icon-list\" data-id=\"4f7e946\" data-element_type=\"widget\" data-widget_type=\"icon-list.default\">\n\t\t\t\t<div class=\"elementor-widget-container\">\n\t\t\t\t\t<ul class=\"elementor-icon-list-items\">\n\t\t\t\t\t\t\t<li class=\"elementor-icon-list-item\">\n\t\t\t\t\t\t\t\t\t\t\t<a href=\"https:\/\/www.mariazell-wienerwald.at\/en\/projekte\/stiftskeller\/\" target=\"_blank\">\n\n\t\t\t\t\t\t\t\t\t\t\t<span class=\"elementor-icon-list-text\"><br><h5><b>Stiftskeller Klein-Mariazell<br>Revitalisierung (2021-2023)<\/b> <\/h5><\/span>\n\t\t\t\t\t\t\t\t\t\t\t<\/a>\n\t\t\t\t\t\t\t\t\t<\/li>\n\t\t\t\t\t\t\t\t<li class=\"elementor-icon-list-item\">\n\t\t\t\t\t\t\t\t\t\t\t<a href=\"https:\/\/www.mariazell-wienerwald.at\/en\/projekte\/stiftskeller-klein-mariazell-stifter-innen\/\" target=\"_blank\">\n\n\t\t\t\t\t\t\t\t\t\t\t<span class=\"elementor-icon-list-text\"><h5><b>Tafel der Stifter\/innen<\/h5><\/b> <\/span>\n\t\t\t\t\t\t\t\t\t\t\t<\/a>\n\t\t\t\t\t\t\t\t\t<\/li>\n\t\t\t\t\t\t\t\t<li class=\"elementor-icon-list-item\">\n\t\t\t\t\t\t\t\t\t\t<span class=\"elementor-icon-list-text\"><br><h4><b>Wir stehen gerne f\u00fcr Fragen zur Verf\u00fcgung!<\/h4><\/b><br><br><b>Dr. Thomas Aigner (Pr\u00e4sident)<\/b><\/span>\n\t\t\t\t\t\t\t\t\t<\/li>\n\t\t\t\t\t\t\t\t<li class=\"elementor-icon-list-item\">\n\t\t\t\t\t\t\t\t\t\t\t<a href=\"mailto:t.aigner@mariazell-wienerwald.at\">\n\n\t\t\t\t\t\t\t\t\t\t\t\t<span class=\"elementor-icon-list-icon\">\n\t\t\t\t\t\t\t<i aria-hidden=\"true\" class=\"fas fa-envelope\"><\/i>\t\t\t\t\t\t<\/span>\n\t\t\t\t\t\t\t\t\t\t<span class=\"elementor-icon-list-text\">t.aigner@mariazell-wienerwald.at<\/span>\n\t\t\t\t\t\t\t\t\t\t\t<\/a>\n\t\t\t\t\t\t\t\t\t<\/li>\n\t\t\t\t\t\t\t\t<li class=\"elementor-icon-list-item\">\n\t\t\t\t\t\t\t\t\t\t\t<a href=\"tel:06607621657\">\n\n\t\t\t\t\t\t\t\t\t\t\t\t<span class=\"elementor-icon-list-icon\">\n\t\t\t\t\t\t\t<i aria-hidden=\"true\" class=\"fas fa-phone-alt\"><\/i>\t\t\t\t\t\t<\/span>\n\t\t\t\t\t\t\t\t\t\t<span class=\"elementor-icon-list-text\">+43 660 \/ 762 16 57<\/span>\n\t\t\t\t\t\t\t\t\t\t\t<\/a>\n\t\t\t\t\t\t\t\t\t<\/li>\n\t\t\t\t\t\t\t\t<li class=\"elementor-icon-list-item\">\n\t\t\t\t\t\t\t\t\t\t<span class=\"elementor-icon-list-text\"><\/span>\n\t\t\t\t\t\t\t\t\t<\/li>\n\t\t\t\t\t\t\t\t<li class=\"elementor-icon-list-item\">\n\t\t\t\t\t\t\t\t\t\t\t<span class=\"elementor-icon-list-icon\">\n\t\t\t\t\t\t\t<i aria-hidden=\"true\" class=\"far fa-file-pdf\"><\/i>\t\t\t\t\t\t<\/span>\n\t\t\t\t\t\t\t\t\t\t<span class=\"elementor-icon-list-text\"><b><a href=\"https:\/\/www.mariazell-wienerwald.at\/wp-content\/uploads\/2024\/04\/Stiftskeller_Modell_04-2024.pdf\"><span style=\"text-decoration: underline;\"><strong>Download Info-Blatt<\/strong><\/span><\/a><\/b><\/span>\n\t\t\t\t\t\t\t\t\t<\/li>\n\t\t\t\t\t\t<\/ul>\n\t\t\t\t<\/div>\n\t\t\t\t<\/div>\n\t\t\t\t\t<\/div>\n\t\t<\/div>\n\t\t\t\t\t<\/div>\n\t\t<\/section>\n\t\t\t\t\t<\/div>\n\t\t<\/div>\n\t\t\t\t\t<\/div>\n\t\t<\/section>\n\t\t\t\t<section class=\"elementor-section elementor-top-section elementor-element elementor-element-a655577 elementor-section-stretched elementor-section-boxed elementor-section-height-default elementor-section-height-default\" data-id=\"a655577\" data-element_type=\"section\" data-settings=\"{&quot;jet_parallax_layout_list&quot;:[{&quot;jet_parallax_layout_image&quot;:{&quot;url&quot;:&quot;&quot;,&quot;id&quot;:&quot;&quot;,&quot;size&quot;:&quot;&quot;},&quot;_id&quot;:&quot;dd968c2&quot;,&quot;jet_parallax_layout_image_tablet&quot;:{&quot;url&quot;:&quot;&quot;,&quot;id&quot;:&quot;&quot;,&quot;size&quot;:&quot;&quot;},&quot;jet_parallax_layout_image_mobile&quot;:{&quot;url&quot;:&quot;&quot;,&quot;id&quot;:&quot;&quot;,&quot;size&quot;:&quot;&quot;},&quot;jet_parallax_layout_speed&quot;:{&quot;unit&quot;:&quot;%&quot;,&quot;size&quot;:50,&quot;sizes&quot;:[]},&quot;jet_parallax_layout_type&quot;:&quot;scroll&quot;,&quot;jet_parallax_layout_direction&quot;:null,&quot;jet_parallax_layout_fx_direction&quot;:null,&quot;jet_parallax_layout_z_index&quot;:&quot;&quot;,&quot;jet_parallax_layout_bg_x&quot;:50,&quot;jet_parallax_layout_bg_x_tablet&quot;:&quot;&quot;,&quot;jet_parallax_layout_bg_x_mobile&quot;:&quot;&quot;,&quot;jet_parallax_layout_bg_y&quot;:50,&quot;jet_parallax_layout_bg_y_tablet&quot;:&quot;&quot;,&quot;jet_parallax_layout_bg_y_mobile&quot;:&quot;&quot;,&quot;jet_parallax_layout_bg_size&quot;:&quot;auto&quot;,&quot;jet_parallax_layout_bg_size_tablet&quot;:&quot;&quot;,&quot;jet_parallax_layout_bg_size_mobile&quot;:&quot;&quot;,&quot;jet_parallax_layout_animation_prop&quot;:&quot;transform&quot;,&quot;jet_parallax_layout_on&quot;:[&quot;desktop&quot;,&quot;tablet&quot;]}],&quot;stretch_section&quot;:&quot;section-stretched&quot;,&quot;background_background&quot;:&quot;classic&quot;,&quot;shape_divider_top&quot;:&quot;tilt&quot;}\">\n\t\t\t\t\t<div class=\"elementor-shape elementor-shape-top\" data-negative=\"false\">\n\t\t\t<svg xmlns=\"http:\/\/www.w3.org\/2000\/svg\" viewbox=\"0 0 1000 100\" preserveaspectratio=\"none\">\n\t<path class=\"elementor-shape-fill\" d=\"M0,6V0h1000v100L0,6z\"\/>\n<\/svg>\t\t<\/div>\n\t\t\t\t\t<div class=\"elementor-container elementor-column-gap-default\">\n\t\t\t\t\t<div class=\"elementor-column elementor-col-33 elementor-top-column elementor-element elementor-element-7ded426\" data-id=\"7ded426\" data-element_type=\"column\">\n\t\t\t<div class=\"elementor-widget-wrap elementor-element-populated\">\n\t\t\t\t\t\t<div class=\"elementor-element elementor-element-20f85a4 ordentlichesmitglied elementor-widget elementor-widget-jet-pricing-table\" data-id=\"20f85a4\" data-element_type=\"widget\" data-widget_type=\"jet-pricing-table.default\">\n\t\t\t\t<div class=\"elementor-widget-container\">\n\t\t\t<div class=\"elementor-jet-pricing-table jet-elements\"><div class=\"pricing-table\">\n\t<div class=\"pricing-table__heading\">\n\t\t<h2 class=\"pricing-table__title\">Full Member<\/h2>\t<\/div>\t<div class=\"pricing-table__price\"><span class=\"pricing-table__price-prefix\">\u20ac <\/span><span class=\"pricing-table__price-val\"> 30 <\/span><span class=\"pricing-table__price-suffix\">\/ a year<\/span><p class=\"pricing-table__price-desc\">With your membership you help us to fulfill our tasks.<\/p><\/div>\t<div class=\"pricing-table__features\">\n\t<div class=\"pricing-table__fold-mask pricing-table-unfold-state\"><div class=\"pricing-feature pricing-feature-1808bac item-included\">\n\t<div class=\"pricing-feature__inner translation-block\"><span class=\"item-bullet jet-elements-icon\"> <i aria-hidden=\"true\" class=\"fas fa-check\"> <\/i> <\/span> <span class=\"pricing-feature__text\"> Free participation in all <br> club events <\/span><\/div>\n<\/div><div class=\"pricing-feature pricing-feature-0d21dab item-included\">\n\t<div class=\"pricing-feature__inner translation-block\"><span class=\"item-bullet jet-elements-icon\"> <i aria-hidden=\"true\" class=\"fas fa-check\"> <\/i> <\/span> <span class=\"pricing-feature__text\"> 10% discount on 2 tickets for concerts of the Cellensis Festival <\/span><\/div>\n<\/div><div class=\"pricing-feature pricing-feature-cbb791f item-included\">\n\t<div class=\"pricing-feature__inner\"><span class=\"item-bullet jet-elements-icon\"><i aria-hidden=\"true\" class=\"fas fa-check\"><\/i><\/span><span class=\"pricing-feature__text\">Regular information about our activities<\/span><\/div>\n<\/div>\t<\/div>\n\t<\/div>\t<div class=\"pricing-table__action\">\n\t\t<a class=\"elementor-button elementor-size-md pricing-table-button button-auto-size\" href=\"\">JOIN NOW<\/a>\n\t<\/div>\t<\/div>\n<\/div>\t\t<\/div>\n\t\t\t\t<\/div>\n\t\t\t\t\t<\/div>\n\t\t<\/div>\n\t\t\t\t<div class=\"elementor-column elementor-col-33 elementor-top-column elementor-element elementor-element-f5b0dd1\" data-id=\"f5b0dd1\" data-element_type=\"column\">\n\t\t\t<div class=\"elementor-widget-wrap elementor-element-populated\">\n\t\t\t\t\t\t<div class=\"elementor-element elementor-element-75931f3 foerderndesmitglied elementor-widget elementor-widget-jet-pricing-table\" data-id=\"75931f3\" data-element_type=\"widget\" data-widget_type=\"jet-pricing-table.default\">\n\t\t\t\t<div class=\"elementor-widget-container\">\n\t\t\t<div class=\"elementor-jet-pricing-table jet-elements\"><div class=\"pricing-table\">\n\t<div class=\"pricing-table__heading\">\n\t\t<h2 class=\"pricing-table__title\">Supporting Member<\/h2>\t<\/div>\t<div class=\"pricing-table__price\"><span class=\"pricing-table__price-prefix\">from \u20ac <\/span><span class=\"pricing-table__price-val\"> 200 <\/span><span class=\"pricing-table__price-suffix\">\/ a year<\/span><p class=\"pricing-table__price-desc\">By paying an increased membership fee, you express your special solidarity to our concerns. <\/p><\/div>\t<div class=\"pricing-table__features\">\n\t<div class=\"pricing-table__fold-mask pricing-table-unfold-state\"><div class=\"pricing-feature pricing-feature-1808bac item-included\">\n\t<div class=\"pricing-feature__inner translation-block\"><span class=\"item-bullet jet-elements-icon\"> <i aria-hidden=\"true\" class=\"fas fa-check\"> <\/i> <\/span> <span class=\"pricing-feature__text\"> Mention by name <br> on the website <\/span><\/div>\n<\/div><div class=\"pricing-feature pricing-feature-23c52c7 item-included\">\n\t<div class=\"pricing-feature__inner translation-block\"><span class=\"item-bullet jet-elements-icon\"> <i aria-hidden=\"true\" class=\"fas fa-check\"> <\/i> <\/span> <span class=\"pricing-feature__text\"> Free participation in all <br> club events <\/span><\/div>\n<\/div><div class=\"pricing-feature pricing-feature-404a9fb item-included\">\n\t<div class=\"pricing-feature__inner translation-block\"><span class=\"item-bullet jet-elements-icon\"> <i aria-hidden=\"true\" class=\"fas fa-check\"> <\/i> <\/span> <span class=\"pricing-feature__text\"> Free entry for 2 people to a concert of the Cellensis Festival <\/span><\/div>\n<\/div><div class=\"pricing-feature pricing-feature-5b3fc3e item-included\">\n\t<div class=\"pricing-feature__inner\"><span class=\"item-bullet jet-elements-icon\"><i aria-hidden=\"true\" class=\"fas fa-check\"><\/i><\/span><span class=\"pricing-feature__text\">Discount in the monastery shop 5% <\/span><\/div>\n<\/div><div class=\"pricing-feature pricing-feature-0885166 item-included\">\n\t<div class=\"pricing-feature__inner translation-block\"><span class=\"item-bullet jet-elements-icon\"> <i aria-hidden=\"true\" class=\"fas fa-check\"> <\/i> <\/span> <span class=\"pricing-feature__text\"> Regular information about <br> our activities <\/span><\/div>\n<\/div>\t<\/div>\n\t<\/div>\t<div class=\"pricing-table__action\">\n\t\t<a class=\"elementor-button elementor-size-md pricing-table-button button-auto-size\" href=\"#\">JOIN NOW<\/a>\n\t<\/div>\t<\/div>\n<\/div>\t\t<\/div>\n\t\t\t\t<\/div>\n\t\t\t\t\t<\/div>\n\t\t<\/div>\n\t\t\t\t<div class=\"elementor-column elementor-col-33 elementor-top-column elementor-element elementor-element-1bb4864\" data-id=\"1bb4864\" data-element_type=\"column\">\n\t\t\t<div class=\"elementor-widget-wrap elementor-element-populated\">\n\t\t\t\t\t\t<div class=\"elementor-element elementor-element-0463af4 stifter elementor-widget elementor-widget-jet-pricing-table\" data-id=\"0463af4\" data-element_type=\"widget\" data-widget_type=\"jet-pricing-table.default\">\n\t\t\t\t<div class=\"elementor-widget-container\">\n\t\t\t<div class=\"elementor-jet-pricing-table jet-elements\"><div class=\"pricing-table\">\n\t<div class=\"pricing-table__heading\">\n\t\t<h2 class=\"pricing-table__title\">Founder <\/h2>\t<h4 class=\"pricing-table__subtitle\"><b>(steuerlich absetzbar)<\/b><\/h4><\/div>\t<div class=\"pricing-table__price\"><span class=\"pricing-table__price-prefix\">from \u20ac <\/span><span class=\"pricing-table__price-val\"> 25<\/span><span class=\"pricing-table__price-suffix\">\/ Monat<\/span><p class=\"pricing-table__price-desc\">With your fee you contribute to the financial security of certain projects. <\/p><\/div>\t<div class=\"pricing-table__features\">\n\t<div class=\"pricing-table__fold-mask pricing-table-unfold-state\"><div class=\"pricing-feature pricing-feature-57be47e item-excluded\">\n\t<div class=\"pricing-feature__inner\"><span class=\"pricing-feature__text\"><h3><b>Projekt <br>\u201cStiftskeller Klein-Mariazell\u201c<\/b><\/h3><br>    <b>Kat. I Fundator primus<\/b> \u201eHeinrich und Rapoto von Schwarzenburg\u201c\t\u20ac 119\/Monat (\u20ac 1.400\/Jahr)<br>    <b>Kat. II Fundator secundus<\/b> \u201eHerzog Friedrich der Streitbare\u201c\t\u20ac 69\/Monat (\u20ac 800 EUR\/Jahr)<br>    <b>Kat. III Fundator simplex<\/b> \u201eMarkgr\u00e4fin Agnes\u201c\t\u20ac 39\/Monat (\u20ac 450 \/Jahr) <br>    <b>Kat. IV Familiaris<\/b> \u201eCornelius Brentano Moretti\u201c\t\u20ac 25\/Monat (\u20ac 300\/Jahr)<\/span><\/div>\n<\/div><div class=\"pricing-feature pricing-feature-05b8d59 item-included\">\n\t<div class=\"pricing-feature__inner\"><span class=\"item-bullet jet-elements-icon\"><i aria-hidden=\"true\" class=\"fas fa-check\"><\/i><\/span><span class=\"pricing-feature__text\"><a href=\"https:\/\/www.mariazell-wienerwald.at\/wp-content\/uploads\/2024\/04\/Stiftskeller_Modell_04-2024.pdf\"><span style=\"text-decoration: underline;\"><strong>Alle Vorteile auf einen Blick<\/strong><\/span><\/a><\/span><\/div>\n<\/div><div class=\"pricing-feature pricing-feature-1808bac item-excluded\">\n\t<div class=\"pricing-feature__inner\"><span class=\"pricing-feature__text\"><h3><b>Projekt <br>\u201eSchatzkammer Hafnerberg\u201c<\/b><\/h3><br>Cat. A \u201eLaurenz Petras\u201c \t300 EUR \/ a year<br>    Cat. B \u201eMaria A. Elisabetha Petras\u201c \t450 EUR \/ a year<br>    Cat. C \u201eAdam Petras\u201c\t800 EUR \/ a year <\/span><\/div>\n<\/div><div class=\"pricing-feature pricing-feature-09db09f item-included\">\n\t<div class=\"pricing-feature__inner translation-block\"><span class=\"item-bullet jet-elements-icon\"> <i aria-hidden=\"true\" class=\"fas fa-check\"> <\/i> <\/span> <span class=\"pricing-feature__text\"> Entry on the board of donators in the <br> building and on the website <\/span><\/div>\n<\/div><div class=\"pricing-feature pricing-feature-87e79a0 item-included\">\n\t<div class=\"pricing-feature__inner translation-block\"><span class=\"item-bullet jet-elements-icon\"> <i aria-hidden=\"true\" class=\"fas fa-check\"> <\/i> <\/span> <span class=\"pricing-feature__text\"> Exclusive participation in the sponsor dinner once a year <\/span><\/div>\n<\/div><div class=\"pricing-feature pricing-feature-fd42516 item-included\">\n\t<div class=\"pricing-feature__inner translation-block\"><span class=\"item-bullet jet-elements-icon\"> <i aria-hidden=\"true\" class=\"fas fa-check\"> <\/i> <\/span> <span class=\"pricing-feature__text\"> Free participation in all <br> club events <\/span><\/div>\n<\/div><div class=\"pricing-feature pricing-feature-ef40fa4 item-included\">\n\t<div class=\"pricing-feature__inner\"><span class=\"item-bullet jet-elements-icon\"><i aria-hidden=\"true\" class=\"fas fa-check\"><\/i><\/span><span class=\"pricing-feature__text\">    Regular information about our activities <\/span><\/div>\n<\/div><div class=\"pricing-feature pricing-feature-2c2a5f5 item-included\">\n\t<div class=\"pricing-feature__inner translation-block\"><span class=\"item-bullet jet-elements-icon\"> <i aria-hidden=\"true\" class=\"fas fa-check\"> <\/i> <\/span> <span class=\"pricing-feature__text\"> Cat. A: FREE entry for 2 people to ONE concert of the Cellensis Festival, <br> Cat. B and C: ALL concerts<\/div>\n<\/div><div class=\"pricing-feature pricing-feature-f61d1cc item-included\">\n\t<div class=\"pricing-feature__inner translation-block\"><span class=\"item-bullet jet-elements-icon\"> <i aria-hidden=\"true\" class=\"fas fa-check\"> <\/i> <\/span> <span class=\"pricing-feature__text\"> Cat. C only: Free guided tour once a year with wine tasting for you and your friends <br> (max. 10 people) <\/span><\/div>\n<\/div><div class=\"pricing-feature pricing-feature-27e79ce item-included\">\n\t<div class=\"pricing-feature__inner\"><span class=\"item-bullet jet-elements-icon\"><i aria-hidden=\"true\" class=\"fas fa-check\"><\/i><\/span><span class=\"pricing-feature__text\">Hafnerberg only: Entry in the baroque book of donators<\/span><\/div>\n<\/div>\t<\/div>\n\t<\/div>\t<div class=\"pricing-table__action\">\n\t\t<a class=\"elementor-button elementor-size-md pricing-table-button button-auto-size\" href=\"#\">JETZT STIFTER\/IN WERDEN<\/a>\n\t<\/div>\t<\/div>\n<\/div>\t\t<\/div>\n\t\t\t\t<\/div>\n\t\t\t\t\t<\/div>\n\t\t<\/div>\n\t\t\t\t\t<\/div>\n\t\t<\/section>\n\t\t\t\t<section class=\"elementor-section elementor-top-section elementor-element elementor-element-373c0e1 elementor-section-stretched elementor-section-boxed elementor-section-height-default elementor-section-height-default\" data-id=\"373c0e1\" data-element_type=\"section\" data-settings=\"{&quot;stretch_section&quot;:&quot;section-stretched&quot;,&quot;jet_parallax_layout_list&quot;:[{&quot;jet_parallax_layout_image&quot;:{&quot;url&quot;:&quot;&quot;,&quot;id&quot;:&quot;&quot;,&quot;size&quot;:&quot;&quot;},&quot;_id&quot;:&quot;a246ca8&quot;,&quot;jet_parallax_layout_image_tablet&quot;:{&quot;url&quot;:&quot;&quot;,&quot;id&quot;:&quot;&quot;,&quot;size&quot;:&quot;&quot;},&quot;jet_parallax_layout_image_mobile&quot;:{&quot;url&quot;:&quot;&quot;,&quot;id&quot;:&quot;&quot;,&quot;size&quot;:&quot;&quot;},&quot;jet_parallax_layout_speed&quot;:{&quot;unit&quot;:&quot;%&quot;,&quot;size&quot;:50,&quot;sizes&quot;:[]},&quot;jet_parallax_layout_type&quot;:&quot;scroll&quot;,&quot;jet_parallax_layout_direction&quot;:null,&quot;jet_parallax_layout_fx_direction&quot;:null,&quot;jet_parallax_layout_z_index&quot;:&quot;&quot;,&quot;jet_parallax_layout_bg_x&quot;:50,&quot;jet_parallax_layout_bg_x_tablet&quot;:&quot;&quot;,&quot;jet_parallax_layout_bg_x_mobile&quot;:&quot;&quot;,&quot;jet_parallax_layout_bg_y&quot;:50,&quot;jet_parallax_layout_bg_y_tablet&quot;:&quot;&quot;,&quot;jet_parallax_layout_bg_y_mobile&quot;:&quot;&quot;,&quot;jet_parallax_layout_bg_size&quot;:&quot;auto&quot;,&quot;jet_parallax_layout_bg_size_tablet&quot;:&quot;&quot;,&quot;jet_parallax_layout_bg_size_mobile&quot;:&quot;&quot;,&quot;jet_parallax_layout_animation_prop&quot;:&quot;transform&quot;,&quot;jet_parallax_layout_on&quot;:[&quot;desktop&quot;,&quot;tablet&quot;]}]}\">\n\t\t\t\t\t\t<div class=\"elementor-container elementor-column-gap-default\">\n\t\t\t\t\t<div class=\"elementor-column elementor-col-100 elementor-top-column elementor-element elementor-element-5ba54a8\" data-id=\"5ba54a8\" data-element_type=\"column\">\n\t\t\t<div class=\"elementor-widget-wrap elementor-element-populated\">\n\t\t\t\t\t\t<div class=\"elementor-element elementor-element-f5adad8 elementor-widget elementor-widget-template\" data-id=\"f5adad8\" data-element_type=\"widget\" data-widget_type=\"template.default\">\n\t\t\t\t<div class=\"elementor-widget-container\">\n\t\t\t\t\t<div class=\"elementor-template\">\n\t\t\t\t\t<div data-elementor-type=\"section\" data-elementor-id=\"3584\" class=\"elementor elementor-3584\" data-elementor-post-type=\"elementor_library\">\n\t\t\t\t\t<section class=\"elementor-section elementor-top-section elementor-element elementor-element-2d6d8282 elementor-section-stretched elementor-section-boxed elementor-section-height-default elementor-section-height-default\" data-id=\"2d6d8282\" data-element_type=\"section\" data-settings=\"{&quot;jet_parallax_layout_list&quot;:[{&quot;jet_parallax_layout_image&quot;:{&quot;url&quot;:&quot;&quot;,&quot;id&quot;:&quot;&quot;,&quot;size&quot;:&quot;&quot;},&quot;_id&quot;:&quot;59e15d1&quot;,&quot;jet_parallax_layout_image_tablet&quot;:{&quot;url&quot;:&quot;&quot;,&quot;id&quot;:&quot;&quot;,&quot;size&quot;:&quot;&quot;},&quot;jet_parallax_layout_image_mobile&quot;:{&quot;url&quot;:&quot;&quot;,&quot;id&quot;:&quot;&quot;,&quot;size&quot;:&quot;&quot;},&quot;jet_parallax_layout_speed&quot;:{&quot;unit&quot;:&quot;%&quot;,&quot;size&quot;:50,&quot;sizes&quot;:[]},&quot;jet_parallax_layout_type&quot;:&quot;scroll&quot;,&quot;jet_parallax_layout_direction&quot;:null,&quot;jet_parallax_layout_fx_direction&quot;:null,&quot;jet_parallax_layout_z_index&quot;:&quot;&quot;,&quot;jet_parallax_layout_bg_x&quot;:50,&quot;jet_parallax_layout_bg_x_tablet&quot;:&quot;&quot;,&quot;jet_parallax_layout_bg_x_mobile&quot;:&quot;&quot;,&quot;jet_parallax_layout_bg_y&quot;:50,&quot;jet_parallax_layout_bg_y_tablet&quot;:&quot;&quot;,&quot;jet_parallax_layout_bg_y_mobile&quot;:&quot;&quot;,&quot;jet_parallax_layout_bg_size&quot;:&quot;auto&quot;,&quot;jet_parallax_layout_bg_size_tablet&quot;:&quot;&quot;,&quot;jet_parallax_layout_bg_size_mobile&quot;:&quot;&quot;,&quot;jet_parallax_layout_animation_prop&quot;:&quot;transform&quot;,&quot;jet_parallax_layout_on&quot;:[&quot;desktop&quot;,&quot;tablet&quot;]}],&quot;stretch_section&quot;:&quot;section-stretched&quot;}\">\n\t\t\t\t\t\t<div class=\"elementor-container elementor-column-gap-default\">\n\t\t\t\t\t<div class=\"elementor-column elementor-col-50 elementor-top-column elementor-element elementor-element-7c8a1a1a\" data-id=\"7c8a1a1a\" data-element_type=\"column\">\n\t\t\t<div class=\"elementor-widget-wrap elementor-element-populated\">\n\t\t\t\t\t\t<div class=\"elementor-element elementor-element-2c993dd0 elementor-widget elementor-widget-heading\" data-id=\"2c993dd0\" data-element_type=\"widget\" data-widget_type=\"heading.default\">\n\t\t\t\t<div class=\"elementor-widget-container\">\n\t\t\t<h3 class=\"elementor-heading-title elementor-size-default\">Our Supporters<\/h3>\t\t<\/div>\n\t\t\t\t<\/div>\n\t\t\t\t<div class=\"elementor-element elementor-element-c8f9544 elementor-widget elementor-widget-heading\" data-id=\"c8f9544\" data-element_type=\"widget\" data-widget_type=\"heading.default\">\n\t\t\t\t<div class=\"elementor-widget-container\">\n\t\t\t<h5 class=\"elementor-heading-title elementor-size-default\"><a href=\"https:\/\/www.mariazell-wienerwald.at\/en\/museen-themenwege\/schatzkammer\/\"><b>Schatzkammer Hafnerberg - Stifter\/Stifterinnen<\/b><\/a><\/h5>\t\t<\/div>\n\t\t\t\t<\/div>\n\t\t\t\t<div class=\"elementor-element elementor-element-580c3a0f elementor-widget elementor-widget-heading\" data-id=\"580c3a0f\" data-element_type=\"widget\" data-widget_type=\"heading.default\">\n\t\t\t\t<div class=\"elementor-widget-container\">\n\t\t\t<h5 class=\"elementor-heading-title elementor-size-default\"><a href=\"https:\/\/www.mariazell-wienerwald.at\/en\/projekte\/stiftskeller-klein-mariazell-stifter-innen\/\"><b>Stiftskeller Klein-Mariazell - Stifter\/Stifterinnen<\/b><\/a><\/h5>\t\t<\/div>\n\t\t\t\t<\/div>\n\t\t\t\t<div class=\"elementor-element elementor-element-52d76302 elementor-widget elementor-widget-heading\" data-id=\"52d76302\" data-element_type=\"widget\" data-widget_type=\"heading.default\">\n\t\t\t\t<div class=\"elementor-widget-container\">\n\t\t\t<h5 class=\"elementor-heading-title elementor-size-default\">Supporting Members<\/h5>\t\t<\/div>\n\t\t\t\t<\/div>\n\t\t\t\t<div class=\"elementor-element elementor-element-11d5bd41 elementor-icon-list--layout-traditional elementor-list-item-link-full_width elementor-widget elementor-widget-icon-list\" data-id=\"11d5bd41\" data-element_type=\"widget\" data-widget_type=\"icon-list.default\">\n\t\t\t\t<div class=\"elementor-widget-container\">\n\t\t\t\t\t<ul class=\"elementor-icon-list-items\">\n\t\t\t\t\t\t\t<li class=\"elementor-icon-list-item\">\n\t\t\t\t\t\t\t\t\t\t\t<span class=\"elementor-icon-list-icon\">\n\t\t\t\t\t\t\t<i aria-hidden=\"true\" class=\"fas fa-caret-right\"><\/i>\t\t\t\t\t\t<\/span>\n\t\t\t\t\t\t\t\t\t\t<span class=\"elementor-icon-list-text\">Fa. Ecker GesmbH<\/span>\n\t\t\t\t\t\t\t\t\t<\/li>\n\t\t\t\t\t\t\t\t<li class=\"elementor-icon-list-item\">\n\t\t\t\t\t\t\t\t\t\t\t<span class=\"elementor-icon-list-icon\">\n\t\t\t\t\t\t\t<i aria-hidden=\"true\" class=\"fas fa-caret-right\"><\/i>\t\t\t\t\t\t<\/span>\n\t\t\t\t\t\t\t\t\t\t<span class=\"elementor-icon-list-text\">Mag. Dr. Thomas Hanke<\/span>\n\t\t\t\t\t\t\t\t\t<\/li>\n\t\t\t\t\t\t\t\t<li class=\"elementor-icon-list-item\">\n\t\t\t\t\t\t\t\t\t\t\t<span class=\"elementor-icon-list-icon\">\n\t\t\t\t\t\t\t<i aria-hidden=\"true\" class=\"fas fa-caret-right\"><\/i>\t\t\t\t\t\t<\/span>\n\t\t\t\t\t\t\t\t\t\t<span class=\"elementor-icon-list-text\">Prof. Mag. Elisabeth Hauberl<\/span>\n\t\t\t\t\t\t\t\t\t<\/li>\n\t\t\t\t\t\t\t\t<li class=\"elementor-icon-list-item\">\n\t\t\t\t\t\t\t\t\t\t\t<span class=\"elementor-icon-list-icon\">\n\t\t\t\t\t\t\t<i aria-hidden=\"true\" class=\"fas fa-caret-right\"><\/i>\t\t\t\t\t\t<\/span>\n\t\t\t\t\t\t\t\t\t\t<span class=\"elementor-icon-list-text\">Prof. Dr. Gerhard Holotik<\/span>\n\t\t\t\t\t\t\t\t\t<\/li>\n\t\t\t\t\t\t\t\t<li class=\"elementor-icon-list-item\">\n\t\t\t\t\t\t\t\t\t\t\t<span class=\"elementor-icon-list-icon\">\n\t\t\t\t\t\t\t<i aria-hidden=\"true\" class=\"fas fa-caret-right\"><\/i>\t\t\t\t\t\t<\/span>\n\t\t\t\t\t\t\t\t\t\t<span class=\"elementor-icon-list-text\">Edith Laurent<\/span>\n\t\t\t\t\t\t\t\t\t<\/li>\n\t\t\t\t\t\t\t\t<li class=\"elementor-icon-list-item\">\n\t\t\t\t\t\t\t\t\t\t\t<span class=\"elementor-icon-list-icon\">\n\t\t\t\t\t\t\t<i aria-hidden=\"true\" class=\"fas fa-caret-right\"><\/i>\t\t\t\t\t\t<\/span>\n\t\t\t\t\t\t\t\t\t\t<span class=\"elementor-icon-list-text\">Gen. Dir. i. R. Hon.-Prof. Dr. Lorenz Mikoletzky<\/span>\n\t\t\t\t\t\t\t\t\t<\/li>\n\t\t\t\t\t\t\t\t<li class=\"elementor-icon-list-item\">\n\t\t\t\t\t\t\t\t\t\t\t<span class=\"elementor-icon-list-icon\">\n\t\t\t\t\t\t\t<i aria-hidden=\"true\" class=\"fas fa-caret-right\"><\/i>\t\t\t\t\t\t<\/span>\n\t\t\t\t\t\t\t\t\t\t<span class=\"elementor-icon-list-text\">Dr. Reinhard Mundsch\u00fctz<\/span>\n\t\t\t\t\t\t\t\t\t<\/li>\n\t\t\t\t\t\t\t\t<li class=\"elementor-icon-list-item\">\n\t\t\t\t\t\t\t\t\t\t\t<span class=\"elementor-icon-list-icon\">\n\t\t\t\t\t\t\t<i aria-hidden=\"true\" class=\"fas fa-caret-right\"><\/i>\t\t\t\t\t\t<\/span>\n\t\t\t\t\t\t\t\t\t\t<span class=\"elementor-icon-list-text\">Prof. Dr. Franz H. Oswald<\/span>\n\t\t\t\t\t\t\t\t\t<\/li>\n\t\t\t\t\t\t\t\t<li class=\"elementor-icon-list-item\">\n\t\t\t\t\t\t\t\t\t\t\t<span class=\"elementor-icon-list-icon\">\n\t\t\t\t\t\t\t<i aria-hidden=\"true\" class=\"fas fa-caret-right\"><\/i>\t\t\t\t\t\t<\/span>\n\t\t\t\t\t\t\t\t\t\t<span class=\"elementor-icon-list-text\">Ingeborg Sziederits<\/span>\n\t\t\t\t\t\t\t\t\t<\/li>\n\t\t\t\t\t\t\t\t<li class=\"elementor-icon-list-item\">\n\t\t\t\t\t\t\t\t\t\t\t<span class=\"elementor-icon-list-icon\">\n\t\t\t\t\t\t\t<i aria-hidden=\"true\" class=\"fas fa-caret-right\"><\/i>\t\t\t\t\t\t<\/span>\n\t\t\t\t\t\t\t\t\t\t<span class=\"elementor-icon-list-text\">Dkfm. Gerhard Wasshuber<\/span>\n\t\t\t\t\t\t\t\t\t<\/li>\n\t\t\t\t\t\t<\/ul>\n\t\t\t\t<\/div>\n\t\t\t\t<\/div>\n\t\t\t\t<div class=\"elementor-element elementor-element-190a97fe elementor-widget elementor-widget-heading\" data-id=\"190a97fe\" data-element_type=\"widget\" data-widget_type=\"heading.default\">\n\t\t\t\t<div class=\"elementor-widget-container\">\n\t\t\t<h5 class=\"elementor-heading-title elementor-size-default\">Stifter\/Stifterinnen der ersten Stunde<\/h5>\t\t<\/div>\n\t\t\t\t<\/div>\n\t\t\t\t<div class=\"elementor-element elementor-element-6e0bdf9d elementor-icon-list--layout-traditional elementor-list-item-link-full_width elementor-widget elementor-widget-icon-list\" data-id=\"6e0bdf9d\" data-element_type=\"widget\" data-widget_type=\"icon-list.default\">\n\t\t\t\t<div class=\"elementor-widget-container\">\n\t\t\t\t\t<ul class=\"elementor-icon-list-items\">\n\t\t\t\t\t\t\t<li class=\"elementor-icon-list-item\">\n\t\t\t\t\t\t\t\t\t\t\t<span class=\"elementor-icon-list-icon\">\n\t\t\t\t\t\t\t<i aria-hidden=\"true\" class=\"fas fa-caret-right\"><\/i>\t\t\t\t\t\t<\/span>\n\t\t\t\t\t\t\t\t\t\t<span class=\"elementor-icon-list-text\">Prof. Dr. Franz Eckert, Diakon (+ 2017)<\/span>\n\t\t\t\t\t\t\t\t\t<\/li>\n\t\t\t\t\t\t\t\t<li class=\"elementor-icon-list-item\">\n\t\t\t\t\t\t\t\t\t\t\t<span class=\"elementor-icon-list-icon\">\n\t\t\t\t\t\t\t<i aria-hidden=\"true\" class=\"fas fa-caret-right\"><\/i>\t\t\t\t\t\t<\/span>\n\t\t\t\t\t\t\t\t\t\t<span class=\"elementor-icon-list-text\">OSR Helmut Jandl, Bgm. a. D.<\/span>\n\t\t\t\t\t\t\t\t\t<\/li>\n\t\t\t\t\t\t\t\t<li class=\"elementor-icon-list-item\">\n\t\t\t\t\t\t\t\t\t\t\t<span class=\"elementor-icon-list-icon\">\n\t\t\t\t\t\t\t<i aria-hidden=\"true\" class=\"fas fa-caret-right\"><\/i>\t\t\t\t\t\t<\/span>\n\t\t\t\t\t\t\t\t\t\t<span class=\"elementor-icon-list-text\">Dr. Walter Lattenmayer<\/span>\n\t\t\t\t\t\t\t\t\t<\/li>\n\t\t\t\t\t\t\t\t<li class=\"elementor-icon-list-item\">\n\t\t\t\t\t\t\t\t\t\t\t<span class=\"elementor-icon-list-icon\">\n\t\t\t\t\t\t\t<i aria-hidden=\"true\" class=\"fas fa-caret-right\"><\/i>\t\t\t\t\t\t<\/span>\n\t\t\t\t\t\t\t\t\t\t<span class=\"elementor-icon-list-text\">Mag. Dkfm. Gerhard Wasshuber<\/span>\n\t\t\t\t\t\t\t\t\t<\/li>\n\t\t\t\t\t\t\t\t<li class=\"elementor-icon-list-item\">\n\t\t\t\t\t\t\t\t\t\t\t<span class=\"elementor-icon-list-icon\">\n\t\t\t\t\t\t\t<i aria-hidden=\"true\" class=\"fas fa-caret-right\"><\/i>\t\t\t\t\t\t<\/span>\n\t\t\t\t\t\t\t\t\t\t<span class=\"elementor-icon-list-text\">Dr. Martin und Sonja Prokopp<\/span>\n\t\t\t\t\t\t\t\t\t<\/li>\n\t\t\t\t\t\t<\/ul>\n\t\t\t\t<\/div>\n\t\t\t\t<\/div>\n\t\t\t\t\t<\/div>\n\t\t<\/div>\n\t\t\t\t<div class=\"elementor-column elementor-col-50 elementor-top-column elementor-element elementor-element-57457ded\" data-id=\"57457ded\" data-element_type=\"column\">\n\t\t\t<div class=\"elementor-widget-wrap elementor-element-populated\">\n\t\t\t\t\t\t<div class=\"elementor-element elementor-element-28e0a08e elementor-widget elementor-widget-heading\" data-id=\"28e0a08e\" data-element_type=\"widget\" data-widget_type=\"heading.default\">\n\t\t\t\t<div class=\"elementor-widget-container\">\n\t\t\t<h3 class=\"elementor-heading-title elementor-size-default\">Our Partner Companies<\/h3>\t\t<\/div>\n\t\t\t\t<\/div>\n\t\t\t\t<div class=\"elementor-element elementor-element-7c6f16b2 elementor-widget elementor-widget-jet-brands\" data-id=\"7c6f16b2\" data-element_type=\"widget\" data-widget_type=\"jet-brands.default\">\n\t\t\t\t<div class=\"elementor-widget-container\">\n\t\t\t<div class=\"elementor-jet-brands jet-elements\"><div class=\"brands-wrap\">\n\t<div class=\"brands-list col-row\"><div class=\"brands-list__item\"><a class=\"brands-list__item-link\" href=\"http:\/\/www.luxbau.at\"><div class=\"brands-list__item-img-wrap\"><img decoding=\"async\" src=\"https:\/\/www.mariazell-wienerwald.at\/wp-content\/uploads\/2020\/10\/LUXBAU_Logo_sRGB-e1626270928689.png\" alt=\"LUXBAU_Logo_sRGB\" class=\"brands-list__item-img\" loading=\"lazy\"><\/div><\/a><\/div><div class=\"brands-list__item\"><a class=\"brands-list__item-link\" href=\"http:\/\/www.luxbau.at\"><div class=\"brands-list__item-img-wrap\"><img decoding=\"async\" src=\"https:\/\/www.mariazell-wienerwald.at\/wp-content\/uploads\/2020\/10\/Wir_bauen_sie_gluecklich-e1626271021856.png\" alt=\"Wir_bauen_sie_gluecklich\" class=\"brands-list__item-img\" loading=\"lazy\"><\/div><\/a><\/div><div class=\"brands-list__item\"><a class=\"brands-list__item-link\" href=\"https:\/\/wingrafik.at\"><div class=\"brands-list__item-img-wrap\"><img decoding=\"async\" src=\"https:\/\/www.mariazell-wienerwald.at\/wp-content\/uploads\/2020\/05\/Logo_web.png\" alt=\"Logo_web\" class=\"brands-list__item-img\" loading=\"lazy\"><\/div><h5 class=\"brands-list__item-name\">Wir r\u00fccken Sie ins rechte Licht<\/h5><div class=\"brands-list__item-desc\"><i>Grafik Design & Kugelpanoramen<\/i><\/div><\/a><\/div><div class=\"brands-list__item\"><a class=\"brands-list__item-link\" href=\"https:\/\/www.junia.at\/\"><div class=\"brands-list__item-img-wrap\"><img decoding=\"async\" src=\"https:\/\/www.mariazell-wienerwald.at\/wp-content\/uploads\/2020\/10\/Junia-Logo.jpg\" alt=\"Junia-Logo\" class=\"brands-list__item-img\" loading=\"lazy\"><\/div><\/a><\/div><\/div><\/div><\/div>\t\t<\/div>\n\t\t\t\t<\/div>\n\t\t\t\t<div class=\"elementor-element elementor-element-886fd35 elementor-widget__width-initial elementor-widget elementor-widget-jet-brands\" data-id=\"886fd35\" data-element_type=\"widget\" data-widget_type=\"jet-brands.default\">\n\t\t\t\t<div class=\"elementor-widget-container\">\n\t\t\t<div class=\"elementor-jet-brands jet-elements\"><div class=\"brands-wrap\">\n\t<div class=\"brands-list col-row\"><div class=\"brands-list__item\"><a class=\"brands-list__item-link\" href=\"https:\/\/www.kral-buch.at\"><div class=\"brands-list__item-img-wrap\"><img decoding=\"async\" src=\"https:\/\/www.mariazell-wienerwald.at\/wp-content\/uploads\/2020\/10\/Kral_Logo.png\" alt=\"Kral_Logo\" class=\"brands-list__item-img\" loading=\"lazy\"><\/div><h5 class=\"brands-list__item-name\">KRAL GesmbH<\/h5><div class=\"brands-list__item-desc\"><i>Buch, Papier und Verlag<\/i><\/div><\/a><\/div><div class=\"brands-list__item\"><a class=\"brands-list__item-link\" href=\"https:\/\/asociatiamagic.ro\/\"><div class=\"brands-list__item-img-wrap\"><img decoding=\"async\" src=\"https:\/\/www.mariazell-wienerwald.at\/wp-content\/uploads\/2020\/10\/magic-logo.gif\" alt=\"magic-logo\" class=\"brands-list__item-img\" loading=\"lazy\"><\/div><\/a><\/div><\/div><\/div><\/div>\t\t<\/div>\n\t\t\t\t<\/div>\n\t\t\t\t<div class=\"elementor-element elementor-element-e641a10 elementor-widget__width-initial elementor-widget elementor-widget-jet-brands\" data-id=\"e641a10\" data-element_type=\"widget\" data-widget_type=\"jet-brands.default\">\n\t\t\t\t<div class=\"elementor-widget-container\">\n\t\t\t<div class=\"elementor-jet-brands jet-elements\"><div class=\"brands-wrap\">\n\t<div class=\"brands-list col-row\"><div class=\"brands-list__item\"><a class=\"brands-list__item-link\" href=\"https:\/\/www.nibra.at\"><div class=\"brands-list__item-img-wrap\"><img decoding=\"async\" src=\"https:\/\/www.mariazell-wienerwald.at\/wp-content\/uploads\/2020\/10\/Logo-Nibra-Aufzugsbau-Liftservice_edited-e1651492936112.jpg\" alt=\"Logo-Nibra Aufzugsbau Liftservice_edited\" class=\"brands-list__item-img\" loading=\"lazy\"><\/div><\/a><\/div><div class=\"brands-list__item\"><a class=\"brands-list__item-link\" href=\"https:\/\/www.heritage-consulting.eu\"><div class=\"brands-list__item-img-wrap\"><img decoding=\"async\" src=\"https:\/\/www.mariazell-wienerwald.at\/wp-content\/uploads\/2020\/10\/HeritageConsulting_RGB_Logo-horizontal-schwarz-scaled.jpg\" alt=\"HeritageConsulting_RGB_Logo-horizontal-schwarz\" class=\"brands-list__item-img\" loading=\"lazy\"><\/div><\/a><\/div><\/div><\/div><\/div>\t\t<\/div>\n\t\t\t\t<\/div>\n\t\t\t\t<div class=\"elementor-element elementor-element-3f2dfe6 elementor-widget__width-initial elementor-widget elementor-widget-jet-brands\" data-id=\"3f2dfe6\" data-element_type=\"widget\" data-widget_type=\"jet-brands.default\">\n\t\t\t\t<div class=\"elementor-widget-container\">\n\t\t\t<div class=\"elementor-jet-brands jet-elements\"><div class=\"brands-wrap\">\n\t<div class=\"brands-list col-row\"><div class=\"brands-list__item\"><a class=\"brands-list__item-link\" href=\"https:\/\/www.nibra.at\"><div class=\"brands-list__item-img-wrap\"><img decoding=\"async\" src=\"https:\/\/www.mariazell-wienerwald.at\/wp-content\/uploads\/2020\/10\/logo_parzl_v2.png\" alt=\"logo_parzl_v2\" class=\"brands-list__item-img\" loading=\"lazy\"><\/div><\/a><\/div><\/div><\/div><\/div>\t\t<\/div>\n\t\t\t\t<\/div>\n\t\t\t\t<div class=\"elementor-element elementor-element-795dd4c4 elementor-widget elementor-widget-jet-brands\" data-id=\"795dd4c4\" data-element_type=\"widget\" data-widget_type=\"jet-brands.default\">\n\t\t\t\t<div class=\"elementor-widget-container\">\n\t\t\t<div class=\"elementor-jet-brands jet-elements\"><div class=\"brands-wrap\">\n\t<div class=\"brands-list col-row\"><div class=\"brands-list__item\"><a class=\"brands-list__item-link\" href=\"http:\/\/www.gesund-fasten.at\"><div class=\"brands-list__item-img-wrap\"><img decoding=\"async\" src=\"https:\/\/www.mariazell-wienerwald.at\/wp-content\/uploads\/2020\/10\/LOGO-KINESIOLOGIE-002-e1612356320684.jpg\" alt=\"LOGO-KINESIOLOGIE (002)\" class=\"brands-list__item-img\" loading=\"lazy\"><\/div><h5 class=\"brands-list__item-name\">Bewusst Offen Ehrlich<\/h5><div class=\"brands-list__item-desc\">Verein zur F\u00f6rderung von Kultur\nund traditioneller Gesundheitspflege\n<\/div><\/a><\/div><div class=\"brands-list__item\"><a class=\"brands-list__item-link\" href=\"#\"><div class=\"brands-list__item-img-wrap\"><img decoding=\"async\" src=\"https:\/\/www.mariazell-wienerwald.at\/wp-content\/uploads\/2023\/02\/logo_zoechling.jpg\" alt=\"logo_zoechling\" class=\"brands-list__item-img\" loading=\"lazy\"><\/div><\/a><\/div><\/div><\/div><\/div>\t\t<\/div>\n\t\t\t\t<\/div>\n\t\t\t\t\t<\/div>\n\t\t<\/div>\n\t\t\t\t\t<\/div>\n\t\t<\/section>\n\t\t\t\t<\/div>\n\t\t\t\t<\/div>\n\t\t\t\t<\/div>\n\t\t\t\t<\/div>\n\t\t\t\t\t<\/div>\n\t\t<\/div>\n\t\t\t\t\t<\/div>\n\t\t<\/section>\n\t\t\t\t<\/div>","protected":false},"excerpt":{"rendered":"<p>Stifter\/in werden! (steuerlich absetzbar) Als Stifter\/in tragen Sie durch erh\u00f6hte finanzielle Zuwendungen zur Verwirklichung unserer Projekte bei. Sie stellen damit ein stabiles Budget sicher, durch das es gelingt, Vorhaben gr\u00f6\u00dferen Umfangs mithilfe \u00f6ffentlicher Mittel zu realisieren. Auf diese Weise k\u00f6nnen wir St\u00fcck um St\u00fcck das kulturelle Erbe unserer Region instandhalten, revitalisieren und von Generation zu [&hellip;]<\/p>","protected":false},"author":1,"featured_media":0,"parent":1980,"menu_order":0,"comment_status":"closed","ping_status":"closed","template":"","meta":{"_acf_changed":false,"footnotes":""},"class_list":["post-767","page","type-page","status-publish","hentry"],"acf":[],"yoast_head":"<!-- This site is optimized with the Yoast SEO plugin v23.1 - https:\/\/yoast.com\/wordpress\/plugins\/seo\/ -->\n<title>Stifter\/in werden - Mariazell im Wienerwald<\/title>\n<meta name=\"robots\" content=\"index, follow, max-snippet:-1, max-image-preview:large, max-video-preview:-1\" \/>\n<link rel=\"canonical\" href=\"https:\/\/www.mariazell-wienerwald.at\/en\/unterstuetzen-sie-uns\/stifter\/\" \/>\n<meta property=\"og:locale\" content=\"en_US\" \/>\n<meta property=\"og:type\" content=\"article\" \/>\n<meta property=\"og:title\" content=\"Stifter\/in werden - Mariazell im Wienerwald\" \/>\n<meta property=\"og:description\" content=\"Stifter\/in werden! (steuerlich absetzbar) Als Stifter\/in tragen Sie durch erh\u00f6hte finanzielle Zuwendungen zur Verwirklichung unserer Projekte bei. Sie stellen damit ein stabiles Budget sicher, durch das es gelingt, Vorhaben gr\u00f6\u00dferen Umfangs mithilfe \u00f6ffentlicher Mittel zu realisieren. Auf diese Weise k\u00f6nnen wir St\u00fcck um St\u00fcck das kulturelle Erbe unserer Region instandhalten, revitalisieren und von Generation zu [&hellip;]\" \/>\n<meta property=\"og:url\" content=\"https:\/\/www.mariazell-wienerwald.at\/en\/unterstuetzen-sie-uns\/stifter\/\" \/>\n<meta property=\"og:site_name\" content=\"Mariazell im Wienerwald\" \/>\n<meta property=\"article:modified_time\" content=\"2025-05-21T06:58:07+00:00\" \/>\n<meta property=\"og:image\" content=\"https:\/\/www.mariazell-wienerwald.at\/wp-content\/uploads\/2020\/09\/Miniatur_Ambrosius-967x1024.jpg\" \/>\n<meta name=\"twitter:card\" content=\"summary_large_image\" \/>\n<meta name=\"twitter:label1\" content=\"Est. reading time\" \/>\n\t<meta name=\"twitter:data1\" content=\"10 minutes\" \/>\n<script type=\"application\/ld+json\" class=\"yoast-schema-graph\">{\"@context\":\"https:\/\/schema.org\",\"@graph\":[{\"@type\":\"WebPage\",\"@id\":\"https:\/\/www.mariazell-wienerwald.at\/unterstuetzen-sie-uns\/stifter\/\",\"url\":\"https:\/\/www.mariazell-wienerwald.at\/unterstuetzen-sie-uns\/stifter\/\",\"name\":\"Stifter\/in werden - Mariazell im Wienerwald\",\"isPartOf\":{\"@id\":\"https:\/\/www.mariazell-wienerwald.at\/#website\"},\"primaryImageOfPage\":{\"@id\":\"https:\/\/www.mariazell-wienerwald.at\/unterstuetzen-sie-uns\/stifter\/#primaryimage\"},\"image\":{\"@id\":\"https:\/\/www.mariazell-wienerwald.at\/unterstuetzen-sie-uns\/stifter\/#primaryimage\"},\"thumbnailUrl\":\"https:\/\/www.mariazell-wienerwald.at\/wp-content\/uploads\/2020\/09\/Miniatur_Ambrosius-967x1024.jpg\",\"datePublished\":\"2020-02-28T08:56:58+00:00\",\"dateModified\":\"2025-05-21T06:58:07+00:00\",\"breadcrumb\":{\"@id\":\"https:\/\/www.mariazell-wienerwald.at\/unterstuetzen-sie-uns\/stifter\/#breadcrumb\"},\"inLanguage\":\"en-US\",\"potentialAction\":[{\"@type\":\"ReadAction\",\"target\":[\"https:\/\/www.mariazell-wienerwald.at\/unterstuetzen-sie-uns\/stifter\/\"]}]},{\"@type\":\"ImageObject\",\"inLanguage\":\"en-US\",\"@id\":\"https:\/\/www.mariazell-wienerwald.at\/unterstuetzen-sie-uns\/stifter\/#primaryimage\",\"url\":\"https:\/\/www.mariazell-wienerwald.at\/wp-content\/uploads\/2020\/09\/Miniatur_Ambrosius-967x1024.jpg\",\"contentUrl\":\"https:\/\/www.mariazell-wienerwald.at\/wp-content\/uploads\/2020\/09\/Miniatur_Ambrosius-967x1024.jpg\"},{\"@type\":\"BreadcrumbList\",\"@id\":\"https:\/\/www.mariazell-wienerwald.at\/unterstuetzen-sie-uns\/stifter\/#breadcrumb\",\"itemListElement\":[{\"@type\":\"ListItem\",\"position\":1,\"name\":\"Startseite\",\"item\":\"https:\/\/www.mariazell-wienerwald.at\/\"},{\"@type\":\"ListItem\",\"position\":2,\"name\":\"Unterst\u00fctzen Sie uns\",\"item\":\"https:\/\/www.mariazell-wienerwald.at\/unterstuetzen-sie-uns\/\"},{\"@type\":\"ListItem\",\"position\":3,\"name\":\"Stifter\/in werden\"}]},{\"@type\":\"WebSite\",\"@id\":\"https:\/\/www.mariazell-wienerwald.at\/#website\",\"url\":\"https:\/\/www.mariazell-wienerwald.at\/\",\"name\":\"Mariazell im Wienerwald\",\"description\":\"\",\"potentialAction\":[{\"@type\":\"SearchAction\",\"target\":{\"@type\":\"EntryPoint\",\"urlTemplate\":\"https:\/\/www.mariazell-wienerwald.at\/?s={search_term_string}\"},\"query-input\":\"required name=search_term_string\"}],\"inLanguage\":\"en-US\"}]}<\/script>\n<!-- \/ Yoast SEO plugin. -->","yoast_head_json":{"title":"Stifter\/in werden - Mariazell im Wienerwald","robots":{"index":"index","follow":"follow","max-snippet":"max-snippet:-1","max-image-preview":"max-image-preview:large","max-video-preview":"max-video-preview:-1"},"canonical":"https:\/\/www.mariazell-wienerwald.at\/en\/unterstuetzen-sie-uns\/stifter\/","og_locale":"en_US","og_type":"article","og_title":"Stifter\/in werden - Mariazell im Wienerwald","og_description":"Stifter\/in werden! (steuerlich absetzbar) Als Stifter\/in tragen Sie durch erh\u00f6hte finanzielle Zuwendungen zur Verwirklichung unserer Projekte bei. Sie stellen damit ein stabiles Budget sicher, durch das es gelingt, Vorhaben gr\u00f6\u00dferen Umfangs mithilfe \u00f6ffentlicher Mittel zu realisieren. Auf diese Weise k\u00f6nnen wir St\u00fcck um St\u00fcck das kulturelle Erbe unserer Region instandhalten, revitalisieren und von Generation zu [&hellip;]","og_url":"https:\/\/www.mariazell-wienerwald.at\/en\/unterstuetzen-sie-uns\/stifter\/","og_site_name":"Mariazell im Wienerwald","article_modified_time":"2025-05-21T06:58:07+00:00","og_image":[{"url":"https:\/\/www.mariazell-wienerwald.at\/wp-content\/uploads\/2020\/09\/Miniatur_Ambrosius-967x1024.jpg"}],"twitter_card":"summary_large_image","twitter_misc":{"Est. reading time":"10 minutes"},"schema":{"@context":"https:\/\/schema.org","@graph":[{"@type":"WebPage","@id":"https:\/\/www.mariazell-wienerwald.at\/unterstuetzen-sie-uns\/stifter\/","url":"https:\/\/www.mariazell-wienerwald.at\/unterstuetzen-sie-uns\/stifter\/","name":"Stifter\/in werden - Mariazell im Wienerwald","isPartOf":{"@id":"https:\/\/www.mariazell-wienerwald.at\/#website"},"primaryImageOfPage":{"@id":"https:\/\/www.mariazell-wienerwald.at\/unterstuetzen-sie-uns\/stifter\/#primaryimage"},"image":{"@id":"https:\/\/www.mariazell-wienerwald.at\/unterstuetzen-sie-uns\/stifter\/#primaryimage"},"thumbnailUrl":"https:\/\/www.mariazell-wienerwald.at\/wp-content\/uploads\/2020\/09\/Miniatur_Ambrosius-967x1024.jpg","datePublished":"2020-02-28T08:56:58+00:00","dateModified":"2025-05-21T06:58:07+00:00","breadcrumb":{"@id":"https:\/\/www.mariazell-wienerwald.at\/unterstuetzen-sie-uns\/stifter\/#breadcrumb"},"inLanguage":"en-US","potentialAction":[{"@type":"ReadAction","target":["https:\/\/www.mariazell-wienerwald.at\/unterstuetzen-sie-uns\/stifter\/"]}]},{"@type":"ImageObject","inLanguage":"en-US","@id":"https:\/\/www.mariazell-wienerwald.at\/unterstuetzen-sie-uns\/stifter\/#primaryimage","url":"https:\/\/www.mariazell-wienerwald.at\/wp-content\/uploads\/2020\/09\/Miniatur_Ambrosius-967x1024.jpg","contentUrl":"https:\/\/www.mariazell-wienerwald.at\/wp-content\/uploads\/2020\/09\/Miniatur_Ambrosius-967x1024.jpg"},{"@type":"BreadcrumbList","@id":"https:\/\/www.mariazell-wienerwald.at\/unterstuetzen-sie-uns\/stifter\/#breadcrumb","itemListElement":[{"@type":"ListItem","position":1,"name":"Startseite","item":"https:\/\/www.mariazell-wienerwald.at\/"},{"@type":"ListItem","position":2,"name":"Unterst\u00fctzen Sie uns","item":"https:\/\/www.mariazell-wienerwald.at\/unterstuetzen-sie-uns\/"},{"@type":"ListItem","position":3,"name":"Stifter\/in werden"}]},{"@type":"WebSite","@id":"https:\/\/www.mariazell-wienerwald.at\/#website","url":"https:\/\/www.mariazell-wienerwald.at\/","name":"Mariazell im Wienerwald","description":"","potentialAction":[{"@type":"SearchAction","target":{"@type":"EntryPoint","urlTemplate":"https:\/\/www.mariazell-wienerwald.at\/?s={search_term_string}"},"query-input":"required name=search_term_string"}],"inLanguage":"en-US"}]}},"_links":{"self":[{"href":"https:\/\/www.mariazell-wienerwald.at\/en\/wp-json\/wp\/v2\/pages\/767"}],"collection":[{"href":"https:\/\/www.mariazell-wienerwald.at\/en\/wp-json\/wp\/v2\/pages"}],"about":[{"href":"https:\/\/www.mariazell-wienerwald.at\/en\/wp-json\/wp\/v2\/types\/page"}],"author":[{"embeddable":true,"href":"https:\/\/www.mariazell-wienerwald.at\/en\/wp-json\/wp\/v2\/users\/1"}],"replies":[{"embeddable":true,"href":"https:\/\/www.mariazell-wienerwald.at\/en\/wp-json\/wp\/v2\/comments?post=767"}],"version-history":[{"count":141,"href":"https:\/\/www.mariazell-wienerwald.at\/en\/wp-json\/wp\/v2\/pages\/767\/revisions"}],"predecessor-version":[{"id":6541,"href":"https:\/\/www.mariazell-wienerwald.at\/en\/wp-json\/wp\/v2\/pages\/767\/revisions\/6541"}],"up":[{"embeddable":true,"href":"https:\/\/www.mariazell-wienerwald.at\/en\/wp-json\/wp\/v2\/pages\/1980"}],"wp:attachment":[{"href":"https:\/\/www.mariazell-wienerwald.at\/en\/wp-json\/wp\/v2\/media?parent=767"}],"curies":[{"name":"wp","href":"https:\/\/api.w.org\/{rel}","templated":true}]}}